{"id":2465,"date":"2018-02-19T09:54:56","date_gmt":"2018-02-19T09:54:56","guid":{"rendered":"https:\/\/www.villapedra.com\/home-7\/"},"modified":"2026-01-26T12:37:58","modified_gmt":"2026-01-26T12:37:58","slug":"home-7","status":"publish","type":"page","link":"https:\/\/www.villapedra.com\/en\/","title":{"rendered":""},"content":{"rendered":"<div class=\"wpb-content-wrapper\"><p>[vc_row full_width=&#8221;stretch_row&#8221; css=&#8221;.vc_custom_1769170627560{padding-top: 200px !important;padding-bottom: 200px !important;background-image: url(https:\/\/www.villapedra.com\/wp-content\/uploads\/2026\/01\/20260119_102416-1-scaled.jpg?id=9163) !important;background-position: center !important;background-repeat: no-repeat !important;background-size: cover !important;}&#8221;][vc_column offset=&#8221;vc_col-md-12 vc_col-xs-12&#8243;][vc_empty_space height=&#8221;70px&#8221;] <h1 style=\"color:#ffffff;padding:px;text-align:;font-size:20px;line-height:px;letter-spacing: 2px;font-weight:normal\" class=\"  nd_options_home_7_under_slide_2 titulo_site nd_options_first_font \">VILLA PEDRA<\/h1> [vc_separator color=&#8221;white&#8221; el_width=&#8221;10&#8243; css=&#8221;.vc_custom_1743686067464{margin-bottom: 20px !important;}&#8221;] <h2 style=\"color:#ffffff;padding:px;text-align:;font-size:40px;line-height:px;letter-spacing: 2px;font-weight:bold\" class=\"  nd_options_home_7_under_slide_2 natural sub-titulo_site nd_options_first_font \">NATURAL HOUSES<\/h2> [vc_empty_space height=&#8221;100px&#8221;][vc_row_inner][vc_column_inner width=&#8221;1\/4&#8243;][\/vc_column_inner][vc_column_inner width=&#8221;1\/4&#8243;]\n\t<div class=\"nd_options_section nd_options_text_align_center\">\n\t<a style=\"border: 1pxpx solid #ffffff;border-radius:px;letter-spacing:px;line-height:px;font-size:px;background-color:#427017;padding:;margin:;color:#ffffff\" rel=\"\" href=\"https:\/\/www.villapedra.com\/en\/villa\/\" class=\"nicdark_display_inline_block    botao_ver \">SEE VILLAS<\/a>\n\t<\/div>\n[\/vc_column_inner][vc_column_inner width=&#8221;1\/4&#8243;]\n\t<div class=\"nd_options_section nd_options_text_align_center\">\n\t<a style=\"border: 1pxpx solid #ffffff;border-radius:px;letter-spacing:px;line-height:px;font-size:px;background-color:#427017;padding:;margin:;color:#ffffff\" rel=\"\" target=\"_blank\" href=\"https:\/\/direct-book.com\/properties\/villapedranaturalhousesdirect?checkInDate=2021-01-25&amp;checkOutDate=2021-01-26&amp;locale=pt&amp;currency=EUR&amp;items[0][adults]=2&amp;items[0][children]=0&amp;items[0][infants]=0\" class=\"nicdark_display_inline_block    botao_ver \">BOOK NOW<\/a>\n\t<\/div>\n[\/vc_column_inner][vc_column_inner width=&#8221;1\/4&#8243;][\/vc_column_inner][\/vc_row_inner][\/vc_column][\/vc_row][vc_row full_width=&#8221;stretch_row_content_no_spaces&#8221; disable_element=&#8221;yes&#8221;][vc_column]\n\t\t\t<!-- START Home 7 EN REVOLUTION SLIDER 6.7.40 --><p class=\"rs-p-wp-fix\"><\/p>\n\t\t\t<rs-module-wrap id=\"rev_slider_27_1_wrapper\" data-source=\"gallery\" style=\"visibility:hidden;background:#ffffff;padding:0;\">\n\t\t\t\t<rs-module id=\"rev_slider_27_1\" style=\"\" data-version=\"6.7.40\">\n\t\t\t\t\t<rs-slides style=\"overflow: hidden; position: absolute;\">\n\t\t\t\t\t\t<rs-slide style=\"position: absolute;\" data-key=\"rs-110\" data-title=\"slide\" data-anim=\"adpr:false;ms:2300;p:dark;\" data-in=\"o:0;\" data-out=\"o:0;\" data-p1=\"01\">\n\t\t\t\t\t\t\t<img decoding=\"async\" src=\"\/\/www.villapedra.com\/wp-content\/plugins\/revslider\/sr6\/assets\/assets\/dummy.png\" alt=\"\" title=\"WEBSITE_VILA PEDRA01-39\" width=\"2400\" height=\"1350\" class=\"rev-slidebg tp-rs-img rs-lazyload\" data-lazyload=\"\/\/www.villapedra.com\/wp-content\/uploads\/2023\/03\/WEBSITE_VILA-PEDRA01-39.jpg\" data-no-retina>\n<!--\n\t\t\t\t\t\t\t--><h1\n\t\t\t\t\t\t\t\tid=\"slider-27-slide-110-layer-2\" \n\t\t\t\t\t\t\t\tclass=\"rs-layer\"\n\t\t\t\t\t\t\t\tdata-type=\"text\"\n\t\t\t\t\t\t\t\tdata-color=\"rgba(255, 255, 255, 1)\"\n\t\t\t\t\t\t\t\tdata-rsp_ch=\"on\"\n\t\t\t\t\t\t\t\tdata-xy=\"x:c;xo:0,0,0,-23px;y:m;yo:-63px,-42px,-10px,-67px;\"\n\t\t\t\t\t\t\t\tdata-text=\"s:70,70,68,49;l:90,70,75,55;a:center;\"\n\t\t\t\t\t\t\t\tdata-dim=\"w:auto,auto,auto,390px;\"\n\t\t\t\t\t\t\t\tdata-frame_0=\"y:50px,50px,68px,61px;\"\n\t\t\t\t\t\t\t\tdata-frame_1=\"e:power3.out;st:2550;sp:1500;sR:2550;\"\n\t\t\t\t\t\t\t\tdata-frame_999=\"x:0,0,0px,0px;y:0,0,0px,0px;z:0;sX:0.9;sY:0.9;o:0;rX:0;rY:0;rZ:0;skX:0;skY:0;st:w;sp:1000;sR:4950;\"\n\t\t\t\t\t\t\t\tstyle=\"z-index:10;font-family:'Gilda Display';\"\n\t\t\t\t\t\t\t><strong>NATURAL HOUSES<\/strong> \n\t\t\t\t\t\t\t<\/h1><!--\n\n\t\t\t\t\t\t\t--><p\n\t\t\t\t\t\t\t\tid=\"slider-27-slide-110-layer-3\" \n\t\t\t\t\t\t\t\tclass=\"rs-layer\"\n\t\t\t\t\t\t\t\tdata-type=\"text\"\n\t\t\t\t\t\t\t\tdata-rsp_ch=\"on\"\n\t\t\t\t\t\t\t\tdata-xy=\"x:c;xo:0,1px,0,0;y:m;yo:-170px,-175px,-124px,-160px;\"\n\t\t\t\t\t\t\t\tdata-text=\"s:23,42,45,35;l:23,42,45,35;ls:4,14,13,11;a:center;\"\n\t\t\t\t\t\t\t\tdata-frame_0=\"y:96px,336px,308px,280px;\"\n\t\t\t\t\t\t\t\tdata-frame_1=\"e:power3.out;st:2350;sp:1500;sR:2350;\"\n\t\t\t\t\t\t\t\tdata-frame_999=\"x:0px;y:0px;z:0;sX:0.9;sY:0.9;o:0;rX:0;rY:0;rZ:0;skX:0;skY:0;st:w;sp:1000;sR:5150;\"\n\t\t\t\t\t\t\t\tstyle=\"z-index:9;font-family:'Roboto';\"\n\t\t\t\t\t\t\t>VILLA PEDRA \n\t\t\t\t\t\t\t<\/p><!--\n\n\t\t\t\t\t\t\t--><rs-layer\n\t\t\t\t\t\t\t\tid=\"slider-27-slide-110-layer-6\" \n\t\t\t\t\t\t\t\tclass=\"rev-btn\"\n\t\t\t\t\t\t\t\tdata-type=\"button\"\n\t\t\t\t\t\t\t\tdata-xy=\"x:c;xo:302px,327px,0,5px;y:m;yo:49px,86px,230px,190px;\"\n\t\t\t\t\t\t\t\tdata-text=\"s:11,13,13,13;l:12,13,13,13;ls:2px;fw:700,500,500,500;\"\n\t\t\t\t\t\t\t\tdata-rsp_bd=\"off\"\n\t\t\t\t\t\t\t\tdata-padding=\"t:15;r:35;b:15;l:35;\"\n\t\t\t\t\t\t\t\tdata-border=\"bos:solid;boc:#ffffff;bow:2px,2px,2px,2px;\"\n\t\t\t\t\t\t\t\tdata-frame_0=\"sX:0.9;sY:0.9;\"\n\t\t\t\t\t\t\t\tdata-frame_1=\"e:power2.out;st:3850;sp:1500;sR:3850;\"\n\t\t\t\t\t\t\t\tdata-frame_999=\"x:0;y:0;z:0;sX:0.75;sY:0.75;o:0;rX:0;rY:0;rZ:0;skX:0;skY:0;e:power1.in;st:w;sp:500;sR:3650;\"\n\t\t\t\t\t\t\t\tdata-frame_hover=\"c:#fff;boc:#fff;bor:0px,0px,0px,0px;bos:solid;bow:2px,2px,2px,2px;oX:50;oY:50;e:power1.inOut;\"\n\t\t\t\t\t\t\t\tstyle=\"z-index:11;font-family:'Roboto';cursor:pointer;\"\n\t\t\t\t\t\t\t>BOOK NOW \n\t\t\t\t\t\t\t<\/rs-layer><!--\n\n\t\t\t\t\t\t\t--><rs-layer\n\t\t\t\t\t\t\t\tid=\"slider-27-slide-110-layer-8\" \n\t\t\t\t\t\t\t\tclass=\"tp-shape tp-shapewrapper\"\n\t\t\t\t\t\t\t\tdata-type=\"shape\"\n\t\t\t\t\t\t\t\tdata-rsp_ch=\"on\"\n\t\t\t\t\t\t\t\tdata-xy=\"x:c;y:m;yo:-130px,-120px,-80px,-120px;\"\n\t\t\t\t\t\t\t\tdata-text=\"a:inherit;\"\n\t\t\t\t\t\t\t\tdata-dim=\"w:30px;h:1px;\"\n\t\t\t\t\t\t\t\tdata-frame_0=\"y:50px;\"\n\t\t\t\t\t\t\t\tdata-frame_1=\"st:2350;sp:1500;sR:2350;\"\n\t\t\t\t\t\t\t\tdata-frame_999=\"x:0;y:0;z:0;sX:0.9;sY:0.9;o:0;rX:0;rY:0;rZ:0;skX:0;skY:0;st:w;sp:1000;sR:5150;\"\n\t\t\t\t\t\t\t\tstyle=\"z-index:12;background-color:#ffffff;\"\n\t\t\t\t\t\t\t> \n\t\t\t\t\t\t\t<\/rs-layer><!--\n\n\t\t\t\t\t\t\t--><rs-layer\n\t\t\t\t\t\t\t\tid=\"slider-27-slide-110-layer-9\" \n\t\t\t\t\t\t\t\tclass=\"rev-btn\"\n\t\t\t\t\t\t\t\tdata-type=\"button\"\n\t\t\t\t\t\t\t\tdata-xy=\"x:c;xo:-292px,-310px,0,5px;y:m;yo:53px,87px,100px,40px;\"\n\t\t\t\t\t\t\t\tdata-text=\"s:11,13,13,13;l:12,13,13,13;ls:2px;fw:700,500,500,500;\"\n\t\t\t\t\t\t\t\tdata-rsp_bd=\"off\"\n\t\t\t\t\t\t\t\tdata-padding=\"t:15;r:35;b:15;l:35;\"\n\t\t\t\t\t\t\t\tdata-border=\"bos:solid;boc:#ffffff;bow:2px,2px,2px,2px;\"\n\t\t\t\t\t\t\t\tdata-frame_0=\"sX:0.9;sY:0.9;\"\n\t\t\t\t\t\t\t\tdata-frame_1=\"e:power2.out;st:3850;sp:1500;sR:3850;\"\n\t\t\t\t\t\t\t\tdata-frame_999=\"x:0;y:0;z:0;sX:0.75;sY:0.75;o:0;rX:0;rY:0;rZ:0;skX:0;skY:0;e:power1.in;st:w;sp:500;sR:3650;\"\n\t\t\t\t\t\t\t\tdata-frame_hover=\"c:#fff;boc:#fff;bor:0px,0px,0px,0px;bos:solid;bow:2px,2px,2px,2px;oX:50;oY:50;e:power1.inOut;\"\n\t\t\t\t\t\t\t\tstyle=\"z-index:11;font-family:'Roboto';cursor:pointer;\"\n\t\t\t\t\t\t\t>SEE VILLAS \n\t\t\t\t\t\t\t<\/rs-layer><!--\n-->\t\t\t\t\t<\/rs-slide>\n\t\t\t\t\t<\/rs-slides>\n\t\t\t\t\t<rs-static-layers class=\"rs-stl-visible\"><!--\n\n\t\t\t\t\t\t\t--><rs-layer\n\t\t\t\t\t\t\t\tid=\"slider-27-slide-23-layer-14\" \n\t\t\t\t\t\t\t\tclass=\"nd_options_cursor_pointer rs-layer-static\"\n\t\t\t\t\t\t\t\tdata-type=\"image\"\n\t\t\t\t\t\t\t\tdata-rsp_ch=\"on\"\n\t\t\t\t\t\t\t\tdata-xy=\"x:c;y:b;yo:-35px;\"\n\t\t\t\t\t\t\t\tdata-text=\"l:22;a:inherit;\"\n\t\t\t\t\t\t\t\tdata-dim=\"w:[&#039;30px&#039;,&#039;30px&#039;,&#039;30px&#039;,&#039;30px&#039;];h:[&#039;30px&#039;,&#039;30px&#039;,&#039;30px&#039;,&#039;30px&#039;];\"\n\t\t\t\t\t\t\t\tdata-vbility=\"t,f,f,f\"\n\t\t\t\t\t\t\t\tdata-onslides=\"s:-1;e:-1;\"\n\t\t\t\t\t\t\t\tdata-layeronlimit=\"on\"\n\t\t\t\t\t\t\t\tdata-padding=\"t:20;r:10;b:20;l:10;\"\n\t\t\t\t\t\t\t\tdata-frame_0=\"tp:600;\"\n\t\t\t\t\t\t\t\tdata-frame_1=\"tp:600;st:0;\"\n\t\t\t\t\t\t\t\tdata-frame_999=\"o:0;tp:600;st:w;sR:8700;\"\n\t\t\t\t\t\t\t\tstyle=\"z-index:10;background-color:#78635a;\"\n\t\t\t\t\t\t\t><img decoding=\"async\" src=\"\/\/www.villapedra.com\/wp-content\/plugins\/revslider\/sr6\/assets\/assets\/dummy.png\" alt=\"\" class=\"tp-rs-img rs-lazyload\" data-lazyload=\"\/\/www.villapedra.com\/wp-content\/uploads\/revslider\/alias\/down.svg\" data-no-retina> \n\t\t\t\t\t\t\t<\/rs-layer><!--\n\t\t\t\t\t--><\/rs-static-layers>\n\t\t\t\t<\/rs-module>\n\t\t\t\t<script>\n\t\t\t\t\tsetREVStartSize({c: 'rev_slider_27_1',rl:[1240,1024,778,480],el:[900,768,960,720],gw:[1240,1024,778,480],gh:[900,768,960,720],type:'hero',justify:'',layout:'fullscreen',offsetContainer:'#nd_shortcode_slider_text_home_7,#nd_options_navigation_4_top_header,#nd_options_navigation_4_middle_header,#nd_options_navigation_4_container',offset:'',mh:\"0\"});if (window.RS_MODULES!==undefined && window.RS_MODULES.modules!==undefined && window.RS_MODULES.modules[\"revslider271\"]!==undefined) {window.RS_MODULES.modules[\"revslider271\"].once = false;window.revapi27 = undefined;if (window.RS_MODULES.checkMinimal!==undefined) window.RS_MODULES.checkMinimal()}\n\t\t\t\t<\/script>\n\t\t\t<\/rs-module-wrap>\n\t\t\t<!-- END REVOLUTION SLIDER -->\n[vc_row_inner el_id=&#8221;nd_shortcode_slider_text_home_7&#8243; css=&#8221;.vc_custom_1519034697403{padding-top: 20px !important;padding-right: 60px !important;padding-bottom: 20px !important;padding-left: 60px !important;}&#8221;][vc_column_inner width=&#8221;1\/2&#8243;] <p style=\"color:;padding:px;text-align:;font-size:px;line-height:px;letter-spacing: 2px;font-weight:\" class=\"  nd_options_home_7_under_slide_1  \"><b>ADDRESS:<\/b> Rua do Rechio e Seladas, Cotas. 3130-092 Pombalinho Soure, Portugal<\/p> [\/vc_column_inner][vc_column_inner width=&#8221;1\/2&#8243;] <p style=\"color:;padding:px;text-align:right;font-size:px;line-height:px;letter-spacing: 2px;font-weight:\" class=\"  nd_options_home_7_under_slide_2  \"><b>EMAIL :<\/b> info@villapedra.com<\/p> [\/vc_column_inner][\/vc_row_inner][\/vc_column][\/vc_row][vc_row][vc_column][vc_empty_space]\n    <div class=\"nd_options_section nd_options_line_height_0  nd_options_text_align_center \">\n        <span style=\"height:1px;width:30;background-color:#878787\" class=\"nd_options_display_inline_block\"><\/span>\n    <\/div>\n   <div style=\"background-color:;height: 30px\" class=\"nicdark_section  \"><\/div>[\/vc_column][\/vc_row][vc_row][vc_column]\n    <div class=\"nd_options_section nd_options_line_height_0  nd_options_text_align_center \">\n        <span style=\"height:1px;width:30px;background-color:#878787\" class=\"nd_options_display_inline_block\"><\/span>\n    <\/div>\n   <div style=\"background-color:;height: 30px\" class=\"nicdark_section  \"><\/div>[vc_video link=&#8221;https:\/\/www.youtube.com\/watch?v=3ZwraWJv0rg&#8221; css=&#8221;&#8221;]<div style=\"background-color:;height: 10px\" class=\"nicdark_section  \"><\/div>[vc_empty_space][\/vc_column][\/vc_row][vc_row][vc_column]<div style=\"background-color:;height: 10px\" class=\"nicdark_section  \"><\/div>\n    <div class=\"nd_options_section nd_options_line_height_0  nd_options_text_align_center \">\n        <span style=\"height:1px;width:30;background-color:#f1f1f1\" class=\"nd_options_display_inline_block\"><\/span>\n    <\/div>\n   <div style=\"background-color:;height: 50px\" class=\"nicdark_section  \"><\/div>[\/vc_column][\/vc_row][vc_row][vc_column] <h6 style=\"color:#878787;padding:px;text-align:center;font-size:12px;line-height:12px;letter-spacing: 2px;font-weight:lighter\" class=\"   nd_options_second_font \">VISIT<\/h6> <div style=\"background-color:;height: 10px\" class=\"nicdark_section  \"><\/div>\n    <div class=\"nd_options_section nd_options_line_height_0  nd_options_text_align_center \">\n        <span style=\"height:1px;width:30px;background-color:#878787\" class=\"nd_options_display_inline_block\"><\/span>\n    <\/div>\n   <div style=\"background-color:;height: 30px\" class=\"nicdark_section  \"><\/div> <h2 style=\"color:#727475;padding:px;text-align:center;font-size:55px;line-height:px;letter-spacing: px;font-weight:normal\" class=\"  nd_options_font_size_40_important_all_iphone nd_options_line_height_40_important_all_iphone nd_options_first_font \">Our Villas<\/h2> <div style=\"background-color:;height: 30px\" class=\"nicdark_section  \"><\/div>[\/vc_column][\/vc_row][vc_row][vc_column offset=&#8221;vc_hidden-sm&#8221;][vc_row_inner][vc_column_inner width=&#8221;1\/3&#8243;][vc_single_image image=&#8221;9094&#8243; img_size=&#8221;large&#8221; alignment=&#8221;center&#8221; onclick=&#8221;custom_link&#8221; css=&#8221;&#8221; link=&#8221;\/en\/villas\/cherry-tree-villa\/&#8221; el_class=&#8221;villas_imagens&#8221;]\n\n\t<script type=\"text\/javascript\">\n    \/\/<![CDATA[\n    \n    jQuery(document).ready(function() {\n\n      \/\/START masonry\n      jQuery(function ($) {\n        \n        \/\/Masonry\n    \t\tvar $nd_booking_masonry_content = $(\".nd_booking_masonry_content\").imagesLoaded( function() {\n    \t\t  \/\/ init Masonry after all images have loaded\n    \t\t  $nd_booking_masonry_content.masonry({\n    \t\t    itemSelector: \".nd_booking_masonry_item\"\n    \t\t  });\n    \t\t});\n\n      });\n      \/\/END masonry\n\n    });\n\n    \/\/]]>\n  <\/script>\n\n<div class=\"nd_booking_section nd_booking_masonry_content villas_quadros \">\n\n<div id=\"nd_booking_archive_cpt_1_single_2338\" class=\" nd_booking_rooms_component_l1 nd_booking_masonry_item nd_booking_width_100_percentage nd_booking_width_100_percentage_responsive\">\n\n    <div class=\"nd_booking_section nd_booking_padding_15 nd_booking_box_sizing_border_box\">\n\n        <div class=\"nd_booking_section nd_booking_border_1_solid_grey nd_booking_bg_white\">\n            \n            \n\n        <div class=\"nd_booking_section nd_booking_position_relative\">\n\n            <img decoding=\"async\" alt=\"\" class=\"nd_booking_section\" src=\"https:\/\/www.villapedra.com\/wp-content\/uploads\/2026\/01\/Terraco-Cerejeira-1024x683.jpg\">\n\n            <div class=\"nd_booking_bg_greydark_alpha_gradient_3 nd_booking_position_absolute nd_booking_left_0 nd_booking_height_100_percentage nd_booking_width_100_percentage nd_booking_padding_30 nd_booking_box_sizing_border_box\">\n                <div class=\"nd_booking_position_absolute nd_booking_bottom_20\">\n                    <p class=\"nd_options_color_white nd_booking_margin_right_10 nd_booking_float_left nd_booking_font_size_11 nd_booking_letter_spacing_2 nd_booking_text_transform_uppercase\">Villa Pedra En<\/p><img decoding=\"async\" alt=\"\" class=\"nd_booking_margin_right_5 nd_booking_float_left\" width=\"10\" src=\"https:\/\/www.villapedra.com\/wp-content\/plugins\/nd-booking\/addons\/visual\/rooms\/layout\/icon-star-full-white.svg\"><img decoding=\"async\" alt=\"\" class=\"nd_booking_margin_right_5 nd_booking_float_left\" width=\"10\" src=\"https:\/\/www.villapedra.com\/wp-content\/plugins\/nd-booking\/addons\/visual\/rooms\/layout\/icon-star-full-white.svg\"><img decoding=\"async\" alt=\"\" class=\"nd_booking_margin_right_5 nd_booking_float_left\" width=\"10\" src=\"https:\/\/www.villapedra.com\/wp-content\/plugins\/nd-booking\/addons\/visual\/rooms\/layout\/icon-star-full-white.svg\"><img decoding=\"async\" alt=\"\" class=\"nd_booking_margin_right_5 nd_booking_float_left\" width=\"10\" src=\"https:\/\/www.villapedra.com\/wp-content\/plugins\/nd-booking\/addons\/visual\/rooms\/layout\/icon-star-full-white.svg\"><img decoding=\"async\" alt=\"\" class=\"nd_booking_margin_right_5 nd_booking_float_left\" width=\"10\" src=\"https:\/\/www.villapedra.com\/wp-content\/plugins\/nd-booking\/addons\/visual\/rooms\/layout\/icon-star-full-white.svg\">\n                <\/div>\n            <\/div>\n\n        <\/div>\n\n\n    \n\n            <div class=\"nd_booking_section nd_booking_padding_30 nd_booking_box_sizing_border_box\">\n\n                <h1>Cherry-Tree Villa<\/h1>\n                <div class=\"nd_booking_section nd_booking_height_10\"><\/div>\n\n                <div class=\"nd_booking_section\">\n                    <div class=\"nd_booking_display_table nd_booking_float_left\">\n                        <img decoding=\"async\" alt=\"\" class=\"nd_booking_margin_right_10 nd_booking_display_table_cell nd_booking_vertical_align_middle\" width=\"23\" src=\"https:\/\/www.villapedra.com\/wp-content\/plugins\/nd-booking\/addons\/visual\/rooms\/layout\/icon-user-grey.svg\">\n                        <p class=\"  nd_booking_display_table_cell nd_booking_vertical_align_middle nd_booking_font_size_12 nd_booking_line_height_26\">2 GUESTS<\/p>\n                        <img decoding=\"async\" alt=\"\" class=\"nd_booking_margin_right_10 nd_booking_margin_left_20 nd_booking_display_table_cell nd_booking_vertical_align_middle\" width=\"20\" src=\"https:\/\/www.villapedra.com\/wp-content\/plugins\/nd-booking\/addons\/visual\/rooms\/layout\/icon-plan-grey.svg\">\n                        <p class=\"  nd_booking_display_table_cell nd_booking_vertical_align_middle nd_booking_font_size_12 nd_booking_line_height_26\">60 m\u00b2<\/p>\n                    <\/div>\n                <\/div> \n        \n                <div class=\"nd_booking_section nd_booking_height_20\"><\/div> \n                <p><\/p>\n                <div class=\"nd_booking_section nd_booking_height_20\"><\/div>\n                <a style=\"border:2px solid #78635a; color:#78635a;\" href=\"https:\/\/www.villapedra.com\/en\/villas\/cherry-tree-villa\/\" class=\"nd_booking_padding_15_30_important nd_options_second_font_important nd_booking_border_radius_0_important nd_booking_background_color_transparent_important nd_booking_cursor_pointer nd_booking_display_inline_block nd_booking_font_size_11 nd_booking_font_weight_bold nd_booking_letter_spacing_2\">BOOK NOW FROM 120 \u20ac<\/a>\n                \n                    <div class=\"nd_booking_section nd_booking_height_20\"><\/div> \n                    <div class=\"nd_booking_section nd_booking_height_1 nd_booking_border_bottom_1_solid_grey\"><\/div> \n                    <div class=\"nd_booking_section nd_booking_height_20\"><\/div>\n                             <a title=\"Double Bed\" class=\"nd_booking_tooltip_jquery nd_booking_float_left\"><img loading=\"lazy\" decoding=\"async\" alt=\"Double Bed\" class=\"nd_booking_margin_right_15 nd_booking_float_left\" width=\"23\" height=\"23\" src=\"https:\/\/www.villapedra.com\/wp-content\/uploads\/2017\/07\/camacasal.png\"><\/a>\n                        \n                             <a title=\"Living Room\" class=\"nd_booking_tooltip_jquery nd_booking_float_left\"><img loading=\"lazy\" decoding=\"async\" alt=\"Living Room\" class=\"nd_booking_margin_right_15 nd_booking_float_left\" width=\"23\" height=\"23\" src=\"https:\/\/www.villapedra.com\/wp-content\/uploads\/2017\/07\/salaestar.png\"><\/a>\n                        \n                             <a title=\"Equipped kitchen\" class=\"nd_booking_tooltip_jquery nd_booking_float_left\"><img loading=\"lazy\" decoding=\"async\" alt=\"Equipped kitchen\" class=\"nd_booking_margin_right_15 nd_booking_float_left\" width=\"23\" height=\"23\" src=\"https:\/\/www.villapedra.com\/wp-content\/uploads\/2017\/07\/icon-17.png\"><\/a>\n                        \n                             <a title=\"Private Terrace \/ Gardens\" class=\"nd_booking_tooltip_jquery nd_booking_float_left\"><img loading=\"lazy\" decoding=\"async\" alt=\"Private Terrace \/ Gardens\" class=\"nd_booking_margin_right_15 nd_booking_float_left\" width=\"23\" height=\"23\" src=\"https:\/\/www.villapedra.com\/wp-content\/uploads\/2017\/07\/terracosejardins.png\"><\/a>\n                        \n                             <a title=\"Air conditioner\" class=\"nd_booking_tooltip_jquery nd_booking_float_left\"><img loading=\"lazy\" decoding=\"async\" alt=\"Air conditioner\" class=\"nd_booking_margin_right_15 nd_booking_float_left\" width=\"23\" height=\"23\" src=\"https:\/\/www.villapedra.com\/wp-content\/uploads\/2020\/11\/ar-conditionado.png\"><\/a>\n                        \n                             <a title=\"Non &#8211; Smokers\" class=\"nd_booking_tooltip_jquery nd_booking_float_left\"><img loading=\"lazy\" decoding=\"async\" alt=\"Non &#8211; Smokers\" class=\"nd_booking_margin_right_15 nd_booking_float_left\" width=\"23\" height=\"23\" src=\"https:\/\/www.villapedra.com\/wp-content\/uploads\/2017\/07\/icon-14.png\"><\/a>\n                        \n                             <a title=\"TV \/ WIFI\" class=\"nd_booking_tooltip_jquery nd_booking_float_left\"><img loading=\"lazy\" decoding=\"async\" alt=\"TV \/ WIFI\" class=\"nd_booking_margin_right_15 nd_booking_float_left\" width=\"23\" height=\"23\" src=\"https:\/\/www.villapedra.com\/wp-content\/uploads\/2017\/07\/icon-12-1.png\"><\/a>\n                        \n                             <a title=\"1 Bedroom\" class=\"nd_booking_tooltip_jquery nd_booking_float_left\"><img loading=\"lazy\" decoding=\"async\" alt=\"1 Bedroom\" class=\"nd_booking_margin_right_15 nd_booking_float_left\" width=\"23\" height=\"23\" src=\"https:\/\/www.villapedra.com\/wp-content\/uploads\/2025\/02\/6192020.png\"><\/a>\n                        \n                             <a title=\"1 Bathroom\" class=\"nd_booking_tooltip_jquery nd_booking_float_left\"><img loading=\"lazy\" decoding=\"async\" alt=\"1 Bathroom\" class=\"nd_booking_margin_right_15 nd_booking_float_left\" width=\"23\" height=\"23\" src=\"https:\/\/www.villapedra.com\/wp-content\/uploads\/2025\/02\/images-1.png\"><\/a>\n                        \n                    <a href=\"https:\/\/www.villapedra.com\/en\/villas\/cherry-tree-villa\/\" class=\"nd_booking_margin_top_7 nd_booking_float_right nd_booking_display_inline_block nd_booking_text_align_center nd_booking_box_sizing_border_box nd_booking_font_size_12\">\n                        <span class=\"nd_booking_float_left nd_booking_font_size_11 nd_booking_letter_spacing_2\">FULL INFO<\/span>\n                        <img decoding=\"async\" alt=\"\" class=\"nd_booking_margin_left_5 nd_booking_float_left\" width=\"10\" src=\"https:\/\/www.villapedra.com\/wp-content\/plugins\/nd-booking\/addons\/visual\/rooms\/layout\/icon-right-arrow-grey.svg\">\n                    <\/a>\n            <\/div>\n        <\/div>\n\n    <\/div>\n\n<\/div><\/div><div style=\"background-color:;height: 20px\" class=\"nicdark_section  \"><\/div>[\/vc_column_inner][vc_column_inner width=&#8221;1\/3&#8243;][vc_single_image image=&#8221;9159&#8243; img_size=&#8221;large&#8221; alignment=&#8221;center&#8221; onclick=&#8221;custom_link&#8221; css=&#8221;&#8221; link=&#8221;\/en\/villas\/almond-villa\/&#8221; el_class=&#8221;villas_imagens&#8221;]\n\n\t<script type=\"text\/javascript\">\n    \/\/<![CDATA[\n    \n    jQuery(document).ready(function() {\n\n      \/\/START masonry\n      jQuery(function ($) {\n        \n        \/\/Masonry\n    \t\tvar $nd_booking_masonry_content = $(\".nd_booking_masonry_content\").imagesLoaded( function() {\n    \t\t  \/\/ init Masonry after all images have loaded\n    \t\t  $nd_booking_masonry_content.masonry({\n    \t\t    itemSelector: \".nd_booking_masonry_item\"\n    \t\t  });\n    \t\t});\n\n      });\n      \/\/END masonry\n\n    });\n\n    \/\/]]>\n  <\/script>\n\n<div class=\"nd_booking_section nd_booking_masonry_content villas_quadros \">\n\n<div id=\"nd_booking_archive_cpt_1_single_2343\" class=\" nd_booking_rooms_component_l1 nd_booking_masonry_item nd_booking_width_100_percentage nd_booking_width_100_percentage_responsive\">\n\n    <div class=\"nd_booking_section nd_booking_padding_15 nd_booking_box_sizing_border_box\">\n\n        <div class=\"nd_booking_section nd_booking_border_1_solid_grey nd_booking_bg_white\">\n            \n            \n\n        <div class=\"nd_booking_section nd_booking_position_relative\">\n\n            <img decoding=\"async\" alt=\"\" class=\"nd_booking_section\" src=\"https:\/\/www.villapedra.com\/wp-content\/uploads\/2026\/01\/Jardim-9-1024x683.jpg\">\n\n            <div class=\"nd_booking_bg_greydark_alpha_gradient_3 nd_booking_position_absolute nd_booking_left_0 nd_booking_height_100_percentage nd_booking_width_100_percentage nd_booking_padding_30 nd_booking_box_sizing_border_box\">\n                <div class=\"nd_booking_position_absolute nd_booking_bottom_20\">\n                    <p class=\"nd_options_color_white nd_booking_margin_right_10 nd_booking_float_left nd_booking_font_size_11 nd_booking_letter_spacing_2 nd_booking_text_transform_uppercase\">Villa Pedra En<\/p><img decoding=\"async\" alt=\"\" class=\"nd_booking_margin_right_5 nd_booking_float_left\" width=\"10\" src=\"https:\/\/www.villapedra.com\/wp-content\/plugins\/nd-booking\/addons\/visual\/rooms\/layout\/icon-star-full-white.svg\"><img decoding=\"async\" alt=\"\" class=\"nd_booking_margin_right_5 nd_booking_float_left\" width=\"10\" src=\"https:\/\/www.villapedra.com\/wp-content\/plugins\/nd-booking\/addons\/visual\/rooms\/layout\/icon-star-full-white.svg\"><img decoding=\"async\" alt=\"\" class=\"nd_booking_margin_right_5 nd_booking_float_left\" width=\"10\" src=\"https:\/\/www.villapedra.com\/wp-content\/plugins\/nd-booking\/addons\/visual\/rooms\/layout\/icon-star-full-white.svg\"><img decoding=\"async\" alt=\"\" class=\"nd_booking_margin_right_5 nd_booking_float_left\" width=\"10\" src=\"https:\/\/www.villapedra.com\/wp-content\/plugins\/nd-booking\/addons\/visual\/rooms\/layout\/icon-star-full-white.svg\"><img decoding=\"async\" alt=\"\" class=\"nd_booking_margin_right_5 nd_booking_float_left\" width=\"10\" src=\"https:\/\/www.villapedra.com\/wp-content\/plugins\/nd-booking\/addons\/visual\/rooms\/layout\/icon-star-full-white.svg\">\n                <\/div>\n            <\/div>\n\n        <\/div>\n\n\n    \n\n            <div class=\"nd_booking_section nd_booking_padding_30 nd_booking_box_sizing_border_box\">\n\n                <h1>Almond-Tree Villa<\/h1>\n                <div class=\"nd_booking_section nd_booking_height_10\"><\/div>\n\n                <div class=\"nd_booking_section\">\n                    <div class=\"nd_booking_display_table nd_booking_float_left\">\n                        <img decoding=\"async\" alt=\"\" class=\"nd_booking_margin_right_10 nd_booking_display_table_cell nd_booking_vertical_align_middle\" width=\"23\" src=\"https:\/\/www.villapedra.com\/wp-content\/plugins\/nd-booking\/addons\/visual\/rooms\/layout\/icon-user-grey.svg\">\n                        <p class=\"  nd_booking_display_table_cell nd_booking_vertical_align_middle nd_booking_font_size_12 nd_booking_line_height_26\">3 GUESTS<\/p>\n                        <img decoding=\"async\" alt=\"\" class=\"nd_booking_margin_right_10 nd_booking_margin_left_20 nd_booking_display_table_cell nd_booking_vertical_align_middle\" width=\"20\" src=\"https:\/\/www.villapedra.com\/wp-content\/plugins\/nd-booking\/addons\/visual\/rooms\/layout\/icon-plan-grey.svg\">\n                        <p class=\"  nd_booking_display_table_cell nd_booking_vertical_align_middle nd_booking_font_size_12 nd_booking_line_height_26\">60 m\u00b2<\/p>\n                    <\/div>\n                <\/div> \n        \n                <div class=\"nd_booking_section nd_booking_height_20\"><\/div> \n                <p><\/p>\n                <div class=\"nd_booking_section nd_booking_height_20\"><\/div>\n                <a style=\"border:2px solid #78635a; color:#78635a;\" href=\"https:\/\/www.villapedra.com\/en\/villas\/almond-villa\/\" class=\"nd_booking_padding_15_30_important nd_options_second_font_important nd_booking_border_radius_0_important nd_booking_background_color_transparent_important nd_booking_cursor_pointer nd_booking_display_inline_block nd_booking_font_size_11 nd_booking_font_weight_bold nd_booking_letter_spacing_2\">BOOK NOW FROM 135 \u20ac<\/a>\n                \n                    <div class=\"nd_booking_section nd_booking_height_20\"><\/div> \n                    <div class=\"nd_booking_section nd_booking_height_1 nd_booking_border_bottom_1_solid_grey\"><\/div> \n                    <div class=\"nd_booking_section nd_booking_height_20\"><\/div>\n                             <a title=\"Private Terrace \/ Gardens\" class=\"nd_booking_tooltip_jquery nd_booking_float_left\"><img loading=\"lazy\" decoding=\"async\" alt=\"Private Terrace \/ Gardens\" class=\"nd_booking_margin_right_15 nd_booking_float_left\" width=\"23\" height=\"23\" src=\"https:\/\/www.villapedra.com\/wp-content\/uploads\/2017\/07\/terracosejardins.png\"><\/a>\n                        \n                             <a title=\"Central heating\" class=\"nd_booking_tooltip_jquery nd_booking_float_left\"><img loading=\"lazy\" decoding=\"async\" alt=\"Central heating\" class=\"nd_booking_margin_right_15 nd_booking_float_left\" width=\"23\" height=\"23\" src=\"https:\/\/www.villapedra.com\/wp-content\/uploads\/2017\/07\/calor-central.png\"><\/a>\n                        \n                             <a title=\"Twin beds\" class=\"nd_booking_tooltip_jquery nd_booking_float_left\"><img loading=\"lazy\" decoding=\"async\" alt=\"Twin beds\" class=\"nd_booking_margin_right_15 nd_booking_float_left\" width=\"23\" height=\"23\" src=\"https:\/\/www.villapedra.com\/wp-content\/uploads\/2025\/02\/259965.png\"><\/a>\n                        \n                             <a title=\"Living Room\" class=\"nd_booking_tooltip_jquery nd_booking_float_left\"><img loading=\"lazy\" decoding=\"async\" alt=\"Living Room\" class=\"nd_booking_margin_right_15 nd_booking_float_left\" width=\"23\" height=\"23\" src=\"https:\/\/www.villapedra.com\/wp-content\/uploads\/2017\/07\/salaestar.png\"><\/a>\n                        \n                             <a title=\"Kitchenette\" class=\"nd_booking_tooltip_jquery nd_booking_float_left\"><img loading=\"lazy\" decoding=\"async\" alt=\"Kitchenette\" class=\"nd_booking_margin_right_15 nd_booking_float_left\" width=\"23\" height=\"23\" src=\"https:\/\/www.villapedra.com\/wp-content\/uploads\/2017\/07\/icon-17.png\"><\/a>\n                        \n                             <a title=\"TV \/ WIFI\" class=\"nd_booking_tooltip_jquery nd_booking_float_left\"><img loading=\"lazy\" decoding=\"async\" alt=\"TV \/ WIFI\" class=\"nd_booking_margin_right_15 nd_booking_float_left\" width=\"23\" height=\"23\" src=\"https:\/\/www.villapedra.com\/wp-content\/uploads\/2017\/07\/icon-12-1.png\"><\/a>\n                        \n                             <a title=\"Non &#8211; Smokers\" class=\"nd_booking_tooltip_jquery nd_booking_float_left\"><img loading=\"lazy\" decoding=\"async\" alt=\"Non &#8211; Smokers\" class=\"nd_booking_margin_right_15 nd_booking_float_left\" width=\"23\" height=\"23\" src=\"https:\/\/www.villapedra.com\/wp-content\/uploads\/2017\/07\/icon-14.png\"><\/a>\n                        \n                             <a title=\"Extra Bed\" class=\"nd_booking_tooltip_jquery nd_booking_float_left\"><img loading=\"lazy\" decoding=\"async\" alt=\"Extra Bed\" class=\"nd_booking_margin_right_15 nd_booking_float_left\" width=\"23\" height=\"23\" src=\"https:\/\/www.villapedra.com\/wp-content\/uploads\/2020\/11\/cama-extra.png\"><\/a>\n                        \n                             <a title=\"1 Bathroom\" class=\"nd_booking_tooltip_jquery nd_booking_float_left\"><img loading=\"lazy\" decoding=\"async\" alt=\"1 Bathroom\" class=\"nd_booking_margin_right_15 nd_booking_float_left\" width=\"23\" height=\"23\" src=\"https:\/\/www.villapedra.com\/wp-content\/uploads\/2025\/02\/images-1.png\"><\/a>\n                        \n                             <a title=\"1 Bedroom\" class=\"nd_booking_tooltip_jquery nd_booking_float_left\"><img loading=\"lazy\" decoding=\"async\" alt=\"1 Bedroom\" class=\"nd_booking_margin_right_15 nd_booking_float_left\" width=\"23\" height=\"23\" src=\"https:\/\/www.villapedra.com\/wp-content\/uploads\/2025\/02\/6192020.png\"><\/a>\n                        \n                             <a title=\"NO AC\" class=\"nd_booking_tooltip_jquery nd_booking_float_left\"><img loading=\"lazy\" decoding=\"async\" alt=\"NO AC\" class=\"nd_booking_margin_right_15 nd_booking_float_left\" width=\"23\" height=\"23\" src=\"https:\/\/www.villapedra.com\/wp-content\/uploads\/2025\/08\/93566064-forbidden-sign-with-air-conditioner-linear-icon-thin-line-illustration-no-cooling-stop-contour.jpg\"><\/a>\n                        \n                    <a href=\"https:\/\/www.villapedra.com\/en\/villas\/almond-villa\/\" class=\"nd_booking_margin_top_7 nd_booking_float_right nd_booking_display_inline_block nd_booking_text_align_center nd_booking_box_sizing_border_box nd_booking_font_size_12\">\n                        <span class=\"nd_booking_float_left nd_booking_font_size_11 nd_booking_letter_spacing_2\">FULL INFO<\/span>\n                        <img decoding=\"async\" alt=\"\" class=\"nd_booking_margin_left_5 nd_booking_float_left\" width=\"10\" src=\"https:\/\/www.villapedra.com\/wp-content\/plugins\/nd-booking\/addons\/visual\/rooms\/layout\/icon-right-arrow-grey.svg\">\n                    <\/a>\n            <\/div>\n        <\/div>\n\n    <\/div>\n\n<\/div><\/div><div style=\"background-color:;height: 20px\" class=\"nicdark_section  \"><\/div>[\/vc_column_inner][vc_column_inner width=&#8221;1\/3&#8243;][vc_single_image image=&#8221;9200&#8243; img_size=&#8221;large&#8221; alignment=&#8221;center&#8221; onclick=&#8221;custom_link&#8221; css=&#8221;&#8221; link=&#8221;\/en\/villas\/walnut-tree-villa\/&#8221; el_class=&#8221;villas_imagens&#8221;]\n\n\t<script type=\"text\/javascript\">\n    \/\/<![CDATA[\n    \n    jQuery(document).ready(function() {\n\n      \/\/START masonry\n      jQuery(function ($) {\n        \n        \/\/Masonry\n    \t\tvar $nd_booking_masonry_content = $(\".nd_booking_masonry_content\").imagesLoaded( function() {\n    \t\t  \/\/ init Masonry after all images have loaded\n    \t\t  $nd_booking_masonry_content.masonry({\n    \t\t    itemSelector: \".nd_booking_masonry_item\"\n    \t\t  });\n    \t\t});\n\n      });\n      \/\/END masonry\n\n    });\n\n    \/\/]]>\n  <\/script>\n\n<div class=\"nd_booking_section nd_booking_masonry_content villas_quadros \">\n\n<div id=\"nd_booking_archive_cpt_1_single_2334\" class=\" nd_booking_rooms_component_l1 nd_booking_masonry_item nd_booking_width_100_percentage nd_booking_width_100_percentage_responsive\">\n\n    <div class=\"nd_booking_section nd_booking_padding_15 nd_booking_box_sizing_border_box\">\n\n        <div class=\"nd_booking_section nd_booking_border_1_solid_grey nd_booking_bg_white\">\n            \n            \n\n        <div class=\"nd_booking_section nd_booking_position_relative\">\n\n            <img decoding=\"async\" alt=\"\" class=\"nd_booking_section\" src=\"https:\/\/www.villapedra.com\/wp-content\/uploads\/2026\/01\/Nogueira2-1024x682.jpg\">\n\n            <div class=\"nd_booking_bg_greydark_alpha_gradient_3 nd_booking_position_absolute nd_booking_left_0 nd_booking_height_100_percentage nd_booking_width_100_percentage nd_booking_padding_30 nd_booking_box_sizing_border_box\">\n                <div class=\"nd_booking_position_absolute nd_booking_bottom_20\">\n                    <p class=\"nd_options_color_white nd_booking_margin_right_10 nd_booking_float_left nd_booking_font_size_11 nd_booking_letter_spacing_2 nd_booking_text_transform_uppercase\">Villa Pedra En<\/p><img decoding=\"async\" alt=\"\" class=\"nd_booking_margin_right_5 nd_booking_float_left\" width=\"10\" src=\"https:\/\/www.villapedra.com\/wp-content\/plugins\/nd-booking\/addons\/visual\/rooms\/layout\/icon-star-full-white.svg\"><img decoding=\"async\" alt=\"\" class=\"nd_booking_margin_right_5 nd_booking_float_left\" width=\"10\" src=\"https:\/\/www.villapedra.com\/wp-content\/plugins\/nd-booking\/addons\/visual\/rooms\/layout\/icon-star-full-white.svg\"><img decoding=\"async\" alt=\"\" class=\"nd_booking_margin_right_5 nd_booking_float_left\" width=\"10\" src=\"https:\/\/www.villapedra.com\/wp-content\/plugins\/nd-booking\/addons\/visual\/rooms\/layout\/icon-star-full-white.svg\"><img decoding=\"async\" alt=\"\" class=\"nd_booking_margin_right_5 nd_booking_float_left\" width=\"10\" src=\"https:\/\/www.villapedra.com\/wp-content\/plugins\/nd-booking\/addons\/visual\/rooms\/layout\/icon-star-full-white.svg\"><img decoding=\"async\" alt=\"\" class=\"nd_booking_margin_right_5 nd_booking_float_left\" width=\"10\" src=\"https:\/\/www.villapedra.com\/wp-content\/plugins\/nd-booking\/addons\/visual\/rooms\/layout\/icon-star-full-white.svg\">\n                <\/div>\n            <\/div>\n\n        <\/div>\n\n\n    \n\n            <div class=\"nd_booking_section nd_booking_padding_30 nd_booking_box_sizing_border_box\">\n\n                <h1>Walnut-Tree Villa<\/h1>\n                <div class=\"nd_booking_section nd_booking_height_10\"><\/div>\n\n                <div class=\"nd_booking_section\">\n                    <div class=\"nd_booking_display_table nd_booking_float_left\">\n                        <img decoding=\"async\" alt=\"\" class=\"nd_booking_margin_right_10 nd_booking_display_table_cell nd_booking_vertical_align_middle\" width=\"23\" src=\"https:\/\/www.villapedra.com\/wp-content\/plugins\/nd-booking\/addons\/visual\/rooms\/layout\/icon-user-grey.svg\">\n                        <p class=\"  nd_booking_display_table_cell nd_booking_vertical_align_middle nd_booking_font_size_12 nd_booking_line_height_26\">3 GUESTS<\/p>\n                        <img decoding=\"async\" alt=\"\" class=\"nd_booking_margin_right_10 nd_booking_margin_left_20 nd_booking_display_table_cell nd_booking_vertical_align_middle\" width=\"20\" src=\"https:\/\/www.villapedra.com\/wp-content\/plugins\/nd-booking\/addons\/visual\/rooms\/layout\/icon-plan-grey.svg\">\n                        <p class=\"  nd_booking_display_table_cell nd_booking_vertical_align_middle nd_booking_font_size_12 nd_booking_line_height_26\">60 m\u00b2<\/p>\n                    <\/div>\n                <\/div> \n        \n                <div class=\"nd_booking_section nd_booking_height_20\"><\/div> \n                <p><\/p>\n                <div class=\"nd_booking_section nd_booking_height_20\"><\/div>\n                <a style=\"border:2px solid #78635a; color:#78635a;\" href=\"https:\/\/www.villapedra.com\/en\/villas\/walnut-tree-villa\/\" class=\"nd_booking_padding_15_30_important nd_options_second_font_important nd_booking_border_radius_0_important nd_booking_background_color_transparent_important nd_booking_cursor_pointer nd_booking_display_inline_block nd_booking_font_size_11 nd_booking_font_weight_bold nd_booking_letter_spacing_2\">BOOK NOW FROM 135 \u20ac<\/a>\n                \n                    <div class=\"nd_booking_section nd_booking_height_20\"><\/div> \n                    <div class=\"nd_booking_section nd_booking_height_1 nd_booking_border_bottom_1_solid_grey\"><\/div> \n                    <div class=\"nd_booking_section nd_booking_height_20\"><\/div>\n                             <a title=\"Double Bed\" class=\"nd_booking_tooltip_jquery nd_booking_float_left\"><img loading=\"lazy\" decoding=\"async\" alt=\"Double Bed\" class=\"nd_booking_margin_right_15 nd_booking_float_left\" width=\"23\" height=\"23\" src=\"https:\/\/www.villapedra.com\/wp-content\/uploads\/2017\/07\/camacasal.png\"><\/a>\n                        \n                             <a title=\"Living Room\" class=\"nd_booking_tooltip_jquery nd_booking_float_left\"><img loading=\"lazy\" decoding=\"async\" alt=\"Living Room\" class=\"nd_booking_margin_right_15 nd_booking_float_left\" width=\"23\" height=\"23\" src=\"https:\/\/www.villapedra.com\/wp-content\/uploads\/2017\/07\/salaestar.png\"><\/a>\n                        \n                             <a title=\"Equipped kitchen\" class=\"nd_booking_tooltip_jquery nd_booking_float_left\"><img loading=\"lazy\" decoding=\"async\" alt=\"Equipped kitchen\" class=\"nd_booking_margin_right_15 nd_booking_float_left\" width=\"23\" height=\"23\" src=\"https:\/\/www.villapedra.com\/wp-content\/uploads\/2017\/07\/icon-17.png\"><\/a>\n                        \n                             <a title=\"Private Terrace \/ Gardens\" class=\"nd_booking_tooltip_jquery nd_booking_float_left\"><img loading=\"lazy\" decoding=\"async\" alt=\"Private Terrace \/ Gardens\" class=\"nd_booking_margin_right_15 nd_booking_float_left\" width=\"23\" height=\"23\" src=\"https:\/\/www.villapedra.com\/wp-content\/uploads\/2017\/07\/terracosejardins.png\"><\/a>\n                        \n                             <a title=\"Central heating\" class=\"nd_booking_tooltip_jquery nd_booking_float_left\"><img loading=\"lazy\" decoding=\"async\" alt=\"Central heating\" class=\"nd_booking_margin_right_15 nd_booking_float_left\" width=\"23\" height=\"23\" src=\"https:\/\/www.villapedra.com\/wp-content\/uploads\/2017\/07\/calor-central.png\"><\/a>\n                        \n                             <a title=\"TV \/ WIFI\" class=\"nd_booking_tooltip_jquery nd_booking_float_left\"><img loading=\"lazy\" decoding=\"async\" alt=\"TV \/ WIFI\" class=\"nd_booking_margin_right_15 nd_booking_float_left\" width=\"23\" height=\"23\" src=\"https:\/\/www.villapedra.com\/wp-content\/uploads\/2017\/07\/icon-12-1.png\"><\/a>\n                        \n                             <a title=\"Non &#8211; Smokers\" class=\"nd_booking_tooltip_jquery nd_booking_float_left\"><img loading=\"lazy\" decoding=\"async\" alt=\"Non &#8211; Smokers\" class=\"nd_booking_margin_right_15 nd_booking_float_left\" width=\"23\" height=\"23\" src=\"https:\/\/www.villapedra.com\/wp-content\/uploads\/2017\/07\/icon-14.png\"><\/a>\n                        \n                             <a title=\"Extra Bed\" class=\"nd_booking_tooltip_jquery nd_booking_float_left\"><img loading=\"lazy\" decoding=\"async\" alt=\"Extra Bed\" class=\"nd_booking_margin_right_15 nd_booking_float_left\" width=\"23\" height=\"23\" src=\"https:\/\/www.villapedra.com\/wp-content\/uploads\/2020\/11\/cama-extra.png\"><\/a>\n                        \n                             <a title=\"1 Bathroom\" class=\"nd_booking_tooltip_jquery nd_booking_float_left\"><img loading=\"lazy\" decoding=\"async\" alt=\"1 Bathroom\" class=\"nd_booking_margin_right_15 nd_booking_float_left\" width=\"23\" height=\"23\" src=\"https:\/\/www.villapedra.com\/wp-content\/uploads\/2025\/02\/images-1.png\"><\/a>\n                        \n                             <a title=\"1 Bedroom\" class=\"nd_booking_tooltip_jquery nd_booking_float_left\"><img loading=\"lazy\" decoding=\"async\" alt=\"1 Bedroom\" class=\"nd_booking_margin_right_15 nd_booking_float_left\" width=\"23\" height=\"23\" src=\"https:\/\/www.villapedra.com\/wp-content\/uploads\/2025\/02\/6192020.png\"><\/a>\n                        \n                             <a title=\"NO AC\" class=\"nd_booking_tooltip_jquery nd_booking_float_left\"><img loading=\"lazy\" decoding=\"async\" alt=\"NO AC\" class=\"nd_booking_margin_right_15 nd_booking_float_left\" width=\"23\" height=\"23\" src=\"https:\/\/www.villapedra.com\/wp-content\/uploads\/2025\/08\/93566064-forbidden-sign-with-air-conditioner-linear-icon-thin-line-illustration-no-cooling-stop-contour.jpg\"><\/a>\n                        \n                    <a href=\"https:\/\/www.villapedra.com\/en\/villas\/walnut-tree-villa\/\" class=\"nd_booking_margin_top_7 nd_booking_float_right nd_booking_display_inline_block nd_booking_text_align_center nd_booking_box_sizing_border_box nd_booking_font_size_12\">\n                        <span class=\"nd_booking_float_left nd_booking_font_size_11 nd_booking_letter_spacing_2\">FULL INFO<\/span>\n                        <img decoding=\"async\" alt=\"\" class=\"nd_booking_margin_left_5 nd_booking_float_left\" width=\"10\" src=\"https:\/\/www.villapedra.com\/wp-content\/plugins\/nd-booking\/addons\/visual\/rooms\/layout\/icon-right-arrow-grey.svg\">\n                    <\/a>\n            <\/div>\n        <\/div>\n\n    <\/div>\n\n<\/div><\/div><div style=\"background-color:;height: 20px\" class=\"nicdark_section  \"><\/div>[\/vc_column_inner][\/vc_row_inner][vc_row_inner][vc_column_inner width=&#8221;1\/3&#8243;][vc_single_image image=&#8221;9219&#8243; img_size=&#8221;large&#8221; alignment=&#8221;center&#8221; onclick=&#8221;custom_link&#8221; css=&#8221;&#8221; link=&#8221;\/en\/villas\/jasmine-villa\/&#8221; el_class=&#8221;villas_imagens&#8221;]\n\n\t<script type=\"text\/javascript\">\n    \/\/<![CDATA[\n    \n    jQuery(document).ready(function() {\n\n      \/\/START masonry\n      jQuery(function ($) {\n        \n        \/\/Masonry\n    \t\tvar $nd_booking_masonry_content = $(\".nd_booking_masonry_content\").imagesLoaded( function() {\n    \t\t  \/\/ init Masonry after all images have loaded\n    \t\t  $nd_booking_masonry_content.masonry({\n    \t\t    itemSelector: \".nd_booking_masonry_item\"\n    \t\t  });\n    \t\t});\n\n      });\n      \/\/END masonry\n\n    });\n\n    \/\/]]>\n  <\/script>\n\n<div class=\"nd_booking_section nd_booking_masonry_content villas_quadros \">\n\n<div id=\"nd_booking_archive_cpt_1_single_2314\" class=\" nd_booking_rooms_component_l1 nd_booking_masonry_item nd_booking_width_100_percentage nd_booking_width_100_percentage_responsive\">\n\n    <div class=\"nd_booking_section nd_booking_padding_15 nd_booking_box_sizing_border_box\">\n\n        <div class=\"nd_booking_section nd_booking_border_1_solid_grey nd_booking_bg_white\">\n            \n            \n\n        <div class=\"nd_booking_section nd_booking_position_relative\">\n\n            <img decoding=\"async\" alt=\"\" class=\"nd_booking_section\" src=\"https:\/\/www.villapedra.com\/wp-content\/uploads\/2026\/01\/20260119_095540-1-1024x683.jpg\">\n\n            <div class=\"nd_booking_bg_greydark_alpha_gradient_3 nd_booking_position_absolute nd_booking_left_0 nd_booking_height_100_percentage nd_booking_width_100_percentage nd_booking_padding_30 nd_booking_box_sizing_border_box\">\n                <div class=\"nd_booking_position_absolute nd_booking_bottom_20\">\n                    <p class=\"nd_options_color_white nd_booking_margin_right_10 nd_booking_float_left nd_booking_font_size_11 nd_booking_letter_spacing_2 nd_booking_text_transform_uppercase\">Villa Pedra En<\/p><img decoding=\"async\" alt=\"\" class=\"nd_booking_margin_right_5 nd_booking_float_left\" width=\"10\" src=\"https:\/\/www.villapedra.com\/wp-content\/plugins\/nd-booking\/addons\/visual\/rooms\/layout\/icon-star-full-white.svg\"><img decoding=\"async\" alt=\"\" class=\"nd_booking_margin_right_5 nd_booking_float_left\" width=\"10\" src=\"https:\/\/www.villapedra.com\/wp-content\/plugins\/nd-booking\/addons\/visual\/rooms\/layout\/icon-star-full-white.svg\"><img decoding=\"async\" alt=\"\" class=\"nd_booking_margin_right_5 nd_booking_float_left\" width=\"10\" src=\"https:\/\/www.villapedra.com\/wp-content\/plugins\/nd-booking\/addons\/visual\/rooms\/layout\/icon-star-full-white.svg\"><img decoding=\"async\" alt=\"\" class=\"nd_booking_margin_right_5 nd_booking_float_left\" width=\"10\" src=\"https:\/\/www.villapedra.com\/wp-content\/plugins\/nd-booking\/addons\/visual\/rooms\/layout\/icon-star-full-white.svg\"><img decoding=\"async\" alt=\"\" class=\"nd_booking_margin_right_5 nd_booking_float_left\" width=\"10\" src=\"https:\/\/www.villapedra.com\/wp-content\/plugins\/nd-booking\/addons\/visual\/rooms\/layout\/icon-star-full-white.svg\">\n                <\/div>\n            <\/div>\n\n        <\/div>\n\n\n    \n\n            <div class=\"nd_booking_section nd_booking_padding_30 nd_booking_box_sizing_border_box\">\n\n                <h1>Jasmine Villa<\/h1>\n                <div class=\"nd_booking_section nd_booking_height_10\"><\/div>\n\n                <div class=\"nd_booking_section\">\n                    <div class=\"nd_booking_display_table nd_booking_float_left\">\n                        <img decoding=\"async\" alt=\"\" class=\"nd_booking_margin_right_10 nd_booking_display_table_cell nd_booking_vertical_align_middle\" width=\"23\" src=\"https:\/\/www.villapedra.com\/wp-content\/plugins\/nd-booking\/addons\/visual\/rooms\/layout\/icon-user-grey.svg\">\n                        <p class=\"  nd_booking_display_table_cell nd_booking_vertical_align_middle nd_booking_font_size_12 nd_booking_line_height_26\">3 GUESTS<\/p>\n                        <img decoding=\"async\" alt=\"\" class=\"nd_booking_margin_right_10 nd_booking_margin_left_20 nd_booking_display_table_cell nd_booking_vertical_align_middle\" width=\"20\" src=\"https:\/\/www.villapedra.com\/wp-content\/plugins\/nd-booking\/addons\/visual\/rooms\/layout\/icon-plan-grey.svg\">\n                        <p class=\"  nd_booking_display_table_cell nd_booking_vertical_align_middle nd_booking_font_size_12 nd_booking_line_height_26\">60 m\u00b2<\/p>\n                    <\/div>\n                <\/div> \n        \n                <div class=\"nd_booking_section nd_booking_height_20\"><\/div> \n                <p><\/p>\n                <div class=\"nd_booking_section nd_booking_height_20\"><\/div>\n                <a style=\"border:2px solid #78635a; color:#78635a;\" href=\"https:\/\/www.villapedra.com\/en\/villas\/jasmine-villa\/\" class=\"nd_booking_padding_15_30_important nd_options_second_font_important nd_booking_border_radius_0_important nd_booking_background_color_transparent_important nd_booking_cursor_pointer nd_booking_display_inline_block nd_booking_font_size_11 nd_booking_font_weight_bold nd_booking_letter_spacing_2\">BOOK NOW FROM 135 \u20ac<\/a>\n                \n                    <div class=\"nd_booking_section nd_booking_height_20\"><\/div> \n                    <div class=\"nd_booking_section nd_booking_height_1 nd_booking_border_bottom_1_solid_grey\"><\/div> \n                    <div class=\"nd_booking_section nd_booking_height_20\"><\/div>\n                             <a title=\"Central heating\" class=\"nd_booking_tooltip_jquery nd_booking_float_left\"><img loading=\"lazy\" decoding=\"async\" alt=\"Central heating\" class=\"nd_booking_margin_right_15 nd_booking_float_left\" width=\"23\" height=\"23\" src=\"https:\/\/www.villapedra.com\/wp-content\/uploads\/2017\/07\/calor-central.png\"><\/a>\n                        \n                             <a title=\"Double Bed\" class=\"nd_booking_tooltip_jquery nd_booking_float_left\"><img loading=\"lazy\" decoding=\"async\" alt=\"Double Bed\" class=\"nd_booking_margin_right_15 nd_booking_float_left\" width=\"23\" height=\"23\" src=\"https:\/\/www.villapedra.com\/wp-content\/uploads\/2017\/07\/camacasal.png\"><\/a>\n                        \n                             <a title=\"Equipped kitchen\" class=\"nd_booking_tooltip_jquery nd_booking_float_left\"><img loading=\"lazy\" decoding=\"async\" alt=\"Equipped kitchen\" class=\"nd_booking_margin_right_15 nd_booking_float_left\" width=\"23\" height=\"23\" src=\"https:\/\/www.villapedra.com\/wp-content\/uploads\/2017\/07\/icon-17.png\"><\/a>\n                        \n                             <a title=\"Private Terrace \/ Gardens\" class=\"nd_booking_tooltip_jquery nd_booking_float_left\"><img loading=\"lazy\" decoding=\"async\" alt=\"Private Terrace \/ Gardens\" class=\"nd_booking_margin_right_15 nd_booking_float_left\" width=\"23\" height=\"23\" src=\"https:\/\/www.villapedra.com\/wp-content\/uploads\/2017\/07\/terracosejardins.png\"><\/a>\n                        \n                             <a title=\"Living Room\" class=\"nd_booking_tooltip_jquery nd_booking_float_left\"><img loading=\"lazy\" decoding=\"async\" alt=\"Living Room\" class=\"nd_booking_margin_right_15 nd_booking_float_left\" width=\"23\" height=\"23\" src=\"https:\/\/www.villapedra.com\/wp-content\/uploads\/2017\/07\/salaestar.png\"><\/a>\n                        \n                             <a title=\"TV \/ WIFI\" class=\"nd_booking_tooltip_jquery nd_booking_float_left\"><img loading=\"lazy\" decoding=\"async\" alt=\"TV \/ WIFI\" class=\"nd_booking_margin_right_15 nd_booking_float_left\" width=\"23\" height=\"23\" src=\"https:\/\/www.villapedra.com\/wp-content\/uploads\/2017\/07\/icon-12-1.png\"><\/a>\n                        \n                             <a title=\"Non &#8211; Smokers\" class=\"nd_booking_tooltip_jquery nd_booking_float_left\"><img loading=\"lazy\" decoding=\"async\" alt=\"Non &#8211; Smokers\" class=\"nd_booking_margin_right_15 nd_booking_float_left\" width=\"23\" height=\"23\" src=\"https:\/\/www.villapedra.com\/wp-content\/uploads\/2017\/07\/icon-14.png\"><\/a>\n                        \n                             <a title=\"Extra Bed\" class=\"nd_booking_tooltip_jquery nd_booking_float_left\"><img loading=\"lazy\" decoding=\"async\" alt=\"Extra Bed\" class=\"nd_booking_margin_right_15 nd_booking_float_left\" width=\"23\" height=\"23\" src=\"https:\/\/www.villapedra.com\/wp-content\/uploads\/2020\/11\/cama-extra.png\"><\/a>\n                        \n                             <a title=\"1 Bathroom\" class=\"nd_booking_tooltip_jquery nd_booking_float_left\"><img loading=\"lazy\" decoding=\"async\" alt=\"1 Bathroom\" class=\"nd_booking_margin_right_15 nd_booking_float_left\" width=\"23\" height=\"23\" src=\"https:\/\/www.villapedra.com\/wp-content\/uploads\/2025\/02\/images-1.png\"><\/a>\n                        \n                             <a title=\"1 Bedroom\" class=\"nd_booking_tooltip_jquery nd_booking_float_left\"><img loading=\"lazy\" decoding=\"async\" alt=\"1 Bedroom\" class=\"nd_booking_margin_right_15 nd_booking_float_left\" width=\"23\" height=\"23\" src=\"https:\/\/www.villapedra.com\/wp-content\/uploads\/2025\/02\/6192020.png\"><\/a>\n                        \n                             <a title=\"NO AC\" class=\"nd_booking_tooltip_jquery nd_booking_float_left\"><img loading=\"lazy\" decoding=\"async\" alt=\"NO AC\" class=\"nd_booking_margin_right_15 nd_booking_float_left\" width=\"23\" height=\"23\" src=\"https:\/\/www.villapedra.com\/wp-content\/uploads\/2025\/08\/93566064-forbidden-sign-with-air-conditioner-linear-icon-thin-line-illustration-no-cooling-stop-contour.jpg\"><\/a>\n                        \n                    <a href=\"https:\/\/www.villapedra.com\/en\/villas\/jasmine-villa\/\" class=\"nd_booking_margin_top_7 nd_booking_float_right nd_booking_display_inline_block nd_booking_text_align_center nd_booking_box_sizing_border_box nd_booking_font_size_12\">\n                        <span class=\"nd_booking_float_left nd_booking_font_size_11 nd_booking_letter_spacing_2\">FULL INFO<\/span>\n                        <img decoding=\"async\" alt=\"\" class=\"nd_booking_margin_left_5 nd_booking_float_left\" width=\"10\" src=\"https:\/\/www.villapedra.com\/wp-content\/plugins\/nd-booking\/addons\/visual\/rooms\/layout\/icon-right-arrow-grey.svg\">\n                    <\/a>\n            <\/div>\n        <\/div>\n\n    <\/div>\n\n<\/div><\/div><div style=\"background-color:;height: 20px\" class=\"nicdark_section  \"><\/div>[\/vc_column_inner][vc_column_inner width=&#8221;1\/3&#8243;][vc_single_image image=&#8221;9265&#8243; img_size=&#8221;large&#8221; alignment=&#8221;center&#8221; onclick=&#8221;custom_link&#8221; css=&#8221;&#8221; link=&#8221;\/en\/villas\/lemon-tree-villa\/&#8221; el_class=&#8221;villas_imagens&#8221;]\n\n\t<script type=\"text\/javascript\">\n    \/\/<![CDATA[\n    \n    jQuery(document).ready(function() {\n\n      \/\/START masonry\n      jQuery(function ($) {\n        \n        \/\/Masonry\n    \t\tvar $nd_booking_masonry_content = $(\".nd_booking_masonry_content\").imagesLoaded( function() {\n    \t\t  \/\/ init Masonry after all images have loaded\n    \t\t  $nd_booking_masonry_content.masonry({\n    \t\t    itemSelector: \".nd_booking_masonry_item\"\n    \t\t  });\n    \t\t});\n\n      });\n      \/\/END masonry\n\n    });\n\n    \/\/]]>\n  <\/script>\n\n<div class=\"nd_booking_section nd_booking_masonry_content villas_quadros \">\n\n<div id=\"nd_booking_archive_cpt_1_single_2341\" class=\" nd_booking_rooms_component_l1 nd_booking_masonry_item nd_booking_width_100_percentage nd_booking_width_100_percentage_responsive\">\n\n    <div class=\"nd_booking_section nd_booking_padding_15 nd_booking_box_sizing_border_box\">\n\n        <div class=\"nd_booking_section nd_booking_border_1_solid_grey nd_booking_bg_white\">\n            \n            \n\n        <div class=\"nd_booking_section nd_booking_position_relative\">\n\n            <img decoding=\"async\" alt=\"\" class=\"nd_booking_section\" src=\"https:\/\/www.villapedra.com\/wp-content\/uploads\/2026\/01\/20260119_104546-1-1024x683.jpg\">\n\n            <div class=\"nd_booking_bg_greydark_alpha_gradient_3 nd_booking_position_absolute nd_booking_left_0 nd_booking_height_100_percentage nd_booking_width_100_percentage nd_booking_padding_30 nd_booking_box_sizing_border_box\">\n                <div class=\"nd_booking_position_absolute nd_booking_bottom_20\">\n                    <p class=\"nd_options_color_white nd_booking_margin_right_10 nd_booking_float_left nd_booking_font_size_11 nd_booking_letter_spacing_2 nd_booking_text_transform_uppercase\">Villa Pedra En<\/p><img decoding=\"async\" alt=\"\" class=\"nd_booking_margin_right_5 nd_booking_float_left\" width=\"10\" src=\"https:\/\/www.villapedra.com\/wp-content\/plugins\/nd-booking\/addons\/visual\/rooms\/layout\/icon-star-full-white.svg\"><img decoding=\"async\" alt=\"\" class=\"nd_booking_margin_right_5 nd_booking_float_left\" width=\"10\" src=\"https:\/\/www.villapedra.com\/wp-content\/plugins\/nd-booking\/addons\/visual\/rooms\/layout\/icon-star-full-white.svg\"><img decoding=\"async\" alt=\"\" class=\"nd_booking_margin_right_5 nd_booking_float_left\" width=\"10\" src=\"https:\/\/www.villapedra.com\/wp-content\/plugins\/nd-booking\/addons\/visual\/rooms\/layout\/icon-star-full-white.svg\"><img decoding=\"async\" alt=\"\" class=\"nd_booking_margin_right_5 nd_booking_float_left\" width=\"10\" src=\"https:\/\/www.villapedra.com\/wp-content\/plugins\/nd-booking\/addons\/visual\/rooms\/layout\/icon-star-full-white.svg\"><img decoding=\"async\" alt=\"\" class=\"nd_booking_margin_right_5 nd_booking_float_left\" width=\"10\" src=\"https:\/\/www.villapedra.com\/wp-content\/plugins\/nd-booking\/addons\/visual\/rooms\/layout\/icon-star-full-white.svg\">\n                <\/div>\n            <\/div>\n\n        <\/div>\n\n\n    \n\n            <div class=\"nd_booking_section nd_booking_padding_30 nd_booking_box_sizing_border_box\">\n\n                <h1>Lemon-Tree Villa<\/h1>\n                <div class=\"nd_booking_section nd_booking_height_10\"><\/div>\n\n                <div class=\"nd_booking_section\">\n                    <div class=\"nd_booking_display_table nd_booking_float_left\">\n                        <img decoding=\"async\" alt=\"\" class=\"nd_booking_margin_right_10 nd_booking_display_table_cell nd_booking_vertical_align_middle\" width=\"23\" src=\"https:\/\/www.villapedra.com\/wp-content\/plugins\/nd-booking\/addons\/visual\/rooms\/layout\/icon-user-grey.svg\">\n                        <p class=\"  nd_booking_display_table_cell nd_booking_vertical_align_middle nd_booking_font_size_12 nd_booking_line_height_26\">4 GUESTS<\/p>\n                        <img decoding=\"async\" alt=\"\" class=\"nd_booking_margin_right_10 nd_booking_margin_left_20 nd_booking_display_table_cell nd_booking_vertical_align_middle\" width=\"20\" src=\"https:\/\/www.villapedra.com\/wp-content\/plugins\/nd-booking\/addons\/visual\/rooms\/layout\/icon-plan-grey.svg\">\n                        <p class=\"  nd_booking_display_table_cell nd_booking_vertical_align_middle nd_booking_font_size_12 nd_booking_line_height_26\">120 m\u00b2<\/p>\n                    <\/div>\n                <\/div> \n        \n                <div class=\"nd_booking_section nd_booking_height_20\"><\/div> \n                <p><\/p>\n                <div class=\"nd_booking_section nd_booking_height_20\"><\/div>\n                <a style=\"border:2px solid #78635a; color:#78635a;\" href=\"https:\/\/www.villapedra.com\/en\/villas\/lemon-tree-villa\/\" class=\"nd_booking_padding_15_30_important nd_options_second_font_important nd_booking_border_radius_0_important nd_booking_background_color_transparent_important nd_booking_cursor_pointer nd_booking_display_inline_block nd_booking_font_size_11 nd_booking_font_weight_bold nd_booking_letter_spacing_2\">BOOK NOW FROM 200 \u20ac<\/a>\n                \n                    <div class=\"nd_booking_section nd_booking_height_20\"><\/div> \n                    <div class=\"nd_booking_section nd_booking_height_1 nd_booking_border_bottom_1_solid_grey\"><\/div> \n                    <div class=\"nd_booking_section nd_booking_height_20\"><\/div>\n                             <a title=\"Double Bed\" class=\"nd_booking_tooltip_jquery nd_booking_float_left\"><img loading=\"lazy\" decoding=\"async\" alt=\"Double Bed\" class=\"nd_booking_margin_right_15 nd_booking_float_left\" width=\"23\" height=\"23\" src=\"https:\/\/www.villapedra.com\/wp-content\/uploads\/2017\/07\/camacasal.png\"><\/a>\n                        \n                             <a title=\"Living Room\" class=\"nd_booking_tooltip_jquery nd_booking_float_left\"><img loading=\"lazy\" decoding=\"async\" alt=\"Living Room\" class=\"nd_booking_margin_right_15 nd_booking_float_left\" width=\"23\" height=\"23\" src=\"https:\/\/www.villapedra.com\/wp-content\/uploads\/2017\/07\/salaestar.png\"><\/a>\n                        \n                             <a title=\"Equipped kitchen\" class=\"nd_booking_tooltip_jquery nd_booking_float_left\"><img loading=\"lazy\" decoding=\"async\" alt=\"Equipped kitchen\" class=\"nd_booking_margin_right_15 nd_booking_float_left\" width=\"23\" height=\"23\" src=\"https:\/\/www.villapedra.com\/wp-content\/uploads\/2017\/07\/icon-17.png\"><\/a>\n                        \n                             <a title=\"Private Terrace \/ Gardens\" class=\"nd_booking_tooltip_jquery nd_booking_float_left\"><img loading=\"lazy\" decoding=\"async\" alt=\"Private Terrace \/ Gardens\" class=\"nd_booking_margin_right_15 nd_booking_float_left\" width=\"23\" height=\"23\" src=\"https:\/\/www.villapedra.com\/wp-content\/uploads\/2017\/07\/terracosejardins.png\"><\/a>\n                        \n                             <a title=\"Air conditioner\" class=\"nd_booking_tooltip_jquery nd_booking_float_left\"><img loading=\"lazy\" decoding=\"async\" alt=\"Air conditioner\" class=\"nd_booking_margin_right_15 nd_booking_float_left\" width=\"23\" height=\"23\" src=\"https:\/\/www.villapedra.com\/wp-content\/uploads\/2020\/11\/ar-conditionado.png\"><\/a>\n                        \n                             <a title=\"Twin beds\" class=\"nd_booking_tooltip_jquery nd_booking_float_left\"><img loading=\"lazy\" decoding=\"async\" alt=\"Twin beds\" class=\"nd_booking_margin_right_15 nd_booking_float_left\" width=\"23\" height=\"23\" src=\"https:\/\/www.villapedra.com\/wp-content\/uploads\/2025\/02\/259965.png\"><\/a>\n                        \n                             <a title=\"TV \/ WIFI\" class=\"nd_booking_tooltip_jquery nd_booking_float_left\"><img loading=\"lazy\" decoding=\"async\" alt=\"TV \/ WIFI\" class=\"nd_booking_margin_right_15 nd_booking_float_left\" width=\"23\" height=\"23\" src=\"https:\/\/www.villapedra.com\/wp-content\/uploads\/2017\/07\/icon-12-1.png\"><\/a>\n                        \n                             <a title=\"Non &#8211; Smokers\" class=\"nd_booking_tooltip_jquery nd_booking_float_left\"><img loading=\"lazy\" decoding=\"async\" alt=\"Non &#8211; Smokers\" class=\"nd_booking_margin_right_15 nd_booking_float_left\" width=\"23\" height=\"23\" src=\"https:\/\/www.villapedra.com\/wp-content\/uploads\/2017\/07\/icon-14.png\"><\/a>\n                        \n                             <a title=\"2 Bedrooms\" class=\"nd_booking_tooltip_jquery nd_booking_float_left\"><img loading=\"lazy\" decoding=\"async\" alt=\"2 Bedrooms\" class=\"nd_booking_margin_right_15 nd_booking_float_left\" width=\"23\" height=\"23\" src=\"https:\/\/www.villapedra.com\/wp-content\/uploads\/2025\/02\/6192020.png\"><\/a>\n                        \n                    <a href=\"https:\/\/www.villapedra.com\/en\/villas\/lemon-tree-villa\/\" class=\"nd_booking_margin_top_7 nd_booking_float_right nd_booking_display_inline_block nd_booking_text_align_center nd_booking_box_sizing_border_box nd_booking_font_size_12\">\n                        <span class=\"nd_booking_float_left nd_booking_font_size_11 nd_booking_letter_spacing_2\">FULL INFO<\/span>\n                        <img decoding=\"async\" alt=\"\" class=\"nd_booking_margin_left_5 nd_booking_float_left\" width=\"10\" src=\"https:\/\/www.villapedra.com\/wp-content\/plugins\/nd-booking\/addons\/visual\/rooms\/layout\/icon-right-arrow-grey.svg\">\n                    <\/a>\n            <\/div>\n        <\/div>\n\n    <\/div>\n\n<\/div><\/div><div style=\"background-color:;height: 20px\" class=\"nicdark_section  \"><\/div>[\/vc_column_inner][vc_column_inner width=&#8221;1\/3&#8243;][vc_single_image image=&#8221;9291&#8243; img_size=&#8221;large&#8221; alignment=&#8221;center&#8221; onclick=&#8221;custom_link&#8221; css=&#8221;&#8221; link=&#8221;\/en\/villas\/rosemary-villa\/&#8221; el_class=&#8221;villas_imagens&#8221;]\n\n\t<script type=\"text\/javascript\">\n    \/\/<![CDATA[\n    \n    jQuery(document).ready(function() {\n\n      \/\/START masonry\n      jQuery(function ($) {\n        \n        \/\/Masonry\n    \t\tvar $nd_booking_masonry_content = $(\".nd_booking_masonry_content\").imagesLoaded( function() {\n    \t\t  \/\/ init Masonry after all images have loaded\n    \t\t  $nd_booking_masonry_content.masonry({\n    \t\t    itemSelector: \".nd_booking_masonry_item\"\n    \t\t  });\n    \t\t});\n\n      });\n      \/\/END masonry\n\n    });\n\n    \/\/]]>\n  <\/script>\n\n<div class=\"nd_booking_section nd_booking_masonry_content villas_quadros \">\n\n<div id=\"nd_booking_archive_cpt_1_single_2337\" class=\" nd_booking_rooms_component_l1 nd_booking_masonry_item nd_booking_width_100_percentage nd_booking_width_100_percentage_responsive\">\n\n    <div class=\"nd_booking_section nd_booking_padding_15 nd_booking_box_sizing_border_box\">\n\n        <div class=\"nd_booking_section nd_booking_border_1_solid_grey nd_booking_bg_white\">\n            \n            \n\n        <div class=\"nd_booking_section nd_booking_position_relative\">\n\n            <img decoding=\"async\" alt=\"\" class=\"nd_booking_section\" src=\"https:\/\/www.villapedra.com\/wp-content\/uploads\/2026\/01\/Terraco-7-1024x683.jpg\">\n\n            <div class=\"nd_booking_bg_greydark_alpha_gradient_3 nd_booking_position_absolute nd_booking_left_0 nd_booking_height_100_percentage nd_booking_width_100_percentage nd_booking_padding_30 nd_booking_box_sizing_border_box\">\n                <div class=\"nd_booking_position_absolute nd_booking_bottom_20\">\n                    <p class=\"nd_options_color_white nd_booking_margin_right_10 nd_booking_float_left nd_booking_font_size_11 nd_booking_letter_spacing_2 nd_booking_text_transform_uppercase\">Villa Pedra En<\/p><img decoding=\"async\" alt=\"\" class=\"nd_booking_margin_right_5 nd_booking_float_left\" width=\"10\" src=\"https:\/\/www.villapedra.com\/wp-content\/plugins\/nd-booking\/addons\/visual\/rooms\/layout\/icon-star-full-white.svg\"><img decoding=\"async\" alt=\"\" class=\"nd_booking_margin_right_5 nd_booking_float_left\" width=\"10\" src=\"https:\/\/www.villapedra.com\/wp-content\/plugins\/nd-booking\/addons\/visual\/rooms\/layout\/icon-star-full-white.svg\"><img decoding=\"async\" alt=\"\" class=\"nd_booking_margin_right_5 nd_booking_float_left\" width=\"10\" src=\"https:\/\/www.villapedra.com\/wp-content\/plugins\/nd-booking\/addons\/visual\/rooms\/layout\/icon-star-full-white.svg\"><img decoding=\"async\" alt=\"\" class=\"nd_booking_margin_right_5 nd_booking_float_left\" width=\"10\" src=\"https:\/\/www.villapedra.com\/wp-content\/plugins\/nd-booking\/addons\/visual\/rooms\/layout\/icon-star-full-white.svg\"><img decoding=\"async\" alt=\"\" class=\"nd_booking_margin_right_5 nd_booking_float_left\" width=\"10\" src=\"https:\/\/www.villapedra.com\/wp-content\/plugins\/nd-booking\/addons\/visual\/rooms\/layout\/icon-star-full-white.svg\">\n                <\/div>\n            <\/div>\n\n        <\/div>\n\n\n    \n\n            <div class=\"nd_booking_section nd_booking_padding_30 nd_booking_box_sizing_border_box\">\n\n                <h1>Rosemary Villa<\/h1>\n                <div class=\"nd_booking_section nd_booking_height_10\"><\/div>\n\n                <div class=\"nd_booking_section\">\n                    <div class=\"nd_booking_display_table nd_booking_float_left\">\n                        <img decoding=\"async\" alt=\"\" class=\"nd_booking_margin_right_10 nd_booking_display_table_cell nd_booking_vertical_align_middle\" width=\"23\" src=\"https:\/\/www.villapedra.com\/wp-content\/plugins\/nd-booking\/addons\/visual\/rooms\/layout\/icon-user-grey.svg\">\n                        <p class=\"  nd_booking_display_table_cell nd_booking_vertical_align_middle nd_booking_font_size_12 nd_booking_line_height_26\">4 GUESTS<\/p>\n                        <img decoding=\"async\" alt=\"\" class=\"nd_booking_margin_right_10 nd_booking_margin_left_20 nd_booking_display_table_cell nd_booking_vertical_align_middle\" width=\"20\" src=\"https:\/\/www.villapedra.com\/wp-content\/plugins\/nd-booking\/addons\/visual\/rooms\/layout\/icon-plan-grey.svg\">\n                        <p class=\"  nd_booking_display_table_cell nd_booking_vertical_align_middle nd_booking_font_size_12 nd_booking_line_height_26\">120 m\u00b2<\/p>\n                    <\/div>\n                <\/div> \n        \n                <div class=\"nd_booking_section nd_booking_height_20\"><\/div> \n                <p><\/p>\n                <div class=\"nd_booking_section nd_booking_height_20\"><\/div>\n                <a style=\"border:2px solid #78635a; color:#78635a;\" href=\"https:\/\/www.villapedra.com\/en\/villas\/rosemary-villa\/\" class=\"nd_booking_padding_15_30_important nd_options_second_font_important nd_booking_border_radius_0_important nd_booking_background_color_transparent_important nd_booking_cursor_pointer nd_booking_display_inline_block nd_booking_font_size_11 nd_booking_font_weight_bold nd_booking_letter_spacing_2\">BOOK NOW FROM 200 \u20ac<\/a>\n                \n                    <div class=\"nd_booking_section nd_booking_height_20\"><\/div> \n                    <div class=\"nd_booking_section nd_booking_height_1 nd_booking_border_bottom_1_solid_grey\"><\/div> \n                    <div class=\"nd_booking_section nd_booking_height_20\"><\/div>\n                             <a title=\"Equipped kitchen\" class=\"nd_booking_tooltip_jquery nd_booking_float_left\"><img loading=\"lazy\" decoding=\"async\" alt=\"Equipped kitchen\" class=\"nd_booking_margin_right_15 nd_booking_float_left\" width=\"23\" height=\"23\" src=\"https:\/\/www.villapedra.com\/wp-content\/uploads\/2017\/07\/icon-17.png\"><\/a>\n                        \n                             <a title=\"Dining table \/ Barbecue\" class=\"nd_booking_tooltip_jquery nd_booking_float_left\"><img loading=\"lazy\" decoding=\"async\" alt=\"Dining table \/ Barbecue\" class=\"nd_booking_margin_right_15 nd_booking_float_left\" width=\"23\" height=\"23\" src=\"https:\/\/www.villapedra.com\/wp-content\/uploads\/2017\/07\/barbecue.png\"><\/a>\n                        \n                             <a title=\"Private Terrace \/ Gardens\" class=\"nd_booking_tooltip_jquery nd_booking_float_left\"><img loading=\"lazy\" decoding=\"async\" alt=\"Private Terrace \/ Gardens\" class=\"nd_booking_margin_right_15 nd_booking_float_left\" width=\"23\" height=\"23\" src=\"https:\/\/www.villapedra.com\/wp-content\/uploads\/2017\/07\/terracosejardins.png\"><\/a>\n                        \n                             <a title=\"Central heating\" class=\"nd_booking_tooltip_jquery nd_booking_float_left\"><img loading=\"lazy\" decoding=\"async\" alt=\"Central heating\" class=\"nd_booking_margin_right_15 nd_booking_float_left\" width=\"23\" height=\"23\" src=\"https:\/\/www.villapedra.com\/wp-content\/uploads\/2017\/07\/calor-central.png\"><\/a>\n                        \n                             <a title=\"Main Building\" class=\"nd_booking_tooltip_jquery nd_booking_float_left\"><img loading=\"lazy\" decoding=\"async\" alt=\"Main Building\" class=\"nd_booking_margin_right_15 nd_booking_float_left\" width=\"23\" height=\"23\" src=\"https:\/\/www.villapedra.com\/wp-content\/uploads\/2017\/07\/edificioprincipal.png\"><\/a>\n                        \n                             <a title=\"Living Room\" class=\"nd_booking_tooltip_jquery nd_booking_float_left\"><img loading=\"lazy\" decoding=\"async\" alt=\"Living Room\" class=\"nd_booking_margin_right_15 nd_booking_float_left\" width=\"23\" height=\"23\" src=\"https:\/\/www.villapedra.com\/wp-content\/uploads\/2017\/07\/salaestar.png\"><\/a>\n                        \n                             <a title=\"Annex\" class=\"nd_booking_tooltip_jquery nd_booking_float_left\"><img loading=\"lazy\" decoding=\"async\" alt=\"Annex\" class=\"nd_booking_margin_right_15 nd_booking_float_left\" width=\"23\" height=\"23\" src=\"https:\/\/www.villapedra.com\/wp-content\/uploads\/2017\/07\/edificioprincipal.png\"><\/a>\n                        \n                             <a title=\"TV \/ WIFI\" class=\"nd_booking_tooltip_jquery nd_booking_float_left\"><img loading=\"lazy\" decoding=\"async\" alt=\"TV \/ WIFI\" class=\"nd_booking_margin_right_15 nd_booking_float_left\" width=\"23\" height=\"23\" src=\"https:\/\/www.villapedra.com\/wp-content\/uploads\/2017\/07\/icon-12-1.png\"><\/a>\n                        \n                             <a title=\"Non &#8211; Smokers\" class=\"nd_booking_tooltip_jquery nd_booking_float_left\"><img loading=\"lazy\" decoding=\"async\" alt=\"Non &#8211; Smokers\" class=\"nd_booking_margin_right_15 nd_booking_float_left\" width=\"23\" height=\"23\" src=\"https:\/\/www.villapedra.com\/wp-content\/uploads\/2017\/07\/icon-14.png\"><\/a>\n                        \n                             <a title=\"2 Bedrooms\" class=\"nd_booking_tooltip_jquery nd_booking_float_left\"><img loading=\"lazy\" decoding=\"async\" alt=\"2 Bedrooms\" class=\"nd_booking_margin_right_15 nd_booking_float_left\" width=\"23\" height=\"23\" src=\"https:\/\/www.villapedra.com\/wp-content\/uploads\/2025\/02\/6192020.png\"><\/a>\n                        \n                             <a title=\"Twin beds\" class=\"nd_booking_tooltip_jquery nd_booking_float_left\"><img loading=\"lazy\" decoding=\"async\" alt=\"Twin beds\" class=\"nd_booking_margin_right_15 nd_booking_float_left\" width=\"23\" height=\"23\" src=\"https:\/\/www.villapedra.com\/wp-content\/uploads\/2025\/02\/259965.png\"><\/a>\n                        \n                             <a title=\"Double Bed\" class=\"nd_booking_tooltip_jquery nd_booking_float_left\"><img loading=\"lazy\" decoding=\"async\" alt=\"Double Bed\" class=\"nd_booking_margin_right_15 nd_booking_float_left\" width=\"23\" height=\"23\" src=\"https:\/\/www.villapedra.com\/wp-content\/uploads\/2017\/07\/camacasal.png\"><\/a>\n                        \n                             <a title=\"2 Bathrooms\" class=\"nd_booking_tooltip_jquery nd_booking_float_left\"><img loading=\"lazy\" decoding=\"async\" alt=\"2 Bathrooms\" class=\"nd_booking_margin_right_15 nd_booking_float_left\" width=\"23\" height=\"23\" src=\"https:\/\/www.villapedra.com\/wp-content\/uploads\/2025\/02\/images-1.png\"><\/a>\n                        \n                             <a title=\"NO AC\" class=\"nd_booking_tooltip_jquery nd_booking_float_left\"><img loading=\"lazy\" decoding=\"async\" alt=\"NO AC\" class=\"nd_booking_margin_right_15 nd_booking_float_left\" width=\"23\" height=\"23\" src=\"https:\/\/www.villapedra.com\/wp-content\/uploads\/2025\/08\/93566064-forbidden-sign-with-air-conditioner-linear-icon-thin-line-illustration-no-cooling-stop-contour.jpg\"><\/a>\n                        \n                    <a href=\"https:\/\/www.villapedra.com\/en\/villas\/rosemary-villa\/\" class=\"nd_booking_margin_top_7 nd_booking_float_right nd_booking_display_inline_block nd_booking_text_align_center nd_booking_box_sizing_border_box nd_booking_font_size_12\">\n                        <span class=\"nd_booking_float_left nd_booking_font_size_11 nd_booking_letter_spacing_2\">FULL INFO<\/span>\n                        <img decoding=\"async\" alt=\"\" class=\"nd_booking_margin_left_5 nd_booking_float_left\" width=\"10\" src=\"https:\/\/www.villapedra.com\/wp-content\/plugins\/nd-booking\/addons\/visual\/rooms\/layout\/icon-right-arrow-grey.svg\">\n                    <\/a>\n            <\/div>\n        <\/div>\n\n    <\/div>\n\n<\/div><\/div><div style=\"background-color:;height: 20px\" class=\"nicdark_section  \"><\/div>[\/vc_column_inner][\/vc_row_inner][vc_row_inner][vc_column_inner width=&#8221;1\/3&#8243;][vc_single_image image=&#8221;9400&#8243; img_size=&#8221;large&#8221; alignment=&#8221;center&#8221; onclick=&#8221;custom_link&#8221; css=&#8221;&#8221; link=&#8221;\/en\/villas\/medlar-tree-villa\/&#8221; el_class=&#8221;villas_imagens&#8221;]\n\n\t<script type=\"text\/javascript\">\n    \/\/<![CDATA[\n    \n    jQuery(document).ready(function() {\n\n      \/\/START masonry\n      jQuery(function ($) {\n        \n        \/\/Masonry\n    \t\tvar $nd_booking_masonry_content = $(\".nd_booking_masonry_content\").imagesLoaded( function() {\n    \t\t  \/\/ init Masonry after all images have loaded\n    \t\t  $nd_booking_masonry_content.masonry({\n    \t\t    itemSelector: \".nd_booking_masonry_item\"\n    \t\t  });\n    \t\t});\n\n      });\n      \/\/END masonry\n\n    });\n\n    \/\/]]>\n  <\/script>\n\n<div class=\"nd_booking_section nd_booking_masonry_content villas_quadros \">\n\n<div id=\"nd_booking_archive_cpt_1_single_2331\" class=\" nd_booking_rooms_component_l1 nd_booking_masonry_item nd_booking_width_100_percentage nd_booking_width_100_percentage_responsive\">\n\n    <div class=\"nd_booking_section nd_booking_padding_15 nd_booking_box_sizing_border_box\">\n\n        <div class=\"nd_booking_section nd_booking_border_1_solid_grey nd_booking_bg_white\">\n            \n            \n\n        <div class=\"nd_booking_section nd_booking_position_relative\">\n\n            <img decoding=\"async\" alt=\"\" class=\"nd_booking_section\" src=\"https:\/\/www.villapedra.com\/wp-content\/uploads\/2026\/01\/20260119_103239-1-1024x683.jpg\">\n\n            <div class=\"nd_booking_bg_greydark_alpha_gradient_3 nd_booking_position_absolute nd_booking_left_0 nd_booking_height_100_percentage nd_booking_width_100_percentage nd_booking_padding_30 nd_booking_box_sizing_border_box\">\n                <div class=\"nd_booking_position_absolute nd_booking_bottom_20\">\n                    <p class=\"nd_options_color_white nd_booking_margin_right_10 nd_booking_float_left nd_booking_font_size_11 nd_booking_letter_spacing_2 nd_booking_text_transform_uppercase\">Villa Pedra En<\/p><img decoding=\"async\" alt=\"\" class=\"nd_booking_margin_right_5 nd_booking_float_left\" width=\"10\" src=\"https:\/\/www.villapedra.com\/wp-content\/plugins\/nd-booking\/addons\/visual\/rooms\/layout\/icon-star-full-white.svg\"><img decoding=\"async\" alt=\"\" class=\"nd_booking_margin_right_5 nd_booking_float_left\" width=\"10\" src=\"https:\/\/www.villapedra.com\/wp-content\/plugins\/nd-booking\/addons\/visual\/rooms\/layout\/icon-star-full-white.svg\"><img decoding=\"async\" alt=\"\" class=\"nd_booking_margin_right_5 nd_booking_float_left\" width=\"10\" src=\"https:\/\/www.villapedra.com\/wp-content\/plugins\/nd-booking\/addons\/visual\/rooms\/layout\/icon-star-full-white.svg\"><img decoding=\"async\" alt=\"\" class=\"nd_booking_margin_right_5 nd_booking_float_left\" width=\"10\" src=\"https:\/\/www.villapedra.com\/wp-content\/plugins\/nd-booking\/addons\/visual\/rooms\/layout\/icon-star-full-white.svg\"><img decoding=\"async\" alt=\"\" class=\"nd_booking_margin_right_5 nd_booking_float_left\" width=\"10\" src=\"https:\/\/www.villapedra.com\/wp-content\/plugins\/nd-booking\/addons\/visual\/rooms\/layout\/icon-star-full-white.svg\">\n                <\/div>\n            <\/div>\n\n        <\/div>\n\n\n    \n\n            <div class=\"nd_booking_section nd_booking_padding_30 nd_booking_box_sizing_border_box\">\n\n                <h1>Medlar-Tree Villa<\/h1>\n                <div class=\"nd_booking_section nd_booking_height_10\"><\/div>\n\n                <div class=\"nd_booking_section\">\n                    <div class=\"nd_booking_display_table nd_booking_float_left\">\n                        <img decoding=\"async\" alt=\"\" class=\"nd_booking_margin_right_10 nd_booking_display_table_cell nd_booking_vertical_align_middle\" width=\"23\" src=\"https:\/\/www.villapedra.com\/wp-content\/plugins\/nd-booking\/addons\/visual\/rooms\/layout\/icon-user-grey.svg\">\n                        <p class=\"  nd_booking_display_table_cell nd_booking_vertical_align_middle nd_booking_font_size_12 nd_booking_line_height_26\">5 GUESTS<\/p>\n                        <img decoding=\"async\" alt=\"\" class=\"nd_booking_margin_right_10 nd_booking_margin_left_20 nd_booking_display_table_cell nd_booking_vertical_align_middle\" width=\"20\" src=\"https:\/\/www.villapedra.com\/wp-content\/plugins\/nd-booking\/addons\/visual\/rooms\/layout\/icon-plan-grey.svg\">\n                        <p class=\"  nd_booking_display_table_cell nd_booking_vertical_align_middle nd_booking_font_size_12 nd_booking_line_height_26\">120 m\u00b2<\/p>\n                    <\/div>\n                <\/div> \n        \n                <div class=\"nd_booking_section nd_booking_height_20\"><\/div> \n                <p><\/p>\n                <div class=\"nd_booking_section nd_booking_height_20\"><\/div>\n                <a style=\"border:2px solid #78635a; color:#78635a;\" href=\"https:\/\/www.villapedra.com\/en\/villas\/medlar-tree-villa\/\" class=\"nd_booking_padding_15_30_important nd_options_second_font_important nd_booking_border_radius_0_important nd_booking_background_color_transparent_important nd_booking_cursor_pointer nd_booking_display_inline_block nd_booking_font_size_11 nd_booking_font_weight_bold nd_booking_letter_spacing_2\">BOOK NOW FROM 200 \u20ac<\/a>\n                \n                    <div class=\"nd_booking_section nd_booking_height_20\"><\/div> \n                    <div class=\"nd_booking_section nd_booking_height_1 nd_booking_border_bottom_1_solid_grey\"><\/div> \n                    <div class=\"nd_booking_section nd_booking_height_20\"><\/div>\n                             <a title=\"Living Room\" class=\"nd_booking_tooltip_jquery nd_booking_float_left\"><img loading=\"lazy\" decoding=\"async\" alt=\"Living Room\" class=\"nd_booking_margin_right_15 nd_booking_float_left\" width=\"23\" height=\"23\" src=\"https:\/\/www.villapedra.com\/wp-content\/uploads\/2017\/07\/salaestar.png\"><\/a>\n                        \n                             <a title=\"Equipped kitchen\" class=\"nd_booking_tooltip_jquery nd_booking_float_left\"><img loading=\"lazy\" decoding=\"async\" alt=\"Equipped kitchen\" class=\"nd_booking_margin_right_15 nd_booking_float_left\" width=\"23\" height=\"23\" src=\"https:\/\/www.villapedra.com\/wp-content\/uploads\/2017\/07\/icon-17.png\"><\/a>\n                        \n                             <a title=\"Private Terrace \/ Gardens\" class=\"nd_booking_tooltip_jquery nd_booking_float_left\"><img loading=\"lazy\" decoding=\"async\" alt=\"Private Terrace \/ Gardens\" class=\"nd_booking_margin_right_15 nd_booking_float_left\" width=\"23\" height=\"23\" src=\"https:\/\/www.villapedra.com\/wp-content\/uploads\/2017\/07\/terracosejardins.png\"><\/a>\n                        \n                             <a title=\"Air conditioner\" class=\"nd_booking_tooltip_jquery nd_booking_float_left\"><img loading=\"lazy\" decoding=\"async\" alt=\"Air conditioner\" class=\"nd_booking_margin_right_15 nd_booking_float_left\" width=\"23\" height=\"23\" src=\"https:\/\/www.villapedra.com\/wp-content\/uploads\/2020\/11\/ar-conditionado.png\"><\/a>\n                        \n                             <a title=\"TV \/ WIFI\" class=\"nd_booking_tooltip_jquery nd_booking_float_left\"><img loading=\"lazy\" decoding=\"async\" alt=\"TV \/ WIFI\" class=\"nd_booking_margin_right_15 nd_booking_float_left\" width=\"23\" height=\"23\" src=\"https:\/\/www.villapedra.com\/wp-content\/uploads\/2017\/07\/icon-12-1.png\"><\/a>\n                        \n                             <a title=\"Non &#8211; Smokers\" class=\"nd_booking_tooltip_jquery nd_booking_float_left\"><img loading=\"lazy\" decoding=\"async\" alt=\"Non &#8211; Smokers\" class=\"nd_booking_margin_right_15 nd_booking_float_left\" width=\"23\" height=\"23\" src=\"https:\/\/www.villapedra.com\/wp-content\/uploads\/2017\/07\/icon-14.png\"><\/a>\n                        \n                             <a title=\"Extra Bed\" class=\"nd_booking_tooltip_jquery nd_booking_float_left\"><img loading=\"lazy\" decoding=\"async\" alt=\"Extra Bed\" class=\"nd_booking_margin_right_15 nd_booking_float_left\" width=\"23\" height=\"23\" src=\"https:\/\/www.villapedra.com\/wp-content\/uploads\/2020\/11\/cama-extra.png\"><\/a>\n                        \n                             <a title=\"2 Bedrooms\" class=\"nd_booking_tooltip_jquery nd_booking_float_left\"><img loading=\"lazy\" decoding=\"async\" alt=\"2 Bedrooms\" class=\"nd_booking_margin_right_15 nd_booking_float_left\" width=\"23\" height=\"23\" src=\"https:\/\/www.villapedra.com\/wp-content\/uploads\/2025\/02\/6192020.png\"><\/a>\n                        \n                             <a title=\"Twin beds\" class=\"nd_booking_tooltip_jquery nd_booking_float_left\"><img loading=\"lazy\" decoding=\"async\" alt=\"Twin beds\" class=\"nd_booking_margin_right_15 nd_booking_float_left\" width=\"23\" height=\"23\" src=\"https:\/\/www.villapedra.com\/wp-content\/uploads\/2025\/02\/259965.png\"><\/a>\n                        \n                             <a title=\"Twin beds\" class=\"nd_booking_tooltip_jquery nd_booking_float_left\"><img loading=\"lazy\" decoding=\"async\" alt=\"Twin beds\" class=\"nd_booking_margin_right_15 nd_booking_float_left\" width=\"23\" height=\"23\" src=\"https:\/\/www.villapedra.com\/wp-content\/uploads\/2025\/02\/259965.png\"><\/a>\n                        \n                             <a title=\"2 Bathrooms\" class=\"nd_booking_tooltip_jquery nd_booking_float_left\"><img loading=\"lazy\" decoding=\"async\" alt=\"2 Bathrooms\" class=\"nd_booking_margin_right_15 nd_booking_float_left\" width=\"23\" height=\"23\" src=\"https:\/\/www.villapedra.com\/wp-content\/uploads\/2025\/02\/images-1.png\"><\/a>\n                        \n                    <a href=\"https:\/\/www.villapedra.com\/en\/villas\/medlar-tree-villa\/\" class=\"nd_booking_margin_top_7 nd_booking_float_right nd_booking_display_inline_block nd_booking_text_align_center nd_booking_box_sizing_border_box nd_booking_font_size_12\">\n                        <span class=\"nd_booking_float_left nd_booking_font_size_11 nd_booking_letter_spacing_2\">FULL INFO<\/span>\n                        <img decoding=\"async\" alt=\"\" class=\"nd_booking_margin_left_5 nd_booking_float_left\" width=\"10\" src=\"https:\/\/www.villapedra.com\/wp-content\/plugins\/nd-booking\/addons\/visual\/rooms\/layout\/icon-right-arrow-grey.svg\">\n                    <\/a>\n            <\/div>\n        <\/div>\n\n    <\/div>\n\n<\/div><\/div><div style=\"background-color:;height: 20px\" class=\"nicdark_section  \"><\/div>[\/vc_column_inner][vc_column_inner width=&#8221;1\/3&#8243;][vc_single_image image=&#8221;9443&#8243; img_size=&#8221;large&#8221; alignment=&#8221;center&#8221; onclick=&#8221;custom_link&#8221; css=&#8221;&#8221; link=&#8221;\/en\/villas\/laurel-villa\/&#8221; el_class=&#8221;villas_imagens&#8221;]\n\n\t<script type=\"text\/javascript\">\n    \/\/<![CDATA[\n    \n    jQuery(document).ready(function() {\n\n      \/\/START masonry\n      jQuery(function ($) {\n        \n        \/\/Masonry\n    \t\tvar $nd_booking_masonry_content = $(\".nd_booking_masonry_content\").imagesLoaded( function() {\n    \t\t  \/\/ init Masonry after all images have loaded\n    \t\t  $nd_booking_masonry_content.masonry({\n    \t\t    itemSelector: \".nd_booking_masonry_item\"\n    \t\t  });\n    \t\t});\n\n      });\n      \/\/END masonry\n\n    });\n\n    \/\/]]>\n  <\/script>\n\n<div class=\"nd_booking_section nd_booking_masonry_content villas_quadros \">\n\n<div id=\"nd_booking_archive_cpt_1_single_2344\" class=\" nd_booking_rooms_component_l1 nd_booking_masonry_item nd_booking_width_100_percentage nd_booking_width_100_percentage_responsive\">\n\n    <div class=\"nd_booking_section nd_booking_padding_15 nd_booking_box_sizing_border_box\">\n\n        <div class=\"nd_booking_section nd_booking_border_1_solid_grey nd_booking_bg_white\">\n            \n            \n\n        <div class=\"nd_booking_section nd_booking_position_relative\">\n\n            <img decoding=\"async\" alt=\"\" class=\"nd_booking_section\" src=\"https:\/\/www.villapedra.com\/wp-content\/uploads\/2026\/01\/Jardim-3-2-1024x683.jpg\">\n\n            <div class=\"nd_booking_bg_greydark_alpha_gradient_3 nd_booking_position_absolute nd_booking_left_0 nd_booking_height_100_percentage nd_booking_width_100_percentage nd_booking_padding_30 nd_booking_box_sizing_border_box\">\n                <div class=\"nd_booking_position_absolute nd_booking_bottom_20\">\n                    <p class=\"nd_options_color_white nd_booking_margin_right_10 nd_booking_float_left nd_booking_font_size_11 nd_booking_letter_spacing_2 nd_booking_text_transform_uppercase\">Villa Pedra En<\/p><img decoding=\"async\" alt=\"\" class=\"nd_booking_margin_right_5 nd_booking_float_left\" width=\"10\" src=\"https:\/\/www.villapedra.com\/wp-content\/plugins\/nd-booking\/addons\/visual\/rooms\/layout\/icon-star-full-white.svg\"><img decoding=\"async\" alt=\"\" class=\"nd_booking_margin_right_5 nd_booking_float_left\" width=\"10\" src=\"https:\/\/www.villapedra.com\/wp-content\/plugins\/nd-booking\/addons\/visual\/rooms\/layout\/icon-star-full-white.svg\"><img decoding=\"async\" alt=\"\" class=\"nd_booking_margin_right_5 nd_booking_float_left\" width=\"10\" src=\"https:\/\/www.villapedra.com\/wp-content\/plugins\/nd-booking\/addons\/visual\/rooms\/layout\/icon-star-full-white.svg\"><img decoding=\"async\" alt=\"\" class=\"nd_booking_margin_right_5 nd_booking_float_left\" width=\"10\" src=\"https:\/\/www.villapedra.com\/wp-content\/plugins\/nd-booking\/addons\/visual\/rooms\/layout\/icon-star-full-white.svg\"><img decoding=\"async\" alt=\"\" class=\"nd_booking_margin_right_5 nd_booking_float_left\" width=\"10\" src=\"https:\/\/www.villapedra.com\/wp-content\/plugins\/nd-booking\/addons\/visual\/rooms\/layout\/icon-star-full-white.svg\">\n                <\/div>\n            <\/div>\n\n        <\/div>\n\n\n    \n\n            <div class=\"nd_booking_section nd_booking_padding_30 nd_booking_box_sizing_border_box\">\n\n                <h1>Laurel&#8217;s Villa<\/h1>\n                <div class=\"nd_booking_section nd_booking_height_10\"><\/div>\n\n                <div class=\"nd_booking_section\">\n                    <div class=\"nd_booking_display_table nd_booking_float_left\">\n                        <img decoding=\"async\" alt=\"\" class=\"nd_booking_margin_right_10 nd_booking_display_table_cell nd_booking_vertical_align_middle\" width=\"23\" src=\"https:\/\/www.villapedra.com\/wp-content\/plugins\/nd-booking\/addons\/visual\/rooms\/layout\/icon-user-grey.svg\">\n                        <p class=\"  nd_booking_display_table_cell nd_booking_vertical_align_middle nd_booking_font_size_12 nd_booking_line_height_26\">5 GUESTS<\/p>\n                        <img decoding=\"async\" alt=\"\" class=\"nd_booking_margin_right_10 nd_booking_margin_left_20 nd_booking_display_table_cell nd_booking_vertical_align_middle\" width=\"20\" src=\"https:\/\/www.villapedra.com\/wp-content\/plugins\/nd-booking\/addons\/visual\/rooms\/layout\/icon-plan-grey.svg\">\n                        <p class=\"  nd_booking_display_table_cell nd_booking_vertical_align_middle nd_booking_font_size_12 nd_booking_line_height_26\">120 m\u00b2<\/p>\n                    <\/div>\n                <\/div> \n        \n                <div class=\"nd_booking_section nd_booking_height_20\"><\/div> \n                <p><\/p>\n                <div class=\"nd_booking_section nd_booking_height_20\"><\/div>\n                <a style=\"border:2px solid #78635a; color:#78635a;\" href=\"https:\/\/www.villapedra.com\/en\/villas\/laurel-villa\/\" class=\"nd_booking_padding_15_30_important nd_options_second_font_important nd_booking_border_radius_0_important nd_booking_background_color_transparent_important nd_booking_cursor_pointer nd_booking_display_inline_block nd_booking_font_size_11 nd_booking_font_weight_bold nd_booking_letter_spacing_2\">BOOK NOW FROM 230 \u20ac<\/a>\n                \n                    <div class=\"nd_booking_section nd_booking_height_20\"><\/div> \n                    <div class=\"nd_booking_section nd_booking_height_1 nd_booking_border_bottom_1_solid_grey\"><\/div> \n                    <div class=\"nd_booking_section nd_booking_height_20\"><\/div>\n                             <a title=\"Double Bed\" class=\"nd_booking_tooltip_jquery nd_booking_float_left\"><img loading=\"lazy\" decoding=\"async\" alt=\"Double Bed\" class=\"nd_booking_margin_right_15 nd_booking_float_left\" width=\"23\" height=\"23\" src=\"https:\/\/www.villapedra.com\/wp-content\/uploads\/2017\/07\/camacasal.png\"><\/a>\n                        \n                             <a title=\"Living Room\" class=\"nd_booking_tooltip_jquery nd_booking_float_left\"><img loading=\"lazy\" decoding=\"async\" alt=\"Living Room\" class=\"nd_booking_margin_right_15 nd_booking_float_left\" width=\"23\" height=\"23\" src=\"https:\/\/www.villapedra.com\/wp-content\/uploads\/2017\/07\/salaestar.png\"><\/a>\n                        \n                             <a title=\"Equipped kitchen\" class=\"nd_booking_tooltip_jquery nd_booking_float_left\"><img loading=\"lazy\" decoding=\"async\" alt=\"Equipped kitchen\" class=\"nd_booking_margin_right_15 nd_booking_float_left\" width=\"23\" height=\"23\" src=\"https:\/\/www.villapedra.com\/wp-content\/uploads\/2017\/07\/icon-17.png\"><\/a>\n                        \n                             <a title=\"Private Terrace \/ Gardens\" class=\"nd_booking_tooltip_jquery nd_booking_float_left\"><img loading=\"lazy\" decoding=\"async\" alt=\"Private Terrace \/ Gardens\" class=\"nd_booking_margin_right_15 nd_booking_float_left\" width=\"23\" height=\"23\" src=\"https:\/\/www.villapedra.com\/wp-content\/uploads\/2017\/07\/terracosejardins.png\"><\/a>\n                        \n                             <a title=\"Dining table \/ Barbecue\" class=\"nd_booking_tooltip_jquery nd_booking_float_left\"><img loading=\"lazy\" decoding=\"async\" alt=\"Dining table \/ Barbecue\" class=\"nd_booking_margin_right_15 nd_booking_float_left\" width=\"23\" height=\"23\" src=\"https:\/\/www.villapedra.com\/wp-content\/uploads\/2017\/07\/barbecue.png\"><\/a>\n                        \n                             <a title=\"Central heating\" class=\"nd_booking_tooltip_jquery nd_booking_float_left\"><img loading=\"lazy\" decoding=\"async\" alt=\"Central heating\" class=\"nd_booking_margin_right_15 nd_booking_float_left\" width=\"23\" height=\"23\" src=\"https:\/\/www.villapedra.com\/wp-content\/uploads\/2017\/07\/calor-central.png\"><\/a>\n                        \n                             <a title=\"Fireplace\" class=\"nd_booking_tooltip_jquery nd_booking_float_left\"><img loading=\"lazy\" decoding=\"async\" alt=\"Fireplace\" class=\"nd_booking_margin_right_15 nd_booking_float_left\" width=\"23\" height=\"23\" src=\"https:\/\/www.villapedra.com\/wp-content\/uploads\/2020\/11\/lareira.png\"><\/a>\n                        \n                             <a title=\"Twin beds\" class=\"nd_booking_tooltip_jquery nd_booking_float_left\"><img loading=\"lazy\" decoding=\"async\" alt=\"Twin beds\" class=\"nd_booking_margin_right_15 nd_booking_float_left\" width=\"23\" height=\"23\" src=\"https:\/\/www.villapedra.com\/wp-content\/uploads\/2025\/02\/259965.png\"><\/a>\n                        \n                             <a title=\"2 Bathrooms\" class=\"nd_booking_tooltip_jquery nd_booking_float_left\"><img loading=\"lazy\" decoding=\"async\" alt=\"2 Bathrooms\" class=\"nd_booking_margin_right_15 nd_booking_float_left\" width=\"23\" height=\"23\" src=\"https:\/\/www.villapedra.com\/wp-content\/uploads\/2025\/02\/images-1.png\"><\/a>\n                        \n                             <a title=\"TV \/ WIFI\" class=\"nd_booking_tooltip_jquery nd_booking_float_left\"><img loading=\"lazy\" decoding=\"async\" alt=\"TV \/ WIFI\" class=\"nd_booking_margin_right_15 nd_booking_float_left\" width=\"23\" height=\"23\" src=\"https:\/\/www.villapedra.com\/wp-content\/uploads\/2017\/07\/icon-12-1.png\"><\/a>\n                        \n                             <a title=\"Non &#8211; Smokers\" class=\"nd_booking_tooltip_jquery nd_booking_float_left\"><img loading=\"lazy\" decoding=\"async\" alt=\"Non &#8211; Smokers\" class=\"nd_booking_margin_right_15 nd_booking_float_left\" width=\"23\" height=\"23\" src=\"https:\/\/www.villapedra.com\/wp-content\/uploads\/2017\/07\/icon-14.png\"><\/a>\n                        \n                             <a title=\"Extra Bed\" class=\"nd_booking_tooltip_jquery nd_booking_float_left\"><img loading=\"lazy\" decoding=\"async\" alt=\"Extra Bed\" class=\"nd_booking_margin_right_15 nd_booking_float_left\" width=\"23\" height=\"23\" src=\"https:\/\/www.villapedra.com\/wp-content\/uploads\/2020\/11\/cama-extra.png\"><\/a>\n                        \n                             <a title=\"2 Bedrooms\" class=\"nd_booking_tooltip_jquery nd_booking_float_left\"><img loading=\"lazy\" decoding=\"async\" alt=\"2 Bedrooms\" class=\"nd_booking_margin_right_15 nd_booking_float_left\" width=\"23\" height=\"23\" src=\"https:\/\/www.villapedra.com\/wp-content\/uploads\/2025\/02\/6192020.png\"><\/a>\n                        \n                             <a title=\"NO AC\" class=\"nd_booking_tooltip_jquery nd_booking_float_left\"><img loading=\"lazy\" decoding=\"async\" alt=\"NO AC\" class=\"nd_booking_margin_right_15 nd_booking_float_left\" width=\"23\" height=\"23\" src=\"https:\/\/www.villapedra.com\/wp-content\/uploads\/2025\/08\/93566064-forbidden-sign-with-air-conditioner-linear-icon-thin-line-illustration-no-cooling-stop-contour.jpg\"><\/a>\n                        \n                    <a href=\"https:\/\/www.villapedra.com\/en\/villas\/laurel-villa\/\" class=\"nd_booking_margin_top_7 nd_booking_float_right nd_booking_display_inline_block nd_booking_text_align_center nd_booking_box_sizing_border_box nd_booking_font_size_12\">\n                        <span class=\"nd_booking_float_left nd_booking_font_size_11 nd_booking_letter_spacing_2\">FULL INFO<\/span>\n                        <img decoding=\"async\" alt=\"\" class=\"nd_booking_margin_left_5 nd_booking_float_left\" width=\"10\" src=\"https:\/\/www.villapedra.com\/wp-content\/plugins\/nd-booking\/addons\/visual\/rooms\/layout\/icon-right-arrow-grey.svg\">\n                    <\/a>\n            <\/div>\n        <\/div>\n\n    <\/div>\n\n<\/div><\/div><div style=\"background-color:;height: 20px\" class=\"nicdark_section  \"><\/div>[\/vc_column_inner][vc_column_inner width=&#8221;1\/3&#8243;][vc_single_image image=&#8221;8284&#8243; img_size=&#8221;large&#8221; alignment=&#8221;center&#8221; onclick=&#8221;custom_link&#8221; css=&#8221;&#8221; link=&#8221;\/en\/villas\/girls-school\/&#8221; el_class=&#8221;villas_imagens&#8221;]\n\n\t<script type=\"text\/javascript\">\n    \/\/<![CDATA[\n    \n    jQuery(document).ready(function() {\n\n      \/\/START masonry\n      jQuery(function ($) {\n        \n        \/\/Masonry\n    \t\tvar $nd_booking_masonry_content = $(\".nd_booking_masonry_content\").imagesLoaded( function() {\n    \t\t  \/\/ init Masonry after all images have loaded\n    \t\t  $nd_booking_masonry_content.masonry({\n    \t\t    itemSelector: \".nd_booking_masonry_item\"\n    \t\t  });\n    \t\t});\n\n      });\n      \/\/END masonry\n\n    });\n\n    \/\/]]>\n  <\/script>\n\n<div class=\"nd_booking_section nd_booking_masonry_content villas_quadros \">\n\n<div id=\"nd_booking_archive_cpt_1_single_2348\" class=\" nd_booking_rooms_component_l1 nd_booking_masonry_item nd_booking_width_100_percentage nd_booking_width_100_percentage_responsive\">\n\n    <div class=\"nd_booking_section nd_booking_padding_15 nd_booking_box_sizing_border_box\">\n\n        <div class=\"nd_booking_section nd_booking_border_1_solid_grey nd_booking_bg_white\">\n            \n            \n\n        <div class=\"nd_booking_section nd_booking_position_relative\">\n\n            <img decoding=\"async\" alt=\"\" class=\"nd_booking_section\" src=\"https:\/\/www.villapedra.com\/wp-content\/uploads\/2023\/10\/20231017_1450301-1024x768.jpg\">\n\n            <div class=\"nd_booking_bg_greydark_alpha_gradient_3 nd_booking_position_absolute nd_booking_left_0 nd_booking_height_100_percentage nd_booking_width_100_percentage nd_booking_padding_30 nd_booking_box_sizing_border_box\">\n                <div class=\"nd_booking_position_absolute nd_booking_bottom_20\">\n                    <p class=\"nd_options_color_white nd_booking_margin_right_10 nd_booking_float_left nd_booking_font_size_11 nd_booking_letter_spacing_2 nd_booking_text_transform_uppercase\">Villa Pedra En<\/p><img decoding=\"async\" alt=\"\" class=\"nd_booking_margin_right_5 nd_booking_float_left\" width=\"10\" src=\"https:\/\/www.villapedra.com\/wp-content\/plugins\/nd-booking\/addons\/visual\/rooms\/layout\/icon-star-full-white.svg\"><img decoding=\"async\" alt=\"\" class=\"nd_booking_margin_right_5 nd_booking_float_left\" width=\"10\" src=\"https:\/\/www.villapedra.com\/wp-content\/plugins\/nd-booking\/addons\/visual\/rooms\/layout\/icon-star-full-white.svg\"><img decoding=\"async\" alt=\"\" class=\"nd_booking_margin_right_5 nd_booking_float_left\" width=\"10\" src=\"https:\/\/www.villapedra.com\/wp-content\/plugins\/nd-booking\/addons\/visual\/rooms\/layout\/icon-star-full-white.svg\"><img decoding=\"async\" alt=\"\" class=\"nd_booking_margin_right_5 nd_booking_float_left\" width=\"10\" src=\"https:\/\/www.villapedra.com\/wp-content\/plugins\/nd-booking\/addons\/visual\/rooms\/layout\/icon-star-full-white.svg\"><img decoding=\"async\" alt=\"\" class=\"nd_booking_margin_right_5 nd_booking_float_left\" width=\"10\" src=\"https:\/\/www.villapedra.com\/wp-content\/plugins\/nd-booking\/addons\/visual\/rooms\/layout\/icon-star-full-white.svg\">\n                <\/div>\n            <\/div>\n\n        <\/div>\n\n\n    \n\n            <div class=\"nd_booking_section nd_booking_padding_30 nd_booking_box_sizing_border_box\">\n\n                <h1>Girls School<\/h1>\n                <div class=\"nd_booking_section nd_booking_height_10\"><\/div>\n\n                <div class=\"nd_booking_section\">\n                    <div class=\"nd_booking_display_table nd_booking_float_left\">\n                        <img decoding=\"async\" alt=\"\" class=\"nd_booking_margin_right_10 nd_booking_display_table_cell nd_booking_vertical_align_middle\" width=\"23\" src=\"https:\/\/www.villapedra.com\/wp-content\/plugins\/nd-booking\/addons\/visual\/rooms\/layout\/icon-user-grey.svg\">\n                        <p class=\"  nd_booking_display_table_cell nd_booking_vertical_align_middle nd_booking_font_size_12 nd_booking_line_height_26\">2 GUESTS<\/p>\n                        <img decoding=\"async\" alt=\"\" class=\"nd_booking_margin_right_10 nd_booking_margin_left_20 nd_booking_display_table_cell nd_booking_vertical_align_middle\" width=\"20\" src=\"https:\/\/www.villapedra.com\/wp-content\/plugins\/nd-booking\/addons\/visual\/rooms\/layout\/icon-plan-grey.svg\">\n                        <p class=\"  nd_booking_display_table_cell nd_booking_vertical_align_middle nd_booking_font_size_12 nd_booking_line_height_26\">60 m\u00b2<\/p>\n                    <\/div>\n                <\/div> \n        \n                <div class=\"nd_booking_section nd_booking_height_20\"><\/div> \n                <p><\/p>\n                <div class=\"nd_booking_section nd_booking_height_20\"><\/div>\n                <a style=\"border:2px solid #78635a; color:#78635a;\" href=\"https:\/\/www.villapedra.com\/en\/villas\/girls-school\/\" class=\"nd_booking_padding_15_30_important nd_options_second_font_important nd_booking_border_radius_0_important nd_booking_background_color_transparent_important nd_booking_cursor_pointer nd_booking_display_inline_block nd_booking_font_size_11 nd_booking_font_weight_bold nd_booking_letter_spacing_2\">BOOK NOW FROM 135 \u20ac<\/a>\n                \n                    <div class=\"nd_booking_section nd_booking_height_20\"><\/div> \n                    <div class=\"nd_booking_section nd_booking_height_1 nd_booking_border_bottom_1_solid_grey\"><\/div> \n                    <div class=\"nd_booking_section nd_booking_height_20\"><\/div>\n                             <a title=\"Living Room\" class=\"nd_booking_tooltip_jquery nd_booking_float_left\"><img loading=\"lazy\" decoding=\"async\" alt=\"Living Room\" class=\"nd_booking_margin_right_15 nd_booking_float_left\" width=\"23\" height=\"23\" src=\"https:\/\/www.villapedra.com\/wp-content\/uploads\/2017\/07\/salaestar.png\"><\/a>\n                        \n                             <a title=\"Equipped kitchen\" class=\"nd_booking_tooltip_jquery nd_booking_float_left\"><img loading=\"lazy\" decoding=\"async\" alt=\"Equipped kitchen\" class=\"nd_booking_margin_right_15 nd_booking_float_left\" width=\"23\" height=\"23\" src=\"https:\/\/www.villapedra.com\/wp-content\/uploads\/2017\/07\/icon-17.png\"><\/a>\n                        \n                             <a title=\"Private Terrace \/ Gardens\" class=\"nd_booking_tooltip_jquery nd_booking_float_left\"><img loading=\"lazy\" decoding=\"async\" alt=\"Private Terrace \/ Gardens\" class=\"nd_booking_margin_right_15 nd_booking_float_left\" width=\"23\" height=\"23\" src=\"https:\/\/www.villapedra.com\/wp-content\/uploads\/2017\/07\/terracosejardins.png\"><\/a>\n                        \n                             <a title=\"Air conditioner\" class=\"nd_booking_tooltip_jquery nd_booking_float_left\"><img loading=\"lazy\" decoding=\"async\" alt=\"Air conditioner\" class=\"nd_booking_margin_right_15 nd_booking_float_left\" width=\"23\" height=\"23\" src=\"https:\/\/www.villapedra.com\/wp-content\/uploads\/2020\/11\/ar-conditionado.png\"><\/a>\n                        \n                             <a title=\"Double Bed\" class=\"nd_booking_tooltip_jquery nd_booking_float_left\"><img loading=\"lazy\" decoding=\"async\" alt=\"Double Bed\" class=\"nd_booking_margin_right_15 nd_booking_float_left\" width=\"23\" height=\"23\" src=\"https:\/\/www.villapedra.com\/wp-content\/uploads\/2017\/07\/camacasal.png\"><\/a>\n                        \n                             <a title=\"TV \/ WIFI\" class=\"nd_booking_tooltip_jquery nd_booking_float_left\"><img loading=\"lazy\" decoding=\"async\" alt=\"TV \/ WIFI\" class=\"nd_booking_margin_right_15 nd_booking_float_left\" width=\"23\" height=\"23\" src=\"https:\/\/www.villapedra.com\/wp-content\/uploads\/2017\/07\/icon-12-1.png\"><\/a>\n                        \n                             <a title=\"Non &#8211; Smokers\" class=\"nd_booking_tooltip_jquery nd_booking_float_left\"><img loading=\"lazy\" decoding=\"async\" alt=\"Non &#8211; Smokers\" class=\"nd_booking_margin_right_15 nd_booking_float_left\" width=\"23\" height=\"23\" src=\"https:\/\/www.villapedra.com\/wp-content\/uploads\/2017\/07\/icon-14.png\"><\/a>\n                        \n                             <a title=\"1 Bedroom\" class=\"nd_booking_tooltip_jquery nd_booking_float_left\"><img loading=\"lazy\" decoding=\"async\" alt=\"1 Bedroom\" class=\"nd_booking_margin_right_15 nd_booking_float_left\" width=\"23\" height=\"23\" src=\"https:\/\/www.villapedra.com\/wp-content\/uploads\/2025\/02\/6192020.png\"><\/a>\n                        \n                             <a title=\"1 Casa de Banho\" class=\"nd_booking_tooltip_jquery nd_booking_float_left\"><img loading=\"lazy\" decoding=\"async\" alt=\"1 Casa de Banho\" class=\"nd_booking_margin_right_15 nd_booking_float_left\" width=\"23\" height=\"23\" src=\"https:\/\/www.villapedra.com\/wp-content\/uploads\/2025\/02\/images-1.png\"><\/a>\n                        \n                    <a href=\"https:\/\/www.villapedra.com\/en\/villas\/girls-school\/\" class=\"nd_booking_margin_top_7 nd_booking_float_right nd_booking_display_inline_block nd_booking_text_align_center nd_booking_box_sizing_border_box nd_booking_font_size_12\">\n                        <span class=\"nd_booking_float_left nd_booking_font_size_11 nd_booking_letter_spacing_2\">FULL INFO<\/span>\n                        <img decoding=\"async\" alt=\"\" class=\"nd_booking_margin_left_5 nd_booking_float_left\" width=\"10\" src=\"https:\/\/www.villapedra.com\/wp-content\/plugins\/nd-booking\/addons\/visual\/rooms\/layout\/icon-right-arrow-grey.svg\">\n                    <\/a>\n            <\/div>\n        <\/div>\n\n    <\/div>\n\n<\/div><\/div><div style=\"background-color:;height: 20px\" class=\"nicdark_section  \"><\/div>[\/vc_column_inner][\/vc_row_inner][vc_row_inner][vc_column_inner width=&#8221;1\/3&#8243;][vc_single_image image=&#8221;8292&#8243; img_size=&#8221;large&#8221; alignment=&#8221;center&#8221; onclick=&#8221;custom_link&#8221; link=&#8221;\/en\/villas\/boys-school\/&#8221; el_class=&#8221;villas_imagens&#8221;]\n\n\t<script type=\"text\/javascript\">\n    \/\/<![CDATA[\n    \n    jQuery(document).ready(function() {\n\n      \/\/START masonry\n      jQuery(function ($) {\n        \n        \/\/Masonry\n    \t\tvar $nd_booking_masonry_content = $(\".nd_booking_masonry_content\").imagesLoaded( function() {\n    \t\t  \/\/ init Masonry after all images have loaded\n    \t\t  $nd_booking_masonry_content.masonry({\n    \t\t    itemSelector: \".nd_booking_masonry_item\"\n    \t\t  });\n    \t\t});\n\n      });\n      \/\/END masonry\n\n    });\n\n    \/\/]]>\n  <\/script>\n\n<div class=\"nd_booking_section nd_booking_masonry_content villas_quadros \">\n\n<div id=\"nd_booking_archive_cpt_1_single_2346\" class=\" nd_booking_rooms_component_l1 nd_booking_masonry_item nd_booking_width_100_percentage nd_booking_width_100_percentage_responsive\">\n\n    <div class=\"nd_booking_section nd_booking_padding_15 nd_booking_box_sizing_border_box\">\n\n        <div class=\"nd_booking_section nd_booking_border_1_solid_grey nd_booking_bg_white\">\n            \n            \n\n        <div class=\"nd_booking_section nd_booking_position_relative\">\n\n            <img decoding=\"async\" alt=\"\" class=\"nd_booking_section\" src=\"https:\/\/www.villapedra.com\/wp-content\/uploads\/2020\/11\/WhatsApp-Image-2024-01-28-at-10.04.30-1024x768.jpeg\">\n\n            <div class=\"nd_booking_bg_greydark_alpha_gradient_3 nd_booking_position_absolute nd_booking_left_0 nd_booking_height_100_percentage nd_booking_width_100_percentage nd_booking_padding_30 nd_booking_box_sizing_border_box\">\n                <div class=\"nd_booking_position_absolute nd_booking_bottom_20\">\n                    <p class=\"nd_options_color_white nd_booking_margin_right_10 nd_booking_float_left nd_booking_font_size_11 nd_booking_letter_spacing_2 nd_booking_text_transform_uppercase\">Villa Pedra En<\/p><img decoding=\"async\" alt=\"\" class=\"nd_booking_margin_right_5 nd_booking_float_left\" width=\"10\" src=\"https:\/\/www.villapedra.com\/wp-content\/plugins\/nd-booking\/addons\/visual\/rooms\/layout\/icon-star-full-white.svg\"><img decoding=\"async\" alt=\"\" class=\"nd_booking_margin_right_5 nd_booking_float_left\" width=\"10\" src=\"https:\/\/www.villapedra.com\/wp-content\/plugins\/nd-booking\/addons\/visual\/rooms\/layout\/icon-star-full-white.svg\"><img decoding=\"async\" alt=\"\" class=\"nd_booking_margin_right_5 nd_booking_float_left\" width=\"10\" src=\"https:\/\/www.villapedra.com\/wp-content\/plugins\/nd-booking\/addons\/visual\/rooms\/layout\/icon-star-full-white.svg\"><img decoding=\"async\" alt=\"\" class=\"nd_booking_margin_right_5 nd_booking_float_left\" width=\"10\" src=\"https:\/\/www.villapedra.com\/wp-content\/plugins\/nd-booking\/addons\/visual\/rooms\/layout\/icon-star-full-white.svg\"><img decoding=\"async\" alt=\"\" class=\"nd_booking_margin_right_5 nd_booking_float_left\" width=\"10\" src=\"https:\/\/www.villapedra.com\/wp-content\/plugins\/nd-booking\/addons\/visual\/rooms\/layout\/icon-star-full-white.svg\">\n                <\/div>\n            <\/div>\n\n        <\/div>\n\n\n    \n\n            <div class=\"nd_booking_section nd_booking_padding_30 nd_booking_box_sizing_border_box\">\n\n                <h1>Boys School<\/h1>\n                <div class=\"nd_booking_section nd_booking_height_10\"><\/div>\n\n                <div class=\"nd_booking_section\">\n                    <div class=\"nd_booking_display_table nd_booking_float_left\">\n                        <img decoding=\"async\" alt=\"\" class=\"nd_booking_margin_right_10 nd_booking_display_table_cell nd_booking_vertical_align_middle\" width=\"23\" src=\"https:\/\/www.villapedra.com\/wp-content\/plugins\/nd-booking\/addons\/visual\/rooms\/layout\/icon-user-grey.svg\">\n                        <p class=\"  nd_booking_display_table_cell nd_booking_vertical_align_middle nd_booking_font_size_12 nd_booking_line_height_26\">2 GUESTS<\/p>\n                        <img decoding=\"async\" alt=\"\" class=\"nd_booking_margin_right_10 nd_booking_margin_left_20 nd_booking_display_table_cell nd_booking_vertical_align_middle\" width=\"20\" src=\"https:\/\/www.villapedra.com\/wp-content\/plugins\/nd-booking\/addons\/visual\/rooms\/layout\/icon-plan-grey.svg\">\n                        <p class=\"  nd_booking_display_table_cell nd_booking_vertical_align_middle nd_booking_font_size_12 nd_booking_line_height_26\">60 m\u00b2<\/p>\n                    <\/div>\n                <\/div> \n        \n                <div class=\"nd_booking_section nd_booking_height_20\"><\/div> \n                <p><\/p>\n                <div class=\"nd_booking_section nd_booking_height_20\"><\/div>\n                <a style=\"border:2px solid #78635a; color:#78635a;\" href=\"https:\/\/www.villapedra.com\/en\/villas\/boys-school\/\" class=\"nd_booking_padding_15_30_important nd_options_second_font_important nd_booking_border_radius_0_important nd_booking_background_color_transparent_important nd_booking_cursor_pointer nd_booking_display_inline_block nd_booking_font_size_11 nd_booking_font_weight_bold nd_booking_letter_spacing_2\">BOOK NOW FROM 135 \u20ac<\/a>\n                \n                    <div class=\"nd_booking_section nd_booking_height_20\"><\/div> \n                    <div class=\"nd_booking_section nd_booking_height_1 nd_booking_border_bottom_1_solid_grey\"><\/div> \n                    <div class=\"nd_booking_section nd_booking_height_20\"><\/div>\n                             <a title=\"Living Room\" class=\"nd_booking_tooltip_jquery nd_booking_float_left\"><img loading=\"lazy\" decoding=\"async\" alt=\"Living Room\" class=\"nd_booking_margin_right_15 nd_booking_float_left\" width=\"23\" height=\"23\" src=\"https:\/\/www.villapedra.com\/wp-content\/uploads\/2017\/07\/salaestar.png\"><\/a>\n                        \n                             <a title=\"Equipped kitchen\" class=\"nd_booking_tooltip_jquery nd_booking_float_left\"><img loading=\"lazy\" decoding=\"async\" alt=\"Equipped kitchen\" class=\"nd_booking_margin_right_15 nd_booking_float_left\" width=\"23\" height=\"23\" src=\"https:\/\/www.villapedra.com\/wp-content\/uploads\/2017\/07\/icon-17.png\"><\/a>\n                        \n                             <a title=\"Private Terrace \/ Gardens\" class=\"nd_booking_tooltip_jquery nd_booking_float_left\"><img loading=\"lazy\" decoding=\"async\" alt=\"Private Terrace \/ Gardens\" class=\"nd_booking_margin_right_15 nd_booking_float_left\" width=\"23\" height=\"23\" src=\"https:\/\/www.villapedra.com\/wp-content\/uploads\/2017\/07\/terracosejardins.png\"><\/a>\n                        \n                             <a title=\"Air conditioner\" class=\"nd_booking_tooltip_jquery nd_booking_float_left\"><img loading=\"lazy\" decoding=\"async\" alt=\"Air conditioner\" class=\"nd_booking_margin_right_15 nd_booking_float_left\" width=\"23\" height=\"23\" src=\"https:\/\/www.villapedra.com\/wp-content\/uploads\/2020\/11\/ar-conditionado.png\"><\/a>\n                        \n                             <a title=\"Twin beds\" class=\"nd_booking_tooltip_jquery nd_booking_float_left\"><img loading=\"lazy\" decoding=\"async\" alt=\"Twin beds\" class=\"nd_booking_margin_right_15 nd_booking_float_left\" width=\"23\" height=\"23\" src=\"https:\/\/www.villapedra.com\/wp-content\/uploads\/2025\/02\/259965.png\"><\/a>\n                        \n                             <a title=\"TV \/ WIFI\" class=\"nd_booking_tooltip_jquery nd_booking_float_left\"><img loading=\"lazy\" decoding=\"async\" alt=\"TV \/ WIFI\" class=\"nd_booking_margin_right_15 nd_booking_float_left\" width=\"23\" height=\"23\" src=\"https:\/\/www.villapedra.com\/wp-content\/uploads\/2017\/07\/icon-12-1.png\"><\/a>\n                        \n                             <a title=\"Non &#8211; Smokers\" class=\"nd_booking_tooltip_jquery nd_booking_float_left\"><img loading=\"lazy\" decoding=\"async\" alt=\"Non &#8211; Smokers\" class=\"nd_booking_margin_right_15 nd_booking_float_left\" width=\"23\" height=\"23\" src=\"https:\/\/www.villapedra.com\/wp-content\/uploads\/2017\/07\/icon-14.png\"><\/a>\n                        \n                             <a title=\"1 Bathroom\" class=\"nd_booking_tooltip_jquery nd_booking_float_left\"><img loading=\"lazy\" decoding=\"async\" alt=\"1 Bathroom\" class=\"nd_booking_margin_right_15 nd_booking_float_left\" width=\"23\" height=\"23\" src=\"https:\/\/www.villapedra.com\/wp-content\/uploads\/2025\/02\/images-1.png\"><\/a>\n                        \n                             <a title=\"1 Bedroom\" class=\"nd_booking_tooltip_jquery nd_booking_float_left\"><img loading=\"lazy\" decoding=\"async\" alt=\"1 Bedroom\" class=\"nd_booking_margin_right_15 nd_booking_float_left\" width=\"23\" height=\"23\" src=\"https:\/\/www.villapedra.com\/wp-content\/uploads\/2025\/02\/6192020.png\"><\/a>\n                        \n                    <a href=\"https:\/\/www.villapedra.com\/en\/villas\/boys-school\/\" class=\"nd_booking_margin_top_7 nd_booking_float_right nd_booking_display_inline_block nd_booking_text_align_center nd_booking_box_sizing_border_box nd_booking_font_size_12\">\n                        <span class=\"nd_booking_float_left nd_booking_font_size_11 nd_booking_letter_spacing_2\">FULL INFO<\/span>\n                        <img decoding=\"async\" alt=\"\" class=\"nd_booking_margin_left_5 nd_booking_float_left\" width=\"10\" src=\"https:\/\/www.villapedra.com\/wp-content\/plugins\/nd-booking\/addons\/visual\/rooms\/layout\/icon-right-arrow-grey.svg\">\n                    <\/a>\n            <\/div>\n        <\/div>\n\n    <\/div>\n\n<\/div><\/div><div style=\"background-color:;height: 20px\" class=\"nicdark_section  \"><\/div>[\/vc_column_inner][vc_column_inner width=&#8221;1\/3&#8243;][vc_single_image image=&#8221;8862&#8243; img_size=&#8221;large&#8221; alignment=&#8221;center&#8221; onclick=&#8221;custom_link&#8221; css=&#8221;&#8221; link=&#8221;\/en\/villas\/roses-villa\/&#8221; el_class=&#8221;villas_imagens&#8221;]\n\n\t<script type=\"text\/javascript\">\n    \/\/<![CDATA[\n    \n    jQuery(document).ready(function() {\n\n      \/\/START masonry\n      jQuery(function ($) {\n        \n        \/\/Masonry\n    \t\tvar $nd_booking_masonry_content = $(\".nd_booking_masonry_content\").imagesLoaded( function() {\n    \t\t  \/\/ init Masonry after all images have loaded\n    \t\t  $nd_booking_masonry_content.masonry({\n    \t\t    itemSelector: \".nd_booking_masonry_item\"\n    \t\t  });\n    \t\t});\n\n      });\n      \/\/END masonry\n\n    });\n\n    \/\/]]>\n  <\/script>\n\n<div class=\"nd_booking_section nd_booking_masonry_content villas_quadros \">\n\n<div id=\"nd_booking_archive_cpt_1_single_7085\" class=\" nd_booking_rooms_component_l1 nd_booking_masonry_item nd_booking_width_100_percentage nd_booking_width_100_percentage_responsive\">\n\n    <div class=\"nd_booking_section nd_booking_padding_15 nd_booking_box_sizing_border_box\">\n\n        <div class=\"nd_booking_section nd_booking_border_1_solid_grey nd_booking_bg_white\">\n            \n            \n\n        <div class=\"nd_booking_section nd_booking_position_relative\">\n\n            <img decoding=\"async\" alt=\"\" class=\"nd_booking_section\" src=\"https:\/\/www.villapedra.com\/wp-content\/uploads\/2021\/08\/WhatsApp-Image-2025-04-17-at-11.35.32-1024x683.jpg\">\n\n            <div class=\"nd_booking_bg_greydark_alpha_gradient_3 nd_booking_position_absolute nd_booking_left_0 nd_booking_height_100_percentage nd_booking_width_100_percentage nd_booking_padding_30 nd_booking_box_sizing_border_box\">\n                <div class=\"nd_booking_position_absolute nd_booking_bottom_20\">\n                    <p class=\"nd_options_color_white nd_booking_margin_right_10 nd_booking_float_left nd_booking_font_size_11 nd_booking_letter_spacing_2 nd_booking_text_transform_uppercase\">Villa Pedra En<\/p><img decoding=\"async\" alt=\"\" class=\"nd_booking_margin_right_5 nd_booking_float_left\" width=\"10\" src=\"https:\/\/www.villapedra.com\/wp-content\/plugins\/nd-booking\/addons\/visual\/rooms\/layout\/icon-star-full-white.svg\"><img decoding=\"async\" alt=\"\" class=\"nd_booking_margin_right_5 nd_booking_float_left\" width=\"10\" src=\"https:\/\/www.villapedra.com\/wp-content\/plugins\/nd-booking\/addons\/visual\/rooms\/layout\/icon-star-full-white.svg\"><img decoding=\"async\" alt=\"\" class=\"nd_booking_margin_right_5 nd_booking_float_left\" width=\"10\" src=\"https:\/\/www.villapedra.com\/wp-content\/plugins\/nd-booking\/addons\/visual\/rooms\/layout\/icon-star-full-white.svg\"><img decoding=\"async\" alt=\"\" class=\"nd_booking_margin_right_5 nd_booking_float_left\" width=\"10\" src=\"https:\/\/www.villapedra.com\/wp-content\/plugins\/nd-booking\/addons\/visual\/rooms\/layout\/icon-star-full-white.svg\"><img decoding=\"async\" alt=\"\" class=\"nd_booking_margin_right_5 nd_booking_float_left\" width=\"10\" src=\"https:\/\/www.villapedra.com\/wp-content\/plugins\/nd-booking\/addons\/visual\/rooms\/layout\/icon-star-full-white.svg\">\n                <\/div>\n            <\/div>\n\n        <\/div>\n\n\n    \n\n            <div class=\"nd_booking_section nd_booking_padding_30 nd_booking_box_sizing_border_box\">\n\n                <h1>Roses Villa<\/h1>\n                <div class=\"nd_booking_section nd_booking_height_10\"><\/div>\n\n                <div class=\"nd_booking_section\">\n                    <div class=\"nd_booking_display_table nd_booking_float_left\">\n                        <img decoding=\"async\" alt=\"\" class=\"nd_booking_margin_right_10 nd_booking_display_table_cell nd_booking_vertical_align_middle\" width=\"23\" src=\"https:\/\/www.villapedra.com\/wp-content\/plugins\/nd-booking\/addons\/visual\/rooms\/layout\/icon-user-grey.svg\">\n                        <p class=\"  nd_booking_display_table_cell nd_booking_vertical_align_middle nd_booking_font_size_12 nd_booking_line_height_26\">6 GUESTS<\/p>\n                        <img decoding=\"async\" alt=\"\" class=\"nd_booking_margin_right_10 nd_booking_margin_left_20 nd_booking_display_table_cell nd_booking_vertical_align_middle\" width=\"20\" src=\"https:\/\/www.villapedra.com\/wp-content\/plugins\/nd-booking\/addons\/visual\/rooms\/layout\/icon-plan-grey.svg\">\n                        <p class=\"  nd_booking_display_table_cell nd_booking_vertical_align_middle nd_booking_font_size_12 nd_booking_line_height_26\">270 m\u00b2<\/p>\n                    <\/div>\n                <\/div> \n        \n                <div class=\"nd_booking_section nd_booking_height_20\"><\/div> \n                <p><\/p>\n                <div class=\"nd_booking_section nd_booking_height_20\"><\/div>\n                <a style=\"border:2px solid #78635a; color:#78635a;\" href=\"https:\/\/www.villapedra.com\/en\/villas\/roses-villa\/\" class=\"nd_booking_padding_15_30_important nd_options_second_font_important nd_booking_border_radius_0_important nd_booking_background_color_transparent_important nd_booking_cursor_pointer nd_booking_display_inline_block nd_booking_font_size_11 nd_booking_font_weight_bold nd_booking_letter_spacing_2\">BOOK NOW FROM 450 \u20ac<\/a>\n                \n                    <div class=\"nd_booking_section nd_booking_height_20\"><\/div> \n                    <div class=\"nd_booking_section nd_booking_height_1 nd_booking_border_bottom_1_solid_grey\"><\/div> \n                    <div class=\"nd_booking_section nd_booking_height_20\"><\/div>\n                             <a title=\"Double Bed\" class=\"nd_booking_tooltip_jquery nd_booking_float_left\"><img loading=\"lazy\" decoding=\"async\" alt=\"Double Bed\" class=\"nd_booking_margin_right_15 nd_booking_float_left\" width=\"23\" height=\"23\" src=\"https:\/\/www.villapedra.com\/wp-content\/uploads\/2017\/07\/camacasal.png\"><\/a>\n                        \n                             <a title=\"Twin beds\" class=\"nd_booking_tooltip_jquery nd_booking_float_left\"><img loading=\"lazy\" decoding=\"async\" alt=\"Twin beds\" class=\"nd_booking_margin_right_15 nd_booking_float_left\" width=\"23\" height=\"23\" src=\"https:\/\/www.villapedra.com\/wp-content\/uploads\/2025\/02\/259965.png\"><\/a>\n                        \n                             <a title=\"Living Room\" class=\"nd_booking_tooltip_jquery nd_booking_float_left\"><img loading=\"lazy\" decoding=\"async\" alt=\"Living Room\" class=\"nd_booking_margin_right_15 nd_booking_float_left\" width=\"23\" height=\"23\" src=\"https:\/\/www.villapedra.com\/wp-content\/uploads\/2017\/07\/salaestar.png\"><\/a>\n                        \n                             <a title=\"Equipped kitchen\" class=\"nd_booking_tooltip_jquery nd_booking_float_left\"><img loading=\"lazy\" decoding=\"async\" alt=\"Equipped kitchen\" class=\"nd_booking_margin_right_15 nd_booking_float_left\" width=\"23\" height=\"23\" src=\"https:\/\/www.villapedra.com\/wp-content\/uploads\/2017\/07\/icon-17.png\"><\/a>\n                        \n                             <a title=\"Private Terrace \/ Gardens\" class=\"nd_booking_tooltip_jquery nd_booking_float_left\"><img loading=\"lazy\" decoding=\"async\" alt=\"Private Terrace \/ Gardens\" class=\"nd_booking_margin_right_15 nd_booking_float_left\" width=\"23\" height=\"23\" src=\"https:\/\/www.villapedra.com\/wp-content\/uploads\/2017\/07\/terracosejardins.png\"><\/a>\n                        \n                             <a title=\"Dining table \/ Barbecue\" class=\"nd_booking_tooltip_jquery nd_booking_float_left\"><img loading=\"lazy\" decoding=\"async\" alt=\"Dining table \/ Barbecue\" class=\"nd_booking_margin_right_15 nd_booking_float_left\" width=\"23\" height=\"23\" src=\"https:\/\/www.villapedra.com\/wp-content\/uploads\/2017\/07\/barbecue.png\"><\/a>\n                        \n                             <a title=\"Central heating\" class=\"nd_booking_tooltip_jquery nd_booking_float_left\"><img loading=\"lazy\" decoding=\"async\" alt=\"Central heating\" class=\"nd_booking_margin_right_15 nd_booking_float_left\" width=\"23\" height=\"23\" src=\"https:\/\/www.villapedra.com\/wp-content\/uploads\/2017\/07\/calor-central.png\"><\/a>\n                        \n                             <a title=\"Fireplace\" class=\"nd_booking_tooltip_jquery nd_booking_float_left\"><img loading=\"lazy\" decoding=\"async\" alt=\"Fireplace\" class=\"nd_booking_margin_right_15 nd_booking_float_left\" width=\"23\" height=\"23\" src=\"https:\/\/www.villapedra.com\/wp-content\/uploads\/2020\/11\/lareira.png\"><\/a>\n                        \n                             <a title=\"2 Bathrooms\" class=\"nd_booking_tooltip_jquery nd_booking_float_left\"><img loading=\"lazy\" decoding=\"async\" alt=\"2 Bathrooms\" class=\"nd_booking_margin_right_15 nd_booking_float_left\" width=\"23\" height=\"23\" src=\"https:\/\/www.villapedra.com\/wp-content\/uploads\/2025\/02\/images-1.png\"><\/a>\n                        \n                             <a title=\"Kitchenette\" class=\"nd_booking_tooltip_jquery nd_booking_float_left\"><img loading=\"lazy\" decoding=\"async\" alt=\"Kitchenette\" class=\"nd_booking_margin_right_15 nd_booking_float_left\" width=\"23\" height=\"23\" src=\"https:\/\/www.villapedra.com\/wp-content\/uploads\/2017\/07\/icon-17.png\"><\/a>\n                        \n                             <a title=\"TV \/ WIFI\" class=\"nd_booking_tooltip_jquery nd_booking_float_left\"><img loading=\"lazy\" decoding=\"async\" alt=\"TV \/ WIFI\" class=\"nd_booking_margin_right_15 nd_booking_float_left\" width=\"23\" height=\"23\" src=\"https:\/\/www.villapedra.com\/wp-content\/uploads\/2017\/07\/icon-12-1.png\"><\/a>\n                        \n                             <a title=\"Main Building\" class=\"nd_booking_tooltip_jquery nd_booking_float_left\"><img loading=\"lazy\" decoding=\"async\" alt=\"Main Building\" class=\"nd_booking_margin_right_15 nd_booking_float_left\" width=\"23\" height=\"23\" src=\"https:\/\/www.villapedra.com\/wp-content\/uploads\/2017\/07\/edificioprincipal.png\"><\/a>\n                        \n                             <a title=\"Annex\" class=\"nd_booking_tooltip_jquery nd_booking_float_left\"><img loading=\"lazy\" decoding=\"async\" alt=\"Annex\" class=\"nd_booking_margin_right_15 nd_booking_float_left\" width=\"23\" height=\"23\" src=\"https:\/\/www.villapedra.com\/wp-content\/uploads\/2017\/07\/edificioprincipal.png\"><\/a>\n                        \n                             <a title=\"Air conditioner\" class=\"nd_booking_tooltip_jquery nd_booking_float_left\"><img loading=\"lazy\" decoding=\"async\" alt=\"Air conditioner\" class=\"nd_booking_margin_right_15 nd_booking_float_left\" width=\"23\" height=\"23\" src=\"https:\/\/www.villapedra.com\/wp-content\/uploads\/2020\/11\/ar-conditionado.png\"><\/a>\n                        \n                             <a title=\"Non &#8211; Smokers\" class=\"nd_booking_tooltip_jquery nd_booking_float_left\"><img loading=\"lazy\" decoding=\"async\" alt=\"Non &#8211; Smokers\" class=\"nd_booking_margin_right_15 nd_booking_float_left\" width=\"23\" height=\"23\" src=\"https:\/\/www.villapedra.com\/wp-content\/uploads\/2017\/07\/icon-14.png\"><\/a>\n                        \n                             <a title=\"2 Bedrooms\" class=\"nd_booking_tooltip_jquery nd_booking_float_left\"><img loading=\"lazy\" decoding=\"async\" alt=\"2 Bedrooms\" class=\"nd_booking_margin_right_15 nd_booking_float_left\" width=\"23\" height=\"23\" src=\"https:\/\/www.villapedra.com\/wp-content\/uploads\/2025\/02\/6192020.png\"><\/a>\n                        \n                             <a title=\"1 Bedroom\" class=\"nd_booking_tooltip_jquery nd_booking_float_left\"><img loading=\"lazy\" decoding=\"async\" alt=\"1 Bedroom\" class=\"nd_booking_margin_right_15 nd_booking_float_left\" width=\"23\" height=\"23\" src=\"https:\/\/www.villapedra.com\/wp-content\/uploads\/2025\/02\/6192020.png\"><\/a>\n                        \n                    <a href=\"https:\/\/www.villapedra.com\/en\/villas\/roses-villa\/\" class=\"nd_booking_margin_top_7 nd_booking_float_right nd_booking_display_inline_block nd_booking_text_align_center nd_booking_box_sizing_border_box nd_booking_font_size_12\">\n                        <span class=\"nd_booking_float_left nd_booking_font_size_11 nd_booking_letter_spacing_2\">FULL INFO<\/span>\n                        <img decoding=\"async\" alt=\"\" class=\"nd_booking_margin_left_5 nd_booking_float_left\" width=\"10\" src=\"https:\/\/www.villapedra.com\/wp-content\/plugins\/nd-booking\/addons\/visual\/rooms\/layout\/icon-right-arrow-grey.svg\">\n                    <\/a>\n            <\/div>\n        <\/div>\n\n    <\/div>\n\n<\/div><\/div><div style=\"background-color:;height: 20px\" class=\"nicdark_section  \"><\/div>[\/vc_column_inner][vc_column_inner width=&#8221;1\/3&#8243;]<div style=\"background-color:;height: 20px\" class=\"nicdark_section  \"><\/div>[\/vc_column_inner][\/vc_row_inner][vc_row_inner][vc_column_inner width=&#8221;1\/3&#8243;][\/vc_column_inner][vc_column_inner width=&#8221;1\/3&#8243;][\/vc_column_inner][vc_column_inner width=&#8221;1\/3&#8243;][\/vc_column_inner][\/vc_row_inner][\/vc_column][\/vc_row][vc_row][vc_column offset=&#8221;vc_hidden-lg vc_hidden-md vc_hidden-xs&#8221;][vc_row_inner][vc_column_inner width=&#8221;1\/2&#8243;][vc_single_image image=&#8221;2148&#8243; img_size=&#8221;large&#8221; alignment=&#8221;center&#8221; onclick=&#8221;custom_link&#8221; link=&#8221;\/en\/villas\/cherry-tree-villa\/&#8221; el_class=&#8221;villas_imagens&#8221;]\n\n\t<script type=\"text\/javascript\">\n    \/\/<![CDATA[\n    \n    jQuery(document).ready(function() {\n\n      \/\/START masonry\n      jQuery(function ($) {\n        \n        \/\/Masonry\n    \t\tvar $nd_booking_masonry_content = $(\".nd_booking_masonry_content\").imagesLoaded( function() {\n    \t\t  \/\/ init Masonry after all images have loaded\n    \t\t  $nd_booking_masonry_content.masonry({\n    \t\t    itemSelector: \".nd_booking_masonry_item\"\n    \t\t  });\n    \t\t});\n\n      });\n      \/\/END masonry\n\n    });\n\n    \/\/]]>\n  <\/script>\n\n<div class=\"nd_booking_section nd_booking_masonry_content villas_quadros \">\n\n<div id=\"nd_booking_archive_cpt_1_single_2338\" class=\" nd_booking_rooms_component_l1 nd_booking_masonry_item nd_booking_width_100_percentage nd_booking_width_100_percentage_responsive\">\n\n    <div class=\"nd_booking_section nd_booking_padding_15 nd_booking_box_sizing_border_box\">\n\n        <div class=\"nd_booking_section nd_booking_border_1_solid_grey nd_booking_bg_white\">\n            \n            \n\n        <div class=\"nd_booking_section nd_booking_position_relative\">\n\n            <img decoding=\"async\" alt=\"\" class=\"nd_booking_section\" src=\"https:\/\/www.villapedra.com\/wp-content\/uploads\/2026\/01\/Terraco-Cerejeira-1024x683.jpg\">\n\n            <div class=\"nd_booking_bg_greydark_alpha_gradient_3 nd_booking_position_absolute nd_booking_left_0 nd_booking_height_100_percentage nd_booking_width_100_percentage nd_booking_padding_30 nd_booking_box_sizing_border_box\">\n                <div class=\"nd_booking_position_absolute nd_booking_bottom_20\">\n                    <p class=\"nd_options_color_white nd_booking_margin_right_10 nd_booking_float_left nd_booking_font_size_11 nd_booking_letter_spacing_2 nd_booking_text_transform_uppercase\">Villa Pedra En<\/p><img decoding=\"async\" alt=\"\" class=\"nd_booking_margin_right_5 nd_booking_float_left\" width=\"10\" src=\"https:\/\/www.villapedra.com\/wp-content\/plugins\/nd-booking\/addons\/visual\/rooms\/layout\/icon-star-full-white.svg\"><img decoding=\"async\" alt=\"\" class=\"nd_booking_margin_right_5 nd_booking_float_left\" width=\"10\" src=\"https:\/\/www.villapedra.com\/wp-content\/plugins\/nd-booking\/addons\/visual\/rooms\/layout\/icon-star-full-white.svg\"><img decoding=\"async\" alt=\"\" class=\"nd_booking_margin_right_5 nd_booking_float_left\" width=\"10\" src=\"https:\/\/www.villapedra.com\/wp-content\/plugins\/nd-booking\/addons\/visual\/rooms\/layout\/icon-star-full-white.svg\"><img decoding=\"async\" alt=\"\" class=\"nd_booking_margin_right_5 nd_booking_float_left\" width=\"10\" src=\"https:\/\/www.villapedra.com\/wp-content\/plugins\/nd-booking\/addons\/visual\/rooms\/layout\/icon-star-full-white.svg\"><img decoding=\"async\" alt=\"\" class=\"nd_booking_margin_right_5 nd_booking_float_left\" width=\"10\" src=\"https:\/\/www.villapedra.com\/wp-content\/plugins\/nd-booking\/addons\/visual\/rooms\/layout\/icon-star-full-white.svg\">\n                <\/div>\n            <\/div>\n\n        <\/div>\n\n\n    \n\n            <div class=\"nd_booking_section nd_booking_padding_30 nd_booking_box_sizing_border_box\">\n\n                <h1>Cherry-Tree Villa<\/h1>\n                <div class=\"nd_booking_section nd_booking_height_10\"><\/div>\n\n                <div class=\"nd_booking_section\">\n                    <div class=\"nd_booking_display_table nd_booking_float_left\">\n                        <img decoding=\"async\" alt=\"\" class=\"nd_booking_margin_right_10 nd_booking_display_table_cell nd_booking_vertical_align_middle\" width=\"23\" src=\"https:\/\/www.villapedra.com\/wp-content\/plugins\/nd-booking\/addons\/visual\/rooms\/layout\/icon-user-grey.svg\">\n                        <p class=\"  nd_booking_display_table_cell nd_booking_vertical_align_middle nd_booking_font_size_12 nd_booking_line_height_26\">2 GUESTS<\/p>\n                        <img decoding=\"async\" alt=\"\" class=\"nd_booking_margin_right_10 nd_booking_margin_left_20 nd_booking_display_table_cell nd_booking_vertical_align_middle\" width=\"20\" src=\"https:\/\/www.villapedra.com\/wp-content\/plugins\/nd-booking\/addons\/visual\/rooms\/layout\/icon-plan-grey.svg\">\n                        <p class=\"  nd_booking_display_table_cell nd_booking_vertical_align_middle nd_booking_font_size_12 nd_booking_line_height_26\">60 m\u00b2<\/p>\n                    <\/div>\n                <\/div> \n        \n                <div class=\"nd_booking_section nd_booking_height_20\"><\/div> \n                <p><\/p>\n                <div class=\"nd_booking_section nd_booking_height_20\"><\/div>\n                <a style=\"border:2px solid #78635a; color:#78635a;\" href=\"https:\/\/www.villapedra.com\/en\/villas\/cherry-tree-villa\/\" class=\"nd_booking_padding_15_30_important nd_options_second_font_important nd_booking_border_radius_0_important nd_booking_background_color_transparent_important nd_booking_cursor_pointer nd_booking_display_inline_block nd_booking_font_size_11 nd_booking_font_weight_bold nd_booking_letter_spacing_2\">BOOK NOW FROM 120 \u20ac<\/a>\n                \n                    <div class=\"nd_booking_section nd_booking_height_20\"><\/div> \n                    <div class=\"nd_booking_section nd_booking_height_1 nd_booking_border_bottom_1_solid_grey\"><\/div> \n                    <div class=\"nd_booking_section nd_booking_height_20\"><\/div>\n                             <a title=\"Double Bed\" class=\"nd_booking_tooltip_jquery nd_booking_float_left\"><img loading=\"lazy\" decoding=\"async\" alt=\"Double Bed\" class=\"nd_booking_margin_right_15 nd_booking_float_left\" width=\"23\" height=\"23\" src=\"https:\/\/www.villapedra.com\/wp-content\/uploads\/2017\/07\/camacasal.png\"><\/a>\n                        \n                             <a title=\"Living Room\" class=\"nd_booking_tooltip_jquery nd_booking_float_left\"><img loading=\"lazy\" decoding=\"async\" alt=\"Living Room\" class=\"nd_booking_margin_right_15 nd_booking_float_left\" width=\"23\" height=\"23\" src=\"https:\/\/www.villapedra.com\/wp-content\/uploads\/2017\/07\/salaestar.png\"><\/a>\n                        \n                             <a title=\"Equipped kitchen\" class=\"nd_booking_tooltip_jquery nd_booking_float_left\"><img loading=\"lazy\" decoding=\"async\" alt=\"Equipped kitchen\" class=\"nd_booking_margin_right_15 nd_booking_float_left\" width=\"23\" height=\"23\" src=\"https:\/\/www.villapedra.com\/wp-content\/uploads\/2017\/07\/icon-17.png\"><\/a>\n                        \n                             <a title=\"Private Terrace \/ Gardens\" class=\"nd_booking_tooltip_jquery nd_booking_float_left\"><img loading=\"lazy\" decoding=\"async\" alt=\"Private Terrace \/ Gardens\" class=\"nd_booking_margin_right_15 nd_booking_float_left\" width=\"23\" height=\"23\" src=\"https:\/\/www.villapedra.com\/wp-content\/uploads\/2017\/07\/terracosejardins.png\"><\/a>\n                        \n                             <a title=\"Air conditioner\" class=\"nd_booking_tooltip_jquery nd_booking_float_left\"><img loading=\"lazy\" decoding=\"async\" alt=\"Air conditioner\" class=\"nd_booking_margin_right_15 nd_booking_float_left\" width=\"23\" height=\"23\" src=\"https:\/\/www.villapedra.com\/wp-content\/uploads\/2020\/11\/ar-conditionado.png\"><\/a>\n                        \n                             <a title=\"Non &#8211; Smokers\" class=\"nd_booking_tooltip_jquery nd_booking_float_left\"><img loading=\"lazy\" decoding=\"async\" alt=\"Non &#8211; Smokers\" class=\"nd_booking_margin_right_15 nd_booking_float_left\" width=\"23\" height=\"23\" src=\"https:\/\/www.villapedra.com\/wp-content\/uploads\/2017\/07\/icon-14.png\"><\/a>\n                        \n                             <a title=\"TV \/ WIFI\" class=\"nd_booking_tooltip_jquery nd_booking_float_left\"><img loading=\"lazy\" decoding=\"async\" alt=\"TV \/ WIFI\" class=\"nd_booking_margin_right_15 nd_booking_float_left\" width=\"23\" height=\"23\" src=\"https:\/\/www.villapedra.com\/wp-content\/uploads\/2017\/07\/icon-12-1.png\"><\/a>\n                        \n                             <a title=\"1 Bedroom\" class=\"nd_booking_tooltip_jquery nd_booking_float_left\"><img loading=\"lazy\" decoding=\"async\" alt=\"1 Bedroom\" class=\"nd_booking_margin_right_15 nd_booking_float_left\" width=\"23\" height=\"23\" src=\"https:\/\/www.villapedra.com\/wp-content\/uploads\/2025\/02\/6192020.png\"><\/a>\n                        \n                             <a title=\"1 Bathroom\" class=\"nd_booking_tooltip_jquery nd_booking_float_left\"><img loading=\"lazy\" decoding=\"async\" alt=\"1 Bathroom\" class=\"nd_booking_margin_right_15 nd_booking_float_left\" width=\"23\" height=\"23\" src=\"https:\/\/www.villapedra.com\/wp-content\/uploads\/2025\/02\/images-1.png\"><\/a>\n                        \n                    <a href=\"https:\/\/www.villapedra.com\/en\/villas\/cherry-tree-villa\/\" class=\"nd_booking_margin_top_7 nd_booking_float_right nd_booking_display_inline_block nd_booking_text_align_center nd_booking_box_sizing_border_box nd_booking_font_size_12\">\n                        <span class=\"nd_booking_float_left nd_booking_font_size_11 nd_booking_letter_spacing_2\">FULL INFO<\/span>\n                        <img decoding=\"async\" alt=\"\" class=\"nd_booking_margin_left_5 nd_booking_float_left\" width=\"10\" src=\"https:\/\/www.villapedra.com\/wp-content\/plugins\/nd-booking\/addons\/visual\/rooms\/layout\/icon-right-arrow-grey.svg\">\n                    <\/a>\n            <\/div>\n        <\/div>\n\n    <\/div>\n\n<\/div><\/div><div style=\"background-color:;height: 20px\" class=\"nicdark_section  \"><\/div>[\/vc_column_inner][vc_column_inner width=&#8221;1\/2&#8243;][vc_single_image image=&#8221;2176&#8243; img_size=&#8221;large&#8221; alignment=&#8221;center&#8221; onclick=&#8221;custom_link&#8221; link=&#8221;\/en\/villas\/almond-villa\/&#8221; el_class=&#8221;villas_imagens&#8221;]\n\n\t<script type=\"text\/javascript\">\n    \/\/<![CDATA[\n    \n    jQuery(document).ready(function() {\n\n      \/\/START masonry\n      jQuery(function ($) {\n        \n        \/\/Masonry\n    \t\tvar $nd_booking_masonry_content = $(\".nd_booking_masonry_content\").imagesLoaded( function() {\n    \t\t  \/\/ init Masonry after all images have loaded\n    \t\t  $nd_booking_masonry_content.masonry({\n    \t\t    itemSelector: \".nd_booking_masonry_item\"\n    \t\t  });\n    \t\t});\n\n      });\n      \/\/END masonry\n\n    });\n\n    \/\/]]>\n  <\/script>\n\n<div class=\"nd_booking_section nd_booking_masonry_content villas_quadros \">\n\n<div id=\"nd_booking_archive_cpt_1_single_2343\" class=\" nd_booking_rooms_component_l1 nd_booking_masonry_item nd_booking_width_100_percentage nd_booking_width_100_percentage_responsive\">\n\n    <div class=\"nd_booking_section nd_booking_padding_15 nd_booking_box_sizing_border_box\">\n\n        <div class=\"nd_booking_section nd_booking_border_1_solid_grey nd_booking_bg_white\">\n            \n            \n\n        <div class=\"nd_booking_section nd_booking_position_relative\">\n\n            <img decoding=\"async\" alt=\"\" class=\"nd_booking_section\" src=\"https:\/\/www.villapedra.com\/wp-content\/uploads\/2026\/01\/Jardim-9-1024x683.jpg\">\n\n            <div class=\"nd_booking_bg_greydark_alpha_gradient_3 nd_booking_position_absolute nd_booking_left_0 nd_booking_height_100_percentage nd_booking_width_100_percentage nd_booking_padding_30 nd_booking_box_sizing_border_box\">\n                <div class=\"nd_booking_position_absolute nd_booking_bottom_20\">\n                    <p class=\"nd_options_color_white nd_booking_margin_right_10 nd_booking_float_left nd_booking_font_size_11 nd_booking_letter_spacing_2 nd_booking_text_transform_uppercase\">Villa Pedra En<\/p><img decoding=\"async\" alt=\"\" class=\"nd_booking_margin_right_5 nd_booking_float_left\" width=\"10\" src=\"https:\/\/www.villapedra.com\/wp-content\/plugins\/nd-booking\/addons\/visual\/rooms\/layout\/icon-star-full-white.svg\"><img decoding=\"async\" alt=\"\" class=\"nd_booking_margin_right_5 nd_booking_float_left\" width=\"10\" src=\"https:\/\/www.villapedra.com\/wp-content\/plugins\/nd-booking\/addons\/visual\/rooms\/layout\/icon-star-full-white.svg\"><img decoding=\"async\" alt=\"\" class=\"nd_booking_margin_right_5 nd_booking_float_left\" width=\"10\" src=\"https:\/\/www.villapedra.com\/wp-content\/plugins\/nd-booking\/addons\/visual\/rooms\/layout\/icon-star-full-white.svg\"><img decoding=\"async\" alt=\"\" class=\"nd_booking_margin_right_5 nd_booking_float_left\" width=\"10\" src=\"https:\/\/www.villapedra.com\/wp-content\/plugins\/nd-booking\/addons\/visual\/rooms\/layout\/icon-star-full-white.svg\"><img decoding=\"async\" alt=\"\" class=\"nd_booking_margin_right_5 nd_booking_float_left\" width=\"10\" src=\"https:\/\/www.villapedra.com\/wp-content\/plugins\/nd-booking\/addons\/visual\/rooms\/layout\/icon-star-full-white.svg\">\n                <\/div>\n            <\/div>\n\n        <\/div>\n\n\n    \n\n            <div class=\"nd_booking_section nd_booking_padding_30 nd_booking_box_sizing_border_box\">\n\n                <h1>Almond-Tree Villa<\/h1>\n                <div class=\"nd_booking_section nd_booking_height_10\"><\/div>\n\n                <div class=\"nd_booking_section\">\n                    <div class=\"nd_booking_display_table nd_booking_float_left\">\n                        <img decoding=\"async\" alt=\"\" class=\"nd_booking_margin_right_10 nd_booking_display_table_cell nd_booking_vertical_align_middle\" width=\"23\" src=\"https:\/\/www.villapedra.com\/wp-content\/plugins\/nd-booking\/addons\/visual\/rooms\/layout\/icon-user-grey.svg\">\n                        <p class=\"  nd_booking_display_table_cell nd_booking_vertical_align_middle nd_booking_font_size_12 nd_booking_line_height_26\">3 GUESTS<\/p>\n                        <img decoding=\"async\" alt=\"\" class=\"nd_booking_margin_right_10 nd_booking_margin_left_20 nd_booking_display_table_cell nd_booking_vertical_align_middle\" width=\"20\" src=\"https:\/\/www.villapedra.com\/wp-content\/plugins\/nd-booking\/addons\/visual\/rooms\/layout\/icon-plan-grey.svg\">\n                        <p class=\"  nd_booking_display_table_cell nd_booking_vertical_align_middle nd_booking_font_size_12 nd_booking_line_height_26\">60 m\u00b2<\/p>\n                    <\/div>\n                <\/div> \n        \n                <div class=\"nd_booking_section nd_booking_height_20\"><\/div> \n                <p><\/p>\n                <div class=\"nd_booking_section nd_booking_height_20\"><\/div>\n                <a style=\"border:2px solid #78635a; color:#78635a;\" href=\"https:\/\/www.villapedra.com\/en\/villas\/almond-villa\/\" class=\"nd_booking_padding_15_30_important nd_options_second_font_important nd_booking_border_radius_0_important nd_booking_background_color_transparent_important nd_booking_cursor_pointer nd_booking_display_inline_block nd_booking_font_size_11 nd_booking_font_weight_bold nd_booking_letter_spacing_2\">BOOK NOW FROM 135 \u20ac<\/a>\n                \n                    <div class=\"nd_booking_section nd_booking_height_20\"><\/div> \n                    <div class=\"nd_booking_section nd_booking_height_1 nd_booking_border_bottom_1_solid_grey\"><\/div> \n                    <div class=\"nd_booking_section nd_booking_height_20\"><\/div>\n                             <a title=\"Private Terrace \/ Gardens\" class=\"nd_booking_tooltip_jquery nd_booking_float_left\"><img loading=\"lazy\" decoding=\"async\" alt=\"Private Terrace \/ Gardens\" class=\"nd_booking_margin_right_15 nd_booking_float_left\" width=\"23\" height=\"23\" src=\"https:\/\/www.villapedra.com\/wp-content\/uploads\/2017\/07\/terracosejardins.png\"><\/a>\n                        \n                             <a title=\"Central heating\" class=\"nd_booking_tooltip_jquery nd_booking_float_left\"><img loading=\"lazy\" decoding=\"async\" alt=\"Central heating\" class=\"nd_booking_margin_right_15 nd_booking_float_left\" width=\"23\" height=\"23\" src=\"https:\/\/www.villapedra.com\/wp-content\/uploads\/2017\/07\/calor-central.png\"><\/a>\n                        \n                             <a title=\"Twin beds\" class=\"nd_booking_tooltip_jquery nd_booking_float_left\"><img loading=\"lazy\" decoding=\"async\" alt=\"Twin beds\" class=\"nd_booking_margin_right_15 nd_booking_float_left\" width=\"23\" height=\"23\" src=\"https:\/\/www.villapedra.com\/wp-content\/uploads\/2025\/02\/259965.png\"><\/a>\n                        \n                             <a title=\"Living Room\" class=\"nd_booking_tooltip_jquery nd_booking_float_left\"><img loading=\"lazy\" decoding=\"async\" alt=\"Living Room\" class=\"nd_booking_margin_right_15 nd_booking_float_left\" width=\"23\" height=\"23\" src=\"https:\/\/www.villapedra.com\/wp-content\/uploads\/2017\/07\/salaestar.png\"><\/a>\n                        \n                             <a title=\"Kitchenette\" class=\"nd_booking_tooltip_jquery nd_booking_float_left\"><img loading=\"lazy\" decoding=\"async\" alt=\"Kitchenette\" class=\"nd_booking_margin_right_15 nd_booking_float_left\" width=\"23\" height=\"23\" src=\"https:\/\/www.villapedra.com\/wp-content\/uploads\/2017\/07\/icon-17.png\"><\/a>\n                        \n                             <a title=\"TV \/ WIFI\" class=\"nd_booking_tooltip_jquery nd_booking_float_left\"><img loading=\"lazy\" decoding=\"async\" alt=\"TV \/ WIFI\" class=\"nd_booking_margin_right_15 nd_booking_float_left\" width=\"23\" height=\"23\" src=\"https:\/\/www.villapedra.com\/wp-content\/uploads\/2017\/07\/icon-12-1.png\"><\/a>\n                        \n                             <a title=\"Non &#8211; Smokers\" class=\"nd_booking_tooltip_jquery nd_booking_float_left\"><img loading=\"lazy\" decoding=\"async\" alt=\"Non &#8211; Smokers\" class=\"nd_booking_margin_right_15 nd_booking_float_left\" width=\"23\" height=\"23\" src=\"https:\/\/www.villapedra.com\/wp-content\/uploads\/2017\/07\/icon-14.png\"><\/a>\n                        \n                             <a title=\"Extra Bed\" class=\"nd_booking_tooltip_jquery nd_booking_float_left\"><img loading=\"lazy\" decoding=\"async\" alt=\"Extra Bed\" class=\"nd_booking_margin_right_15 nd_booking_float_left\" width=\"23\" height=\"23\" src=\"https:\/\/www.villapedra.com\/wp-content\/uploads\/2020\/11\/cama-extra.png\"><\/a>\n                        \n                             <a title=\"1 Bathroom\" class=\"nd_booking_tooltip_jquery nd_booking_float_left\"><img loading=\"lazy\" decoding=\"async\" alt=\"1 Bathroom\" class=\"nd_booking_margin_right_15 nd_booking_float_left\" width=\"23\" height=\"23\" src=\"https:\/\/www.villapedra.com\/wp-content\/uploads\/2025\/02\/images-1.png\"><\/a>\n                        \n                             <a title=\"1 Bedroom\" class=\"nd_booking_tooltip_jquery nd_booking_float_left\"><img loading=\"lazy\" decoding=\"async\" alt=\"1 Bedroom\" class=\"nd_booking_margin_right_15 nd_booking_float_left\" width=\"23\" height=\"23\" src=\"https:\/\/www.villapedra.com\/wp-content\/uploads\/2025\/02\/6192020.png\"><\/a>\n                        \n                             <a title=\"NO AC\" class=\"nd_booking_tooltip_jquery nd_booking_float_left\"><img loading=\"lazy\" decoding=\"async\" alt=\"NO AC\" class=\"nd_booking_margin_right_15 nd_booking_float_left\" width=\"23\" height=\"23\" src=\"https:\/\/www.villapedra.com\/wp-content\/uploads\/2025\/08\/93566064-forbidden-sign-with-air-conditioner-linear-icon-thin-line-illustration-no-cooling-stop-contour.jpg\"><\/a>\n                        \n                    <a href=\"https:\/\/www.villapedra.com\/en\/villas\/almond-villa\/\" class=\"nd_booking_margin_top_7 nd_booking_float_right nd_booking_display_inline_block nd_booking_text_align_center nd_booking_box_sizing_border_box nd_booking_font_size_12\">\n                        <span class=\"nd_booking_float_left nd_booking_font_size_11 nd_booking_letter_spacing_2\">FULL INFO<\/span>\n                        <img decoding=\"async\" alt=\"\" class=\"nd_booking_margin_left_5 nd_booking_float_left\" width=\"10\" src=\"https:\/\/www.villapedra.com\/wp-content\/plugins\/nd-booking\/addons\/visual\/rooms\/layout\/icon-right-arrow-grey.svg\">\n                    <\/a>\n            <\/div>\n        <\/div>\n\n    <\/div>\n\n<\/div><\/div><div style=\"background-color:;height: 20px\" class=\"nicdark_section  \"><\/div>[\/vc_column_inner][\/vc_row_inner][vc_row_inner][vc_column_inner width=&#8221;1\/2&#8243;][vc_single_image image=&#8221;2143&#8243; img_size=&#8221;large&#8221; alignment=&#8221;center&#8221; onclick=&#8221;custom_link&#8221; link=&#8221;\/en\/villas\/walnut-tree-villa\/&#8221; el_class=&#8221;villas_imagens&#8221;]\n\n\t<script type=\"text\/javascript\">\n    \/\/<![CDATA[\n    \n    jQuery(document).ready(function() {\n\n      \/\/START masonry\n      jQuery(function ($) {\n        \n        \/\/Masonry\n    \t\tvar $nd_booking_masonry_content = $(\".nd_booking_masonry_content\").imagesLoaded( function() {\n    \t\t  \/\/ init Masonry after all images have loaded\n    \t\t  $nd_booking_masonry_content.masonry({\n    \t\t    itemSelector: \".nd_booking_masonry_item\"\n    \t\t  });\n    \t\t});\n\n      });\n      \/\/END masonry\n\n    });\n\n    \/\/]]>\n  <\/script>\n\n<div class=\"nd_booking_section nd_booking_masonry_content villas_quadros \">\n\n<div id=\"nd_booking_archive_cpt_1_single_2334\" class=\" nd_booking_rooms_component_l1 nd_booking_masonry_item nd_booking_width_100_percentage nd_booking_width_100_percentage_responsive\">\n\n    <div class=\"nd_booking_section nd_booking_padding_15 nd_booking_box_sizing_border_box\">\n\n        <div class=\"nd_booking_section nd_booking_border_1_solid_grey nd_booking_bg_white\">\n            \n            \n\n        <div class=\"nd_booking_section nd_booking_position_relative\">\n\n            <img decoding=\"async\" alt=\"\" class=\"nd_booking_section\" src=\"https:\/\/www.villapedra.com\/wp-content\/uploads\/2026\/01\/Nogueira2-1024x682.jpg\">\n\n            <div class=\"nd_booking_bg_greydark_alpha_gradient_3 nd_booking_position_absolute nd_booking_left_0 nd_booking_height_100_percentage nd_booking_width_100_percentage nd_booking_padding_30 nd_booking_box_sizing_border_box\">\n                <div class=\"nd_booking_position_absolute nd_booking_bottom_20\">\n                    <p class=\"nd_options_color_white nd_booking_margin_right_10 nd_booking_float_left nd_booking_font_size_11 nd_booking_letter_spacing_2 nd_booking_text_transform_uppercase\">Villa Pedra En<\/p><img decoding=\"async\" alt=\"\" class=\"nd_booking_margin_right_5 nd_booking_float_left\" width=\"10\" src=\"https:\/\/www.villapedra.com\/wp-content\/plugins\/nd-booking\/addons\/visual\/rooms\/layout\/icon-star-full-white.svg\"><img decoding=\"async\" alt=\"\" class=\"nd_booking_margin_right_5 nd_booking_float_left\" width=\"10\" src=\"https:\/\/www.villapedra.com\/wp-content\/plugins\/nd-booking\/addons\/visual\/rooms\/layout\/icon-star-full-white.svg\"><img decoding=\"async\" alt=\"\" class=\"nd_booking_margin_right_5 nd_booking_float_left\" width=\"10\" src=\"https:\/\/www.villapedra.com\/wp-content\/plugins\/nd-booking\/addons\/visual\/rooms\/layout\/icon-star-full-white.svg\"><img decoding=\"async\" alt=\"\" class=\"nd_booking_margin_right_5 nd_booking_float_left\" width=\"10\" src=\"https:\/\/www.villapedra.com\/wp-content\/plugins\/nd-booking\/addons\/visual\/rooms\/layout\/icon-star-full-white.svg\"><img decoding=\"async\" alt=\"\" class=\"nd_booking_margin_right_5 nd_booking_float_left\" width=\"10\" src=\"https:\/\/www.villapedra.com\/wp-content\/plugins\/nd-booking\/addons\/visual\/rooms\/layout\/icon-star-full-white.svg\">\n                <\/div>\n            <\/div>\n\n        <\/div>\n\n\n    \n\n            <div class=\"nd_booking_section nd_booking_padding_30 nd_booking_box_sizing_border_box\">\n\n                <h1>Walnut-Tree Villa<\/h1>\n                <div class=\"nd_booking_section nd_booking_height_10\"><\/div>\n\n                <div class=\"nd_booking_section\">\n                    <div class=\"nd_booking_display_table nd_booking_float_left\">\n                        <img decoding=\"async\" alt=\"\" class=\"nd_booking_margin_right_10 nd_booking_display_table_cell nd_booking_vertical_align_middle\" width=\"23\" src=\"https:\/\/www.villapedra.com\/wp-content\/plugins\/nd-booking\/addons\/visual\/rooms\/layout\/icon-user-grey.svg\">\n                        <p class=\"  nd_booking_display_table_cell nd_booking_vertical_align_middle nd_booking_font_size_12 nd_booking_line_height_26\">3 GUESTS<\/p>\n                        <img decoding=\"async\" alt=\"\" class=\"nd_booking_margin_right_10 nd_booking_margin_left_20 nd_booking_display_table_cell nd_booking_vertical_align_middle\" width=\"20\" src=\"https:\/\/www.villapedra.com\/wp-content\/plugins\/nd-booking\/addons\/visual\/rooms\/layout\/icon-plan-grey.svg\">\n                        <p class=\"  nd_booking_display_table_cell nd_booking_vertical_align_middle nd_booking_font_size_12 nd_booking_line_height_26\">60 m\u00b2<\/p>\n                    <\/div>\n                <\/div> \n        \n                <div class=\"nd_booking_section nd_booking_height_20\"><\/div> \n                <p><\/p>\n                <div class=\"nd_booking_section nd_booking_height_20\"><\/div>\n                <a style=\"border:2px solid #78635a; color:#78635a;\" href=\"https:\/\/www.villapedra.com\/en\/villas\/walnut-tree-villa\/\" class=\"nd_booking_padding_15_30_important nd_options_second_font_important nd_booking_border_radius_0_important nd_booking_background_color_transparent_important nd_booking_cursor_pointer nd_booking_display_inline_block nd_booking_font_size_11 nd_booking_font_weight_bold nd_booking_letter_spacing_2\">BOOK NOW FROM 135 \u20ac<\/a>\n                \n                    <div class=\"nd_booking_section nd_booking_height_20\"><\/div> \n                    <div class=\"nd_booking_section nd_booking_height_1 nd_booking_border_bottom_1_solid_grey\"><\/div> \n                    <div class=\"nd_booking_section nd_booking_height_20\"><\/div>\n                             <a title=\"Double Bed\" class=\"nd_booking_tooltip_jquery nd_booking_float_left\"><img loading=\"lazy\" decoding=\"async\" alt=\"Double Bed\" class=\"nd_booking_margin_right_15 nd_booking_float_left\" width=\"23\" height=\"23\" src=\"https:\/\/www.villapedra.com\/wp-content\/uploads\/2017\/07\/camacasal.png\"><\/a>\n                        \n                             <a title=\"Living Room\" class=\"nd_booking_tooltip_jquery nd_booking_float_left\"><img loading=\"lazy\" decoding=\"async\" alt=\"Living Room\" class=\"nd_booking_margin_right_15 nd_booking_float_left\" width=\"23\" height=\"23\" src=\"https:\/\/www.villapedra.com\/wp-content\/uploads\/2017\/07\/salaestar.png\"><\/a>\n                        \n                             <a title=\"Equipped kitchen\" class=\"nd_booking_tooltip_jquery nd_booking_float_left\"><img loading=\"lazy\" decoding=\"async\" alt=\"Equipped kitchen\" class=\"nd_booking_margin_right_15 nd_booking_float_left\" width=\"23\" height=\"23\" src=\"https:\/\/www.villapedra.com\/wp-content\/uploads\/2017\/07\/icon-17.png\"><\/a>\n                        \n                             <a title=\"Private Terrace \/ Gardens\" class=\"nd_booking_tooltip_jquery nd_booking_float_left\"><img loading=\"lazy\" decoding=\"async\" alt=\"Private Terrace \/ Gardens\" class=\"nd_booking_margin_right_15 nd_booking_float_left\" width=\"23\" height=\"23\" src=\"https:\/\/www.villapedra.com\/wp-content\/uploads\/2017\/07\/terracosejardins.png\"><\/a>\n                        \n                             <a title=\"Central heating\" class=\"nd_booking_tooltip_jquery nd_booking_float_left\"><img loading=\"lazy\" decoding=\"async\" alt=\"Central heating\" class=\"nd_booking_margin_right_15 nd_booking_float_left\" width=\"23\" height=\"23\" src=\"https:\/\/www.villapedra.com\/wp-content\/uploads\/2017\/07\/calor-central.png\"><\/a>\n                        \n                             <a title=\"TV \/ WIFI\" class=\"nd_booking_tooltip_jquery nd_booking_float_left\"><img loading=\"lazy\" decoding=\"async\" alt=\"TV \/ WIFI\" class=\"nd_booking_margin_right_15 nd_booking_float_left\" width=\"23\" height=\"23\" src=\"https:\/\/www.villapedra.com\/wp-content\/uploads\/2017\/07\/icon-12-1.png\"><\/a>\n                        \n                             <a title=\"Non &#8211; Smokers\" class=\"nd_booking_tooltip_jquery nd_booking_float_left\"><img loading=\"lazy\" decoding=\"async\" alt=\"Non &#8211; Smokers\" class=\"nd_booking_margin_right_15 nd_booking_float_left\" width=\"23\" height=\"23\" src=\"https:\/\/www.villapedra.com\/wp-content\/uploads\/2017\/07\/icon-14.png\"><\/a>\n                        \n                             <a title=\"Extra Bed\" class=\"nd_booking_tooltip_jquery nd_booking_float_left\"><img loading=\"lazy\" decoding=\"async\" alt=\"Extra Bed\" class=\"nd_booking_margin_right_15 nd_booking_float_left\" width=\"23\" height=\"23\" src=\"https:\/\/www.villapedra.com\/wp-content\/uploads\/2020\/11\/cama-extra.png\"><\/a>\n                        \n                             <a title=\"1 Bathroom\" class=\"nd_booking_tooltip_jquery nd_booking_float_left\"><img loading=\"lazy\" decoding=\"async\" alt=\"1 Bathroom\" class=\"nd_booking_margin_right_15 nd_booking_float_left\" width=\"23\" height=\"23\" src=\"https:\/\/www.villapedra.com\/wp-content\/uploads\/2025\/02\/images-1.png\"><\/a>\n                        \n                             <a title=\"1 Bedroom\" class=\"nd_booking_tooltip_jquery nd_booking_float_left\"><img loading=\"lazy\" decoding=\"async\" alt=\"1 Bedroom\" class=\"nd_booking_margin_right_15 nd_booking_float_left\" width=\"23\" height=\"23\" src=\"https:\/\/www.villapedra.com\/wp-content\/uploads\/2025\/02\/6192020.png\"><\/a>\n                        \n                             <a title=\"NO AC\" class=\"nd_booking_tooltip_jquery nd_booking_float_left\"><img loading=\"lazy\" decoding=\"async\" alt=\"NO AC\" class=\"nd_booking_margin_right_15 nd_booking_float_left\" width=\"23\" height=\"23\" src=\"https:\/\/www.villapedra.com\/wp-content\/uploads\/2025\/08\/93566064-forbidden-sign-with-air-conditioner-linear-icon-thin-line-illustration-no-cooling-stop-contour.jpg\"><\/a>\n                        \n                    <a href=\"https:\/\/www.villapedra.com\/en\/villas\/walnut-tree-villa\/\" class=\"nd_booking_margin_top_7 nd_booking_float_right nd_booking_display_inline_block nd_booking_text_align_center nd_booking_box_sizing_border_box nd_booking_font_size_12\">\n                        <span class=\"nd_booking_float_left nd_booking_font_size_11 nd_booking_letter_spacing_2\">FULL INFO<\/span>\n                        <img decoding=\"async\" alt=\"\" class=\"nd_booking_margin_left_5 nd_booking_float_left\" width=\"10\" src=\"https:\/\/www.villapedra.com\/wp-content\/plugins\/nd-booking\/addons\/visual\/rooms\/layout\/icon-right-arrow-grey.svg\">\n                    <\/a>\n            <\/div>\n        <\/div>\n\n    <\/div>\n\n<\/div><\/div><div style=\"background-color:;height: 20px\" class=\"nicdark_section  \"><\/div>[\/vc_column_inner][vc_column_inner width=&#8221;1\/2&#8243;][vc_single_image image=&#8221;2195&#8243; img_size=&#8221;large&#8221; alignment=&#8221;center&#8221; onclick=&#8221;custom_link&#8221; link=&#8221;\/en\/villas\/jasmine-villa\/&#8221; el_class=&#8221;villas_imagens&#8221;]\n\n\t<script type=\"text\/javascript\">\n    \/\/<![CDATA[\n    \n    jQuery(document).ready(function() {\n\n      \/\/START masonry\n      jQuery(function ($) {\n        \n        \/\/Masonry\n    \t\tvar $nd_booking_masonry_content = $(\".nd_booking_masonry_content\").imagesLoaded( function() {\n    \t\t  \/\/ init Masonry after all images have loaded\n    \t\t  $nd_booking_masonry_content.masonry({\n    \t\t    itemSelector: \".nd_booking_masonry_item\"\n    \t\t  });\n    \t\t});\n\n      });\n      \/\/END masonry\n\n    });\n\n    \/\/]]>\n  <\/script>\n\n<div class=\"nd_booking_section nd_booking_masonry_content villas_quadros \">\n\n<div id=\"nd_booking_archive_cpt_1_single_2314\" class=\" nd_booking_rooms_component_l1 nd_booking_masonry_item nd_booking_width_100_percentage nd_booking_width_100_percentage_responsive\">\n\n    <div class=\"nd_booking_section nd_booking_padding_15 nd_booking_box_sizing_border_box\">\n\n        <div class=\"nd_booking_section nd_booking_border_1_solid_grey nd_booking_bg_white\">\n            \n            \n\n        <div class=\"nd_booking_section nd_booking_position_relative\">\n\n            <img decoding=\"async\" alt=\"\" class=\"nd_booking_section\" src=\"https:\/\/www.villapedra.com\/wp-content\/uploads\/2026\/01\/20260119_095540-1-1024x683.jpg\">\n\n            <div class=\"nd_booking_bg_greydark_alpha_gradient_3 nd_booking_position_absolute nd_booking_left_0 nd_booking_height_100_percentage nd_booking_width_100_percentage nd_booking_padding_30 nd_booking_box_sizing_border_box\">\n                <div class=\"nd_booking_position_absolute nd_booking_bottom_20\">\n                    <p class=\"nd_options_color_white nd_booking_margin_right_10 nd_booking_float_left nd_booking_font_size_11 nd_booking_letter_spacing_2 nd_booking_text_transform_uppercase\">Villa Pedra En<\/p><img decoding=\"async\" alt=\"\" class=\"nd_booking_margin_right_5 nd_booking_float_left\" width=\"10\" src=\"https:\/\/www.villapedra.com\/wp-content\/plugins\/nd-booking\/addons\/visual\/rooms\/layout\/icon-star-full-white.svg\"><img decoding=\"async\" alt=\"\" class=\"nd_booking_margin_right_5 nd_booking_float_left\" width=\"10\" src=\"https:\/\/www.villapedra.com\/wp-content\/plugins\/nd-booking\/addons\/visual\/rooms\/layout\/icon-star-full-white.svg\"><img decoding=\"async\" alt=\"\" class=\"nd_booking_margin_right_5 nd_booking_float_left\" width=\"10\" src=\"https:\/\/www.villapedra.com\/wp-content\/plugins\/nd-booking\/addons\/visual\/rooms\/layout\/icon-star-full-white.svg\"><img decoding=\"async\" alt=\"\" class=\"nd_booking_margin_right_5 nd_booking_float_left\" width=\"10\" src=\"https:\/\/www.villapedra.com\/wp-content\/plugins\/nd-booking\/addons\/visual\/rooms\/layout\/icon-star-full-white.svg\"><img decoding=\"async\" alt=\"\" class=\"nd_booking_margin_right_5 nd_booking_float_left\" width=\"10\" src=\"https:\/\/www.villapedra.com\/wp-content\/plugins\/nd-booking\/addons\/visual\/rooms\/layout\/icon-star-full-white.svg\">\n                <\/div>\n            <\/div>\n\n        <\/div>\n\n\n    \n\n            <div class=\"nd_booking_section nd_booking_padding_30 nd_booking_box_sizing_border_box\">\n\n                <h1>Jasmine Villa<\/h1>\n                <div class=\"nd_booking_section nd_booking_height_10\"><\/div>\n\n                <div class=\"nd_booking_section\">\n                    <div class=\"nd_booking_display_table nd_booking_float_left\">\n                        <img decoding=\"async\" alt=\"\" class=\"nd_booking_margin_right_10 nd_booking_display_table_cell nd_booking_vertical_align_middle\" width=\"23\" src=\"https:\/\/www.villapedra.com\/wp-content\/plugins\/nd-booking\/addons\/visual\/rooms\/layout\/icon-user-grey.svg\">\n                        <p class=\"  nd_booking_display_table_cell nd_booking_vertical_align_middle nd_booking_font_size_12 nd_booking_line_height_26\">3 GUESTS<\/p>\n                        <img decoding=\"async\" alt=\"\" class=\"nd_booking_margin_right_10 nd_booking_margin_left_20 nd_booking_display_table_cell nd_booking_vertical_align_middle\" width=\"20\" src=\"https:\/\/www.villapedra.com\/wp-content\/plugins\/nd-booking\/addons\/visual\/rooms\/layout\/icon-plan-grey.svg\">\n                        <p class=\"  nd_booking_display_table_cell nd_booking_vertical_align_middle nd_booking_font_size_12 nd_booking_line_height_26\">60 m\u00b2<\/p>\n                    <\/div>\n                <\/div> \n        \n                <div class=\"nd_booking_section nd_booking_height_20\"><\/div> \n                <p><\/p>\n                <div class=\"nd_booking_section nd_booking_height_20\"><\/div>\n                <a style=\"border:2px solid #78635a; color:#78635a;\" href=\"https:\/\/www.villapedra.com\/en\/villas\/jasmine-villa\/\" class=\"nd_booking_padding_15_30_important nd_options_second_font_important nd_booking_border_radius_0_important nd_booking_background_color_transparent_important nd_booking_cursor_pointer nd_booking_display_inline_block nd_booking_font_size_11 nd_booking_font_weight_bold nd_booking_letter_spacing_2\">BOOK NOW FROM 135 \u20ac<\/a>\n                \n                    <div class=\"nd_booking_section nd_booking_height_20\"><\/div> \n                    <div class=\"nd_booking_section nd_booking_height_1 nd_booking_border_bottom_1_solid_grey\"><\/div> \n                    <div class=\"nd_booking_section nd_booking_height_20\"><\/div>\n                             <a title=\"Central heating\" class=\"nd_booking_tooltip_jquery nd_booking_float_left\"><img loading=\"lazy\" decoding=\"async\" alt=\"Central heating\" class=\"nd_booking_margin_right_15 nd_booking_float_left\" width=\"23\" height=\"23\" src=\"https:\/\/www.villapedra.com\/wp-content\/uploads\/2017\/07\/calor-central.png\"><\/a>\n                        \n                             <a title=\"Double Bed\" class=\"nd_booking_tooltip_jquery nd_booking_float_left\"><img loading=\"lazy\" decoding=\"async\" alt=\"Double Bed\" class=\"nd_booking_margin_right_15 nd_booking_float_left\" width=\"23\" height=\"23\" src=\"https:\/\/www.villapedra.com\/wp-content\/uploads\/2017\/07\/camacasal.png\"><\/a>\n                        \n                             <a title=\"Equipped kitchen\" class=\"nd_booking_tooltip_jquery nd_booking_float_left\"><img loading=\"lazy\" decoding=\"async\" alt=\"Equipped kitchen\" class=\"nd_booking_margin_right_15 nd_booking_float_left\" width=\"23\" height=\"23\" src=\"https:\/\/www.villapedra.com\/wp-content\/uploads\/2017\/07\/icon-17.png\"><\/a>\n                        \n                             <a title=\"Private Terrace \/ Gardens\" class=\"nd_booking_tooltip_jquery nd_booking_float_left\"><img loading=\"lazy\" decoding=\"async\" alt=\"Private Terrace \/ Gardens\" class=\"nd_booking_margin_right_15 nd_booking_float_left\" width=\"23\" height=\"23\" src=\"https:\/\/www.villapedra.com\/wp-content\/uploads\/2017\/07\/terracosejardins.png\"><\/a>\n                        \n                             <a title=\"Living Room\" class=\"nd_booking_tooltip_jquery nd_booking_float_left\"><img loading=\"lazy\" decoding=\"async\" alt=\"Living Room\" class=\"nd_booking_margin_right_15 nd_booking_float_left\" width=\"23\" height=\"23\" src=\"https:\/\/www.villapedra.com\/wp-content\/uploads\/2017\/07\/salaestar.png\"><\/a>\n                        \n                             <a title=\"TV \/ WIFI\" class=\"nd_booking_tooltip_jquery nd_booking_float_left\"><img loading=\"lazy\" decoding=\"async\" alt=\"TV \/ WIFI\" class=\"nd_booking_margin_right_15 nd_booking_float_left\" width=\"23\" height=\"23\" src=\"https:\/\/www.villapedra.com\/wp-content\/uploads\/2017\/07\/icon-12-1.png\"><\/a>\n                        \n                             <a title=\"Non &#8211; Smokers\" class=\"nd_booking_tooltip_jquery nd_booking_float_left\"><img loading=\"lazy\" decoding=\"async\" alt=\"Non &#8211; Smokers\" class=\"nd_booking_margin_right_15 nd_booking_float_left\" width=\"23\" height=\"23\" src=\"https:\/\/www.villapedra.com\/wp-content\/uploads\/2017\/07\/icon-14.png\"><\/a>\n                        \n                             <a title=\"Extra Bed\" class=\"nd_booking_tooltip_jquery nd_booking_float_left\"><img loading=\"lazy\" decoding=\"async\" alt=\"Extra Bed\" class=\"nd_booking_margin_right_15 nd_booking_float_left\" width=\"23\" height=\"23\" src=\"https:\/\/www.villapedra.com\/wp-content\/uploads\/2020\/11\/cama-extra.png\"><\/a>\n                        \n                             <a title=\"1 Bathroom\" class=\"nd_booking_tooltip_jquery nd_booking_float_left\"><img loading=\"lazy\" decoding=\"async\" alt=\"1 Bathroom\" class=\"nd_booking_margin_right_15 nd_booking_float_left\" width=\"23\" height=\"23\" src=\"https:\/\/www.villapedra.com\/wp-content\/uploads\/2025\/02\/images-1.png\"><\/a>\n                        \n                             <a title=\"1 Bedroom\" class=\"nd_booking_tooltip_jquery nd_booking_float_left\"><img loading=\"lazy\" decoding=\"async\" alt=\"1 Bedroom\" class=\"nd_booking_margin_right_15 nd_booking_float_left\" width=\"23\" height=\"23\" src=\"https:\/\/www.villapedra.com\/wp-content\/uploads\/2025\/02\/6192020.png\"><\/a>\n                        \n                             <a title=\"NO AC\" class=\"nd_booking_tooltip_jquery nd_booking_float_left\"><img loading=\"lazy\" decoding=\"async\" alt=\"NO AC\" class=\"nd_booking_margin_right_15 nd_booking_float_left\" width=\"23\" height=\"23\" src=\"https:\/\/www.villapedra.com\/wp-content\/uploads\/2025\/08\/93566064-forbidden-sign-with-air-conditioner-linear-icon-thin-line-illustration-no-cooling-stop-contour.jpg\"><\/a>\n                        \n                    <a href=\"https:\/\/www.villapedra.com\/en\/villas\/jasmine-villa\/\" class=\"nd_booking_margin_top_7 nd_booking_float_right nd_booking_display_inline_block nd_booking_text_align_center nd_booking_box_sizing_border_box nd_booking_font_size_12\">\n                        <span class=\"nd_booking_float_left nd_booking_font_size_11 nd_booking_letter_spacing_2\">FULL INFO<\/span>\n                        <img decoding=\"async\" alt=\"\" class=\"nd_booking_margin_left_5 nd_booking_float_left\" width=\"10\" src=\"https:\/\/www.villapedra.com\/wp-content\/plugins\/nd-booking\/addons\/visual\/rooms\/layout\/icon-right-arrow-grey.svg\">\n                    <\/a>\n            <\/div>\n        <\/div>\n\n    <\/div>\n\n<\/div><\/div><div style=\"background-color:;height: 20px\" class=\"nicdark_section  \"><\/div>[\/vc_column_inner][\/vc_row_inner][vc_row_inner][vc_column_inner width=&#8221;1\/2&#8243;][vc_single_image image=&#8221;2169&#8243; img_size=&#8221;large&#8221; alignment=&#8221;center&#8221; onclick=&#8221;custom_link&#8221; link=&#8221;\/en\/villas\/lemon-tree-villa\/&#8221; el_class=&#8221;villas_imagens&#8221;]\n\n\t<script type=\"text\/javascript\">\n    \/\/<![CDATA[\n    \n    jQuery(document).ready(function() {\n\n      \/\/START masonry\n      jQuery(function ($) {\n        \n        \/\/Masonry\n    \t\tvar $nd_booking_masonry_content = $(\".nd_booking_masonry_content\").imagesLoaded( function() {\n    \t\t  \/\/ init Masonry after all images have loaded\n    \t\t  $nd_booking_masonry_content.masonry({\n    \t\t    itemSelector: \".nd_booking_masonry_item\"\n    \t\t  });\n    \t\t});\n\n      });\n      \/\/END masonry\n\n    });\n\n    \/\/]]>\n  <\/script>\n\n<div class=\"nd_booking_section nd_booking_masonry_content villas_quadros \">\n\n<div id=\"nd_booking_archive_cpt_1_single_2341\" class=\" nd_booking_rooms_component_l1 nd_booking_masonry_item nd_booking_width_100_percentage nd_booking_width_100_percentage_responsive\">\n\n    <div class=\"nd_booking_section nd_booking_padding_15 nd_booking_box_sizing_border_box\">\n\n        <div class=\"nd_booking_section nd_booking_border_1_solid_grey nd_booking_bg_white\">\n            \n            \n\n        <div class=\"nd_booking_section nd_booking_position_relative\">\n\n            <img decoding=\"async\" alt=\"\" class=\"nd_booking_section\" src=\"https:\/\/www.villapedra.com\/wp-content\/uploads\/2026\/01\/20260119_104546-1-1024x683.jpg\">\n\n            <div class=\"nd_booking_bg_greydark_alpha_gradient_3 nd_booking_position_absolute nd_booking_left_0 nd_booking_height_100_percentage nd_booking_width_100_percentage nd_booking_padding_30 nd_booking_box_sizing_border_box\">\n                <div class=\"nd_booking_position_absolute nd_booking_bottom_20\">\n                    <p class=\"nd_options_color_white nd_booking_margin_right_10 nd_booking_float_left nd_booking_font_size_11 nd_booking_letter_spacing_2 nd_booking_text_transform_uppercase\">Villa Pedra En<\/p><img decoding=\"async\" alt=\"\" class=\"nd_booking_margin_right_5 nd_booking_float_left\" width=\"10\" src=\"https:\/\/www.villapedra.com\/wp-content\/plugins\/nd-booking\/addons\/visual\/rooms\/layout\/icon-star-full-white.svg\"><img decoding=\"async\" alt=\"\" class=\"nd_booking_margin_right_5 nd_booking_float_left\" width=\"10\" src=\"https:\/\/www.villapedra.com\/wp-content\/plugins\/nd-booking\/addons\/visual\/rooms\/layout\/icon-star-full-white.svg\"><img decoding=\"async\" alt=\"\" class=\"nd_booking_margin_right_5 nd_booking_float_left\" width=\"10\" src=\"https:\/\/www.villapedra.com\/wp-content\/plugins\/nd-booking\/addons\/visual\/rooms\/layout\/icon-star-full-white.svg\"><img decoding=\"async\" alt=\"\" class=\"nd_booking_margin_right_5 nd_booking_float_left\" width=\"10\" src=\"https:\/\/www.villapedra.com\/wp-content\/plugins\/nd-booking\/addons\/visual\/rooms\/layout\/icon-star-full-white.svg\"><img decoding=\"async\" alt=\"\" class=\"nd_booking_margin_right_5 nd_booking_float_left\" width=\"10\" src=\"https:\/\/www.villapedra.com\/wp-content\/plugins\/nd-booking\/addons\/visual\/rooms\/layout\/icon-star-full-white.svg\">\n                <\/div>\n            <\/div>\n\n        <\/div>\n\n\n    \n\n            <div class=\"nd_booking_section nd_booking_padding_30 nd_booking_box_sizing_border_box\">\n\n                <h1>Lemon-Tree Villa<\/h1>\n                <div class=\"nd_booking_section nd_booking_height_10\"><\/div>\n\n                <div class=\"nd_booking_section\">\n                    <div class=\"nd_booking_display_table nd_booking_float_left\">\n                        <img decoding=\"async\" alt=\"\" class=\"nd_booking_margin_right_10 nd_booking_display_table_cell nd_booking_vertical_align_middle\" width=\"23\" src=\"https:\/\/www.villapedra.com\/wp-content\/plugins\/nd-booking\/addons\/visual\/rooms\/layout\/icon-user-grey.svg\">\n                        <p class=\"  nd_booking_display_table_cell nd_booking_vertical_align_middle nd_booking_font_size_12 nd_booking_line_height_26\">4 GUESTS<\/p>\n                        <img decoding=\"async\" alt=\"\" class=\"nd_booking_margin_right_10 nd_booking_margin_left_20 nd_booking_display_table_cell nd_booking_vertical_align_middle\" width=\"20\" src=\"https:\/\/www.villapedra.com\/wp-content\/plugins\/nd-booking\/addons\/visual\/rooms\/layout\/icon-plan-grey.svg\">\n                        <p class=\"  nd_booking_display_table_cell nd_booking_vertical_align_middle nd_booking_font_size_12 nd_booking_line_height_26\">120 m\u00b2<\/p>\n                    <\/div>\n                <\/div> \n        \n                <div class=\"nd_booking_section nd_booking_height_20\"><\/div> \n                <p><\/p>\n                <div class=\"nd_booking_section nd_booking_height_20\"><\/div>\n                <a style=\"border:2px solid #78635a; color:#78635a;\" href=\"https:\/\/www.villapedra.com\/en\/villas\/lemon-tree-villa\/\" class=\"nd_booking_padding_15_30_important nd_options_second_font_important nd_booking_border_radius_0_important nd_booking_background_color_transparent_important nd_booking_cursor_pointer nd_booking_display_inline_block nd_booking_font_size_11 nd_booking_font_weight_bold nd_booking_letter_spacing_2\">BOOK NOW FROM 200 \u20ac<\/a>\n                \n                    <div class=\"nd_booking_section nd_booking_height_20\"><\/div> \n                    <div class=\"nd_booking_section nd_booking_height_1 nd_booking_border_bottom_1_solid_grey\"><\/div> \n                    <div class=\"nd_booking_section nd_booking_height_20\"><\/div>\n                             <a title=\"Double Bed\" class=\"nd_booking_tooltip_jquery nd_booking_float_left\"><img loading=\"lazy\" decoding=\"async\" alt=\"Double Bed\" class=\"nd_booking_margin_right_15 nd_booking_float_left\" width=\"23\" height=\"23\" src=\"https:\/\/www.villapedra.com\/wp-content\/uploads\/2017\/07\/camacasal.png\"><\/a>\n                        \n                             <a title=\"Living Room\" class=\"nd_booking_tooltip_jquery nd_booking_float_left\"><img loading=\"lazy\" decoding=\"async\" alt=\"Living Room\" class=\"nd_booking_margin_right_15 nd_booking_float_left\" width=\"23\" height=\"23\" src=\"https:\/\/www.villapedra.com\/wp-content\/uploads\/2017\/07\/salaestar.png\"><\/a>\n                        \n                             <a title=\"Equipped kitchen\" class=\"nd_booking_tooltip_jquery nd_booking_float_left\"><img loading=\"lazy\" decoding=\"async\" alt=\"Equipped kitchen\" class=\"nd_booking_margin_right_15 nd_booking_float_left\" width=\"23\" height=\"23\" src=\"https:\/\/www.villapedra.com\/wp-content\/uploads\/2017\/07\/icon-17.png\"><\/a>\n                        \n                             <a title=\"Private Terrace \/ Gardens\" class=\"nd_booking_tooltip_jquery nd_booking_float_left\"><img loading=\"lazy\" decoding=\"async\" alt=\"Private Terrace \/ Gardens\" class=\"nd_booking_margin_right_15 nd_booking_float_left\" width=\"23\" height=\"23\" src=\"https:\/\/www.villapedra.com\/wp-content\/uploads\/2017\/07\/terracosejardins.png\"><\/a>\n                        \n                             <a title=\"Air conditioner\" class=\"nd_booking_tooltip_jquery nd_booking_float_left\"><img loading=\"lazy\" decoding=\"async\" alt=\"Air conditioner\" class=\"nd_booking_margin_right_15 nd_booking_float_left\" width=\"23\" height=\"23\" src=\"https:\/\/www.villapedra.com\/wp-content\/uploads\/2020\/11\/ar-conditionado.png\"><\/a>\n                        \n                             <a title=\"Twin beds\" class=\"nd_booking_tooltip_jquery nd_booking_float_left\"><img loading=\"lazy\" decoding=\"async\" alt=\"Twin beds\" class=\"nd_booking_margin_right_15 nd_booking_float_left\" width=\"23\" height=\"23\" src=\"https:\/\/www.villapedra.com\/wp-content\/uploads\/2025\/02\/259965.png\"><\/a>\n                        \n                             <a title=\"TV \/ WIFI\" class=\"nd_booking_tooltip_jquery nd_booking_float_left\"><img loading=\"lazy\" decoding=\"async\" alt=\"TV \/ WIFI\" class=\"nd_booking_margin_right_15 nd_booking_float_left\" width=\"23\" height=\"23\" src=\"https:\/\/www.villapedra.com\/wp-content\/uploads\/2017\/07\/icon-12-1.png\"><\/a>\n                        \n                             <a title=\"Non &#8211; Smokers\" class=\"nd_booking_tooltip_jquery nd_booking_float_left\"><img loading=\"lazy\" decoding=\"async\" alt=\"Non &#8211; Smokers\" class=\"nd_booking_margin_right_15 nd_booking_float_left\" width=\"23\" height=\"23\" src=\"https:\/\/www.villapedra.com\/wp-content\/uploads\/2017\/07\/icon-14.png\"><\/a>\n                        \n                             <a title=\"2 Bedrooms\" class=\"nd_booking_tooltip_jquery nd_booking_float_left\"><img loading=\"lazy\" decoding=\"async\" alt=\"2 Bedrooms\" class=\"nd_booking_margin_right_15 nd_booking_float_left\" width=\"23\" height=\"23\" src=\"https:\/\/www.villapedra.com\/wp-content\/uploads\/2025\/02\/6192020.png\"><\/a>\n                        \n                    <a href=\"https:\/\/www.villapedra.com\/en\/villas\/lemon-tree-villa\/\" class=\"nd_booking_margin_top_7 nd_booking_float_right nd_booking_display_inline_block nd_booking_text_align_center nd_booking_box_sizing_border_box nd_booking_font_size_12\">\n                        <span class=\"nd_booking_float_left nd_booking_font_size_11 nd_booking_letter_spacing_2\">FULL INFO<\/span>\n                        <img decoding=\"async\" alt=\"\" class=\"nd_booking_margin_left_5 nd_booking_float_left\" width=\"10\" src=\"https:\/\/www.villapedra.com\/wp-content\/plugins\/nd-booking\/addons\/visual\/rooms\/layout\/icon-right-arrow-grey.svg\">\n                    <\/a>\n            <\/div>\n        <\/div>\n\n    <\/div>\n\n<\/div><\/div><div style=\"background-color:;height: 20px\" class=\"nicdark_section  \"><\/div>[\/vc_column_inner][vc_column_inner width=&#8221;1\/2&#8243;][vc_single_image image=&#8221;2149&#8243; img_size=&#8221;large&#8221; alignment=&#8221;center&#8221; onclick=&#8221;custom_link&#8221; link=&#8221;\/en\/villas\/rosemary-villa\/&#8221; el_class=&#8221;villas_imagens&#8221;]\n\n\t<script type=\"text\/javascript\">\n    \/\/<![CDATA[\n    \n    jQuery(document).ready(function() {\n\n      \/\/START masonry\n      jQuery(function ($) {\n        \n        \/\/Masonry\n    \t\tvar $nd_booking_masonry_content = $(\".nd_booking_masonry_content\").imagesLoaded( function() {\n    \t\t  \/\/ init Masonry after all images have loaded\n    \t\t  $nd_booking_masonry_content.masonry({\n    \t\t    itemSelector: \".nd_booking_masonry_item\"\n    \t\t  });\n    \t\t});\n\n      });\n      \/\/END masonry\n\n    });\n\n    \/\/]]>\n  <\/script>\n\n<div class=\"nd_booking_section nd_booking_masonry_content villas_quadros \">\n\n<div id=\"nd_booking_archive_cpt_1_single_2337\" class=\" nd_booking_rooms_component_l1 nd_booking_masonry_item nd_booking_width_100_percentage nd_booking_width_100_percentage_responsive\">\n\n    <div class=\"nd_booking_section nd_booking_padding_15 nd_booking_box_sizing_border_box\">\n\n        <div class=\"nd_booking_section nd_booking_border_1_solid_grey nd_booking_bg_white\">\n            \n            \n\n        <div class=\"nd_booking_section nd_booking_position_relative\">\n\n            <img decoding=\"async\" alt=\"\" class=\"nd_booking_section\" src=\"https:\/\/www.villapedra.com\/wp-content\/uploads\/2026\/01\/Terraco-7-1024x683.jpg\">\n\n            <div class=\"nd_booking_bg_greydark_alpha_gradient_3 nd_booking_position_absolute nd_booking_left_0 nd_booking_height_100_percentage nd_booking_width_100_percentage nd_booking_padding_30 nd_booking_box_sizing_border_box\">\n                <div class=\"nd_booking_position_absolute nd_booking_bottom_20\">\n                    <p class=\"nd_options_color_white nd_booking_margin_right_10 nd_booking_float_left nd_booking_font_size_11 nd_booking_letter_spacing_2 nd_booking_text_transform_uppercase\">Villa Pedra En<\/p><img decoding=\"async\" alt=\"\" class=\"nd_booking_margin_right_5 nd_booking_float_left\" width=\"10\" src=\"https:\/\/www.villapedra.com\/wp-content\/plugins\/nd-booking\/addons\/visual\/rooms\/layout\/icon-star-full-white.svg\"><img decoding=\"async\" alt=\"\" class=\"nd_booking_margin_right_5 nd_booking_float_left\" width=\"10\" src=\"https:\/\/www.villapedra.com\/wp-content\/plugins\/nd-booking\/addons\/visual\/rooms\/layout\/icon-star-full-white.svg\"><img decoding=\"async\" alt=\"\" class=\"nd_booking_margin_right_5 nd_booking_float_left\" width=\"10\" src=\"https:\/\/www.villapedra.com\/wp-content\/plugins\/nd-booking\/addons\/visual\/rooms\/layout\/icon-star-full-white.svg\"><img decoding=\"async\" alt=\"\" class=\"nd_booking_margin_right_5 nd_booking_float_left\" width=\"10\" src=\"https:\/\/www.villapedra.com\/wp-content\/plugins\/nd-booking\/addons\/visual\/rooms\/layout\/icon-star-full-white.svg\"><img decoding=\"async\" alt=\"\" class=\"nd_booking_margin_right_5 nd_booking_float_left\" width=\"10\" src=\"https:\/\/www.villapedra.com\/wp-content\/plugins\/nd-booking\/addons\/visual\/rooms\/layout\/icon-star-full-white.svg\">\n                <\/div>\n            <\/div>\n\n        <\/div>\n\n\n    \n\n            <div class=\"nd_booking_section nd_booking_padding_30 nd_booking_box_sizing_border_box\">\n\n                <h1>Rosemary Villa<\/h1>\n                <div class=\"nd_booking_section nd_booking_height_10\"><\/div>\n\n                <div class=\"nd_booking_section\">\n                    <div class=\"nd_booking_display_table nd_booking_float_left\">\n                        <img decoding=\"async\" alt=\"\" class=\"nd_booking_margin_right_10 nd_booking_display_table_cell nd_booking_vertical_align_middle\" width=\"23\" src=\"https:\/\/www.villapedra.com\/wp-content\/plugins\/nd-booking\/addons\/visual\/rooms\/layout\/icon-user-grey.svg\">\n                        <p class=\"  nd_booking_display_table_cell nd_booking_vertical_align_middle nd_booking_font_size_12 nd_booking_line_height_26\">4 GUESTS<\/p>\n                        <img decoding=\"async\" alt=\"\" class=\"nd_booking_margin_right_10 nd_booking_margin_left_20 nd_booking_display_table_cell nd_booking_vertical_align_middle\" width=\"20\" src=\"https:\/\/www.villapedra.com\/wp-content\/plugins\/nd-booking\/addons\/visual\/rooms\/layout\/icon-plan-grey.svg\">\n                        <p class=\"  nd_booking_display_table_cell nd_booking_vertical_align_middle nd_booking_font_size_12 nd_booking_line_height_26\">120 m\u00b2<\/p>\n                    <\/div>\n                <\/div> \n        \n                <div class=\"nd_booking_section nd_booking_height_20\"><\/div> \n                <p><\/p>\n                <div class=\"nd_booking_section nd_booking_height_20\"><\/div>\n                <a style=\"border:2px solid #78635a; color:#78635a;\" href=\"https:\/\/www.villapedra.com\/en\/villas\/rosemary-villa\/\" class=\"nd_booking_padding_15_30_important nd_options_second_font_important nd_booking_border_radius_0_important nd_booking_background_color_transparent_important nd_booking_cursor_pointer nd_booking_display_inline_block nd_booking_font_size_11 nd_booking_font_weight_bold nd_booking_letter_spacing_2\">BOOK NOW FROM 200 \u20ac<\/a>\n                \n                    <div class=\"nd_booking_section nd_booking_height_20\"><\/div> \n                    <div class=\"nd_booking_section nd_booking_height_1 nd_booking_border_bottom_1_solid_grey\"><\/div> \n                    <div class=\"nd_booking_section nd_booking_height_20\"><\/div>\n                             <a title=\"Equipped kitchen\" class=\"nd_booking_tooltip_jquery nd_booking_float_left\"><img loading=\"lazy\" decoding=\"async\" alt=\"Equipped kitchen\" class=\"nd_booking_margin_right_15 nd_booking_float_left\" width=\"23\" height=\"23\" src=\"https:\/\/www.villapedra.com\/wp-content\/uploads\/2017\/07\/icon-17.png\"><\/a>\n                        \n                             <a title=\"Dining table \/ Barbecue\" class=\"nd_booking_tooltip_jquery nd_booking_float_left\"><img loading=\"lazy\" decoding=\"async\" alt=\"Dining table \/ Barbecue\" class=\"nd_booking_margin_right_15 nd_booking_float_left\" width=\"23\" height=\"23\" src=\"https:\/\/www.villapedra.com\/wp-content\/uploads\/2017\/07\/barbecue.png\"><\/a>\n                        \n                             <a title=\"Private Terrace \/ Gardens\" class=\"nd_booking_tooltip_jquery nd_booking_float_left\"><img loading=\"lazy\" decoding=\"async\" alt=\"Private Terrace \/ Gardens\" class=\"nd_booking_margin_right_15 nd_booking_float_left\" width=\"23\" height=\"23\" src=\"https:\/\/www.villapedra.com\/wp-content\/uploads\/2017\/07\/terracosejardins.png\"><\/a>\n                        \n                             <a title=\"Central heating\" class=\"nd_booking_tooltip_jquery nd_booking_float_left\"><img loading=\"lazy\" decoding=\"async\" alt=\"Central heating\" class=\"nd_booking_margin_right_15 nd_booking_float_left\" width=\"23\" height=\"23\" src=\"https:\/\/www.villapedra.com\/wp-content\/uploads\/2017\/07\/calor-central.png\"><\/a>\n                        \n                             <a title=\"Main Building\" class=\"nd_booking_tooltip_jquery nd_booking_float_left\"><img loading=\"lazy\" decoding=\"async\" alt=\"Main Building\" class=\"nd_booking_margin_right_15 nd_booking_float_left\" width=\"23\" height=\"23\" src=\"https:\/\/www.villapedra.com\/wp-content\/uploads\/2017\/07\/edificioprincipal.png\"><\/a>\n                        \n                             <a title=\"Living Room\" class=\"nd_booking_tooltip_jquery nd_booking_float_left\"><img loading=\"lazy\" decoding=\"async\" alt=\"Living Room\" class=\"nd_booking_margin_right_15 nd_booking_float_left\" width=\"23\" height=\"23\" src=\"https:\/\/www.villapedra.com\/wp-content\/uploads\/2017\/07\/salaestar.png\"><\/a>\n                        \n                             <a title=\"Annex\" class=\"nd_booking_tooltip_jquery nd_booking_float_left\"><img loading=\"lazy\" decoding=\"async\" alt=\"Annex\" class=\"nd_booking_margin_right_15 nd_booking_float_left\" width=\"23\" height=\"23\" src=\"https:\/\/www.villapedra.com\/wp-content\/uploads\/2017\/07\/edificioprincipal.png\"><\/a>\n                        \n                             <a title=\"TV \/ WIFI\" class=\"nd_booking_tooltip_jquery nd_booking_float_left\"><img loading=\"lazy\" decoding=\"async\" alt=\"TV \/ WIFI\" class=\"nd_booking_margin_right_15 nd_booking_float_left\" width=\"23\" height=\"23\" src=\"https:\/\/www.villapedra.com\/wp-content\/uploads\/2017\/07\/icon-12-1.png\"><\/a>\n                        \n                             <a title=\"Non &#8211; Smokers\" class=\"nd_booking_tooltip_jquery nd_booking_float_left\"><img loading=\"lazy\" decoding=\"async\" alt=\"Non &#8211; Smokers\" class=\"nd_booking_margin_right_15 nd_booking_float_left\" width=\"23\" height=\"23\" src=\"https:\/\/www.villapedra.com\/wp-content\/uploads\/2017\/07\/icon-14.png\"><\/a>\n                        \n                             <a title=\"2 Bedrooms\" class=\"nd_booking_tooltip_jquery nd_booking_float_left\"><img loading=\"lazy\" decoding=\"async\" alt=\"2 Bedrooms\" class=\"nd_booking_margin_right_15 nd_booking_float_left\" width=\"23\" height=\"23\" src=\"https:\/\/www.villapedra.com\/wp-content\/uploads\/2025\/02\/6192020.png\"><\/a>\n                        \n                             <a title=\"Twin beds\" class=\"nd_booking_tooltip_jquery nd_booking_float_left\"><img loading=\"lazy\" decoding=\"async\" alt=\"Twin beds\" class=\"nd_booking_margin_right_15 nd_booking_float_left\" width=\"23\" height=\"23\" src=\"https:\/\/www.villapedra.com\/wp-content\/uploads\/2025\/02\/259965.png\"><\/a>\n                        \n                             <a title=\"Double Bed\" class=\"nd_booking_tooltip_jquery nd_booking_float_left\"><img loading=\"lazy\" decoding=\"async\" alt=\"Double Bed\" class=\"nd_booking_margin_right_15 nd_booking_float_left\" width=\"23\" height=\"23\" src=\"https:\/\/www.villapedra.com\/wp-content\/uploads\/2017\/07\/camacasal.png\"><\/a>\n                        \n                             <a title=\"2 Bathrooms\" class=\"nd_booking_tooltip_jquery nd_booking_float_left\"><img loading=\"lazy\" decoding=\"async\" alt=\"2 Bathrooms\" class=\"nd_booking_margin_right_15 nd_booking_float_left\" width=\"23\" height=\"23\" src=\"https:\/\/www.villapedra.com\/wp-content\/uploads\/2025\/02\/images-1.png\"><\/a>\n                        \n                             <a title=\"NO AC\" class=\"nd_booking_tooltip_jquery nd_booking_float_left\"><img loading=\"lazy\" decoding=\"async\" alt=\"NO AC\" class=\"nd_booking_margin_right_15 nd_booking_float_left\" width=\"23\" height=\"23\" src=\"https:\/\/www.villapedra.com\/wp-content\/uploads\/2025\/08\/93566064-forbidden-sign-with-air-conditioner-linear-icon-thin-line-illustration-no-cooling-stop-contour.jpg\"><\/a>\n                        \n                    <a href=\"https:\/\/www.villapedra.com\/en\/villas\/rosemary-villa\/\" class=\"nd_booking_margin_top_7 nd_booking_float_right nd_booking_display_inline_block nd_booking_text_align_center nd_booking_box_sizing_border_box nd_booking_font_size_12\">\n                        <span class=\"nd_booking_float_left nd_booking_font_size_11 nd_booking_letter_spacing_2\">FULL INFO<\/span>\n                        <img decoding=\"async\" alt=\"\" class=\"nd_booking_margin_left_5 nd_booking_float_left\" width=\"10\" src=\"https:\/\/www.villapedra.com\/wp-content\/plugins\/nd-booking\/addons\/visual\/rooms\/layout\/icon-right-arrow-grey.svg\">\n                    <\/a>\n            <\/div>\n        <\/div>\n\n    <\/div>\n\n<\/div><\/div><div style=\"background-color:;height: 20px\" class=\"nicdark_section  \"><\/div>[\/vc_column_inner][\/vc_row_inner][vc_row_inner][vc_column_inner width=&#8221;1\/2&#8243;][vc_single_image image=&#8221;2168&#8243; img_size=&#8221;large&#8221; alignment=&#8221;center&#8221; onclick=&#8221;custom_link&#8221; link=&#8221;\/en\/villas\/medlar-tree-villa\/&#8221; el_class=&#8221;villas_imagens&#8221;]\n\n\t<script type=\"text\/javascript\">\n    \/\/<![CDATA[\n    \n    jQuery(document).ready(function() {\n\n      \/\/START masonry\n      jQuery(function ($) {\n        \n        \/\/Masonry\n    \t\tvar $nd_booking_masonry_content = $(\".nd_booking_masonry_content\").imagesLoaded( function() {\n    \t\t  \/\/ init Masonry after all images have loaded\n    \t\t  $nd_booking_masonry_content.masonry({\n    \t\t    itemSelector: \".nd_booking_masonry_item\"\n    \t\t  });\n    \t\t});\n\n      });\n      \/\/END masonry\n\n    });\n\n    \/\/]]>\n  <\/script>\n\n<div class=\"nd_booking_section nd_booking_masonry_content villas_quadros \">\n\n<div id=\"nd_booking_archive_cpt_1_single_2331\" class=\" nd_booking_rooms_component_l1 nd_booking_masonry_item nd_booking_width_100_percentage nd_booking_width_100_percentage_responsive\">\n\n    <div class=\"nd_booking_section nd_booking_padding_15 nd_booking_box_sizing_border_box\">\n\n        <div class=\"nd_booking_section nd_booking_border_1_solid_grey nd_booking_bg_white\">\n            \n            \n\n        <div class=\"nd_booking_section nd_booking_position_relative\">\n\n            <img decoding=\"async\" alt=\"\" class=\"nd_booking_section\" src=\"https:\/\/www.villapedra.com\/wp-content\/uploads\/2026\/01\/20260119_103239-1-1024x683.jpg\">\n\n            <div class=\"nd_booking_bg_greydark_alpha_gradient_3 nd_booking_position_absolute nd_booking_left_0 nd_booking_height_100_percentage nd_booking_width_100_percentage nd_booking_padding_30 nd_booking_box_sizing_border_box\">\n                <div class=\"nd_booking_position_absolute nd_booking_bottom_20\">\n                    <p class=\"nd_options_color_white nd_booking_margin_right_10 nd_booking_float_left nd_booking_font_size_11 nd_booking_letter_spacing_2 nd_booking_text_transform_uppercase\">Villa Pedra En<\/p><img decoding=\"async\" alt=\"\" class=\"nd_booking_margin_right_5 nd_booking_float_left\" width=\"10\" src=\"https:\/\/www.villapedra.com\/wp-content\/plugins\/nd-booking\/addons\/visual\/rooms\/layout\/icon-star-full-white.svg\"><img decoding=\"async\" alt=\"\" class=\"nd_booking_margin_right_5 nd_booking_float_left\" width=\"10\" src=\"https:\/\/www.villapedra.com\/wp-content\/plugins\/nd-booking\/addons\/visual\/rooms\/layout\/icon-star-full-white.svg\"><img decoding=\"async\" alt=\"\" class=\"nd_booking_margin_right_5 nd_booking_float_left\" width=\"10\" src=\"https:\/\/www.villapedra.com\/wp-content\/plugins\/nd-booking\/addons\/visual\/rooms\/layout\/icon-star-full-white.svg\"><img decoding=\"async\" alt=\"\" class=\"nd_booking_margin_right_5 nd_booking_float_left\" width=\"10\" src=\"https:\/\/www.villapedra.com\/wp-content\/plugins\/nd-booking\/addons\/visual\/rooms\/layout\/icon-star-full-white.svg\"><img decoding=\"async\" alt=\"\" class=\"nd_booking_margin_right_5 nd_booking_float_left\" width=\"10\" src=\"https:\/\/www.villapedra.com\/wp-content\/plugins\/nd-booking\/addons\/visual\/rooms\/layout\/icon-star-full-white.svg\">\n                <\/div>\n            <\/div>\n\n        <\/div>\n\n\n    \n\n            <div class=\"nd_booking_section nd_booking_padding_30 nd_booking_box_sizing_border_box\">\n\n                <h1>Medlar-Tree Villa<\/h1>\n                <div class=\"nd_booking_section nd_booking_height_10\"><\/div>\n\n                <div class=\"nd_booking_section\">\n                    <div class=\"nd_booking_display_table nd_booking_float_left\">\n                        <img decoding=\"async\" alt=\"\" class=\"nd_booking_margin_right_10 nd_booking_display_table_cell nd_booking_vertical_align_middle\" width=\"23\" src=\"https:\/\/www.villapedra.com\/wp-content\/plugins\/nd-booking\/addons\/visual\/rooms\/layout\/icon-user-grey.svg\">\n                        <p class=\"  nd_booking_display_table_cell nd_booking_vertical_align_middle nd_booking_font_size_12 nd_booking_line_height_26\">5 GUESTS<\/p>\n                        <img decoding=\"async\" alt=\"\" class=\"nd_booking_margin_right_10 nd_booking_margin_left_20 nd_booking_display_table_cell nd_booking_vertical_align_middle\" width=\"20\" src=\"https:\/\/www.villapedra.com\/wp-content\/plugins\/nd-booking\/addons\/visual\/rooms\/layout\/icon-plan-grey.svg\">\n                        <p class=\"  nd_booking_display_table_cell nd_booking_vertical_align_middle nd_booking_font_size_12 nd_booking_line_height_26\">120 m\u00b2<\/p>\n                    <\/div>\n                <\/div> \n        \n                <div class=\"nd_booking_section nd_booking_height_20\"><\/div> \n                <p><\/p>\n                <div class=\"nd_booking_section nd_booking_height_20\"><\/div>\n                <a style=\"border:2px solid #78635a; color:#78635a;\" href=\"https:\/\/www.villapedra.com\/en\/villas\/medlar-tree-villa\/\" class=\"nd_booking_padding_15_30_important nd_options_second_font_important nd_booking_border_radius_0_important nd_booking_background_color_transparent_important nd_booking_cursor_pointer nd_booking_display_inline_block nd_booking_font_size_11 nd_booking_font_weight_bold nd_booking_letter_spacing_2\">BOOK NOW FROM 200 \u20ac<\/a>\n                \n                    <div class=\"nd_booking_section nd_booking_height_20\"><\/div> \n                    <div class=\"nd_booking_section nd_booking_height_1 nd_booking_border_bottom_1_solid_grey\"><\/div> \n                    <div class=\"nd_booking_section nd_booking_height_20\"><\/div>\n                             <a title=\"Living Room\" class=\"nd_booking_tooltip_jquery nd_booking_float_left\"><img loading=\"lazy\" decoding=\"async\" alt=\"Living Room\" class=\"nd_booking_margin_right_15 nd_booking_float_left\" width=\"23\" height=\"23\" src=\"https:\/\/www.villapedra.com\/wp-content\/uploads\/2017\/07\/salaestar.png\"><\/a>\n                        \n                             <a title=\"Equipped kitchen\" class=\"nd_booking_tooltip_jquery nd_booking_float_left\"><img loading=\"lazy\" decoding=\"async\" alt=\"Equipped kitchen\" class=\"nd_booking_margin_right_15 nd_booking_float_left\" width=\"23\" height=\"23\" src=\"https:\/\/www.villapedra.com\/wp-content\/uploads\/2017\/07\/icon-17.png\"><\/a>\n                        \n                             <a title=\"Private Terrace \/ Gardens\" class=\"nd_booking_tooltip_jquery nd_booking_float_left\"><img loading=\"lazy\" decoding=\"async\" alt=\"Private Terrace \/ Gardens\" class=\"nd_booking_margin_right_15 nd_booking_float_left\" width=\"23\" height=\"23\" src=\"https:\/\/www.villapedra.com\/wp-content\/uploads\/2017\/07\/terracosejardins.png\"><\/a>\n                        \n                             <a title=\"Air conditioner\" class=\"nd_booking_tooltip_jquery nd_booking_float_left\"><img loading=\"lazy\" decoding=\"async\" alt=\"Air conditioner\" class=\"nd_booking_margin_right_15 nd_booking_float_left\" width=\"23\" height=\"23\" src=\"https:\/\/www.villapedra.com\/wp-content\/uploads\/2020\/11\/ar-conditionado.png\"><\/a>\n                        \n                             <a title=\"TV \/ WIFI\" class=\"nd_booking_tooltip_jquery nd_booking_float_left\"><img loading=\"lazy\" decoding=\"async\" alt=\"TV \/ WIFI\" class=\"nd_booking_margin_right_15 nd_booking_float_left\" width=\"23\" height=\"23\" src=\"https:\/\/www.villapedra.com\/wp-content\/uploads\/2017\/07\/icon-12-1.png\"><\/a>\n                        \n                             <a title=\"Non &#8211; Smokers\" class=\"nd_booking_tooltip_jquery nd_booking_float_left\"><img loading=\"lazy\" decoding=\"async\" alt=\"Non &#8211; Smokers\" class=\"nd_booking_margin_right_15 nd_booking_float_left\" width=\"23\" height=\"23\" src=\"https:\/\/www.villapedra.com\/wp-content\/uploads\/2017\/07\/icon-14.png\"><\/a>\n                        \n                             <a title=\"Extra Bed\" class=\"nd_booking_tooltip_jquery nd_booking_float_left\"><img loading=\"lazy\" decoding=\"async\" alt=\"Extra Bed\" class=\"nd_booking_margin_right_15 nd_booking_float_left\" width=\"23\" height=\"23\" src=\"https:\/\/www.villapedra.com\/wp-content\/uploads\/2020\/11\/cama-extra.png\"><\/a>\n                        \n                             <a title=\"2 Bedrooms\" class=\"nd_booking_tooltip_jquery nd_booking_float_left\"><img loading=\"lazy\" decoding=\"async\" alt=\"2 Bedrooms\" class=\"nd_booking_margin_right_15 nd_booking_float_left\" width=\"23\" height=\"23\" src=\"https:\/\/www.villapedra.com\/wp-content\/uploads\/2025\/02\/6192020.png\"><\/a>\n                        \n                             <a title=\"Twin beds\" class=\"nd_booking_tooltip_jquery nd_booking_float_left\"><img loading=\"lazy\" decoding=\"async\" alt=\"Twin beds\" class=\"nd_booking_margin_right_15 nd_booking_float_left\" width=\"23\" height=\"23\" src=\"https:\/\/www.villapedra.com\/wp-content\/uploads\/2025\/02\/259965.png\"><\/a>\n                        \n                             <a title=\"Twin beds\" class=\"nd_booking_tooltip_jquery nd_booking_float_left\"><img loading=\"lazy\" decoding=\"async\" alt=\"Twin beds\" class=\"nd_booking_margin_right_15 nd_booking_float_left\" width=\"23\" height=\"23\" src=\"https:\/\/www.villapedra.com\/wp-content\/uploads\/2025\/02\/259965.png\"><\/a>\n                        \n                             <a title=\"2 Bathrooms\" class=\"nd_booking_tooltip_jquery nd_booking_float_left\"><img loading=\"lazy\" decoding=\"async\" alt=\"2 Bathrooms\" class=\"nd_booking_margin_right_15 nd_booking_float_left\" width=\"23\" height=\"23\" src=\"https:\/\/www.villapedra.com\/wp-content\/uploads\/2025\/02\/images-1.png\"><\/a>\n                        \n                    <a href=\"https:\/\/www.villapedra.com\/en\/villas\/medlar-tree-villa\/\" class=\"nd_booking_margin_top_7 nd_booking_float_right nd_booking_display_inline_block nd_booking_text_align_center nd_booking_box_sizing_border_box nd_booking_font_size_12\">\n                        <span class=\"nd_booking_float_left nd_booking_font_size_11 nd_booking_letter_spacing_2\">FULL INFO<\/span>\n                        <img decoding=\"async\" alt=\"\" class=\"nd_booking_margin_left_5 nd_booking_float_left\" width=\"10\" src=\"https:\/\/www.villapedra.com\/wp-content\/plugins\/nd-booking\/addons\/visual\/rooms\/layout\/icon-right-arrow-grey.svg\">\n                    <\/a>\n            <\/div>\n        <\/div>\n\n    <\/div>\n\n<\/div><\/div><div style=\"background-color:;height: 20px\" class=\"nicdark_section  \"><\/div>[\/vc_column_inner][vc_column_inner width=&#8221;1\/2&#8243;][vc_single_image image=&#8221;2151&#8243; img_size=&#8221;large&#8221; alignment=&#8221;center&#8221; onclick=&#8221;custom_link&#8221; link=&#8221;\/en\/villas\/laurel-villa\/&#8221; el_class=&#8221;villas_imagens&#8221;]\n\n\t<script type=\"text\/javascript\">\n    \/\/<![CDATA[\n    \n    jQuery(document).ready(function() {\n\n      \/\/START masonry\n      jQuery(function ($) {\n        \n        \/\/Masonry\n    \t\tvar $nd_booking_masonry_content = $(\".nd_booking_masonry_content\").imagesLoaded( function() {\n    \t\t  \/\/ init Masonry after all images have loaded\n    \t\t  $nd_booking_masonry_content.masonry({\n    \t\t    itemSelector: \".nd_booking_masonry_item\"\n    \t\t  });\n    \t\t});\n\n      });\n      \/\/END masonry\n\n    });\n\n    \/\/]]>\n  <\/script>\n\n<div class=\"nd_booking_section nd_booking_masonry_content villas_quadros \">\n\n<div id=\"nd_booking_archive_cpt_1_single_2344\" class=\" nd_booking_rooms_component_l1 nd_booking_masonry_item nd_booking_width_100_percentage nd_booking_width_100_percentage_responsive\">\n\n    <div class=\"nd_booking_section nd_booking_padding_15 nd_booking_box_sizing_border_box\">\n\n        <div class=\"nd_booking_section nd_booking_border_1_solid_grey nd_booking_bg_white\">\n            \n            \n\n        <div class=\"nd_booking_section nd_booking_position_relative\">\n\n            <img decoding=\"async\" alt=\"\" class=\"nd_booking_section\" src=\"https:\/\/www.villapedra.com\/wp-content\/uploads\/2026\/01\/Jardim-3-2-1024x683.jpg\">\n\n            <div class=\"nd_booking_bg_greydark_alpha_gradient_3 nd_booking_position_absolute nd_booking_left_0 nd_booking_height_100_percentage nd_booking_width_100_percentage nd_booking_padding_30 nd_booking_box_sizing_border_box\">\n                <div class=\"nd_booking_position_absolute nd_booking_bottom_20\">\n                    <p class=\"nd_options_color_white nd_booking_margin_right_10 nd_booking_float_left nd_booking_font_size_11 nd_booking_letter_spacing_2 nd_booking_text_transform_uppercase\">Villa Pedra En<\/p><img decoding=\"async\" alt=\"\" class=\"nd_booking_margin_right_5 nd_booking_float_left\" width=\"10\" src=\"https:\/\/www.villapedra.com\/wp-content\/plugins\/nd-booking\/addons\/visual\/rooms\/layout\/icon-star-full-white.svg\"><img decoding=\"async\" alt=\"\" class=\"nd_booking_margin_right_5 nd_booking_float_left\" width=\"10\" src=\"https:\/\/www.villapedra.com\/wp-content\/plugins\/nd-booking\/addons\/visual\/rooms\/layout\/icon-star-full-white.svg\"><img decoding=\"async\" alt=\"\" class=\"nd_booking_margin_right_5 nd_booking_float_left\" width=\"10\" src=\"https:\/\/www.villapedra.com\/wp-content\/plugins\/nd-booking\/addons\/visual\/rooms\/layout\/icon-star-full-white.svg\"><img decoding=\"async\" alt=\"\" class=\"nd_booking_margin_right_5 nd_booking_float_left\" width=\"10\" src=\"https:\/\/www.villapedra.com\/wp-content\/plugins\/nd-booking\/addons\/visual\/rooms\/layout\/icon-star-full-white.svg\"><img decoding=\"async\" alt=\"\" class=\"nd_booking_margin_right_5 nd_booking_float_left\" width=\"10\" src=\"https:\/\/www.villapedra.com\/wp-content\/plugins\/nd-booking\/addons\/visual\/rooms\/layout\/icon-star-full-white.svg\">\n                <\/div>\n            <\/div>\n\n        <\/div>\n\n\n    \n\n            <div class=\"nd_booking_section nd_booking_padding_30 nd_booking_box_sizing_border_box\">\n\n                <h1>Laurel&#8217;s Villa<\/h1>\n                <div class=\"nd_booking_section nd_booking_height_10\"><\/div>\n\n                <div class=\"nd_booking_section\">\n                    <div class=\"nd_booking_display_table nd_booking_float_left\">\n                        <img decoding=\"async\" alt=\"\" class=\"nd_booking_margin_right_10 nd_booking_display_table_cell nd_booking_vertical_align_middle\" width=\"23\" src=\"https:\/\/www.villapedra.com\/wp-content\/plugins\/nd-booking\/addons\/visual\/rooms\/layout\/icon-user-grey.svg\">\n                        <p class=\"  nd_booking_display_table_cell nd_booking_vertical_align_middle nd_booking_font_size_12 nd_booking_line_height_26\">5 GUESTS<\/p>\n                        <img decoding=\"async\" alt=\"\" class=\"nd_booking_margin_right_10 nd_booking_margin_left_20 nd_booking_display_table_cell nd_booking_vertical_align_middle\" width=\"20\" src=\"https:\/\/www.villapedra.com\/wp-content\/plugins\/nd-booking\/addons\/visual\/rooms\/layout\/icon-plan-grey.svg\">\n                        <p class=\"  nd_booking_display_table_cell nd_booking_vertical_align_middle nd_booking_font_size_12 nd_booking_line_height_26\">120 m\u00b2<\/p>\n                    <\/div>\n                <\/div> \n        \n                <div class=\"nd_booking_section nd_booking_height_20\"><\/div> \n                <p><\/p>\n                <div class=\"nd_booking_section nd_booking_height_20\"><\/div>\n                <a style=\"border:2px solid #78635a; color:#78635a;\" href=\"https:\/\/www.villapedra.com\/en\/villas\/laurel-villa\/\" class=\"nd_booking_padding_15_30_important nd_options_second_font_important nd_booking_border_radius_0_important nd_booking_background_color_transparent_important nd_booking_cursor_pointer nd_booking_display_inline_block nd_booking_font_size_11 nd_booking_font_weight_bold nd_booking_letter_spacing_2\">BOOK NOW FROM 230 \u20ac<\/a>\n                \n                    <div class=\"nd_booking_section nd_booking_height_20\"><\/div> \n                    <div class=\"nd_booking_section nd_booking_height_1 nd_booking_border_bottom_1_solid_grey\"><\/div> \n                    <div class=\"nd_booking_section nd_booking_height_20\"><\/div>\n                             <a title=\"Double Bed\" class=\"nd_booking_tooltip_jquery nd_booking_float_left\"><img loading=\"lazy\" decoding=\"async\" alt=\"Double Bed\" class=\"nd_booking_margin_right_15 nd_booking_float_left\" width=\"23\" height=\"23\" src=\"https:\/\/www.villapedra.com\/wp-content\/uploads\/2017\/07\/camacasal.png\"><\/a>\n                        \n                             <a title=\"Living Room\" class=\"nd_booking_tooltip_jquery nd_booking_float_left\"><img loading=\"lazy\" decoding=\"async\" alt=\"Living Room\" class=\"nd_booking_margin_right_15 nd_booking_float_left\" width=\"23\" height=\"23\" src=\"https:\/\/www.villapedra.com\/wp-content\/uploads\/2017\/07\/salaestar.png\"><\/a>\n                        \n                             <a title=\"Equipped kitchen\" class=\"nd_booking_tooltip_jquery nd_booking_float_left\"><img loading=\"lazy\" decoding=\"async\" alt=\"Equipped kitchen\" class=\"nd_booking_margin_right_15 nd_booking_float_left\" width=\"23\" height=\"23\" src=\"https:\/\/www.villapedra.com\/wp-content\/uploads\/2017\/07\/icon-17.png\"><\/a>\n                        \n                             <a title=\"Private Terrace \/ Gardens\" class=\"nd_booking_tooltip_jquery nd_booking_float_left\"><img loading=\"lazy\" decoding=\"async\" alt=\"Private Terrace \/ Gardens\" class=\"nd_booking_margin_right_15 nd_booking_float_left\" width=\"23\" height=\"23\" src=\"https:\/\/www.villapedra.com\/wp-content\/uploads\/2017\/07\/terracosejardins.png\"><\/a>\n                        \n                             <a title=\"Dining table \/ Barbecue\" class=\"nd_booking_tooltip_jquery nd_booking_float_left\"><img loading=\"lazy\" decoding=\"async\" alt=\"Dining table \/ Barbecue\" class=\"nd_booking_margin_right_15 nd_booking_float_left\" width=\"23\" height=\"23\" src=\"https:\/\/www.villapedra.com\/wp-content\/uploads\/2017\/07\/barbecue.png\"><\/a>\n                        \n                             <a title=\"Central heating\" class=\"nd_booking_tooltip_jquery nd_booking_float_left\"><img loading=\"lazy\" decoding=\"async\" alt=\"Central heating\" class=\"nd_booking_margin_right_15 nd_booking_float_left\" width=\"23\" height=\"23\" src=\"https:\/\/www.villapedra.com\/wp-content\/uploads\/2017\/07\/calor-central.png\"><\/a>\n                        \n                             <a title=\"Fireplace\" class=\"nd_booking_tooltip_jquery nd_booking_float_left\"><img loading=\"lazy\" decoding=\"async\" alt=\"Fireplace\" class=\"nd_booking_margin_right_15 nd_booking_float_left\" width=\"23\" height=\"23\" src=\"https:\/\/www.villapedra.com\/wp-content\/uploads\/2020\/11\/lareira.png\"><\/a>\n                        \n                             <a title=\"Twin beds\" class=\"nd_booking_tooltip_jquery nd_booking_float_left\"><img loading=\"lazy\" decoding=\"async\" alt=\"Twin beds\" class=\"nd_booking_margin_right_15 nd_booking_float_left\" width=\"23\" height=\"23\" src=\"https:\/\/www.villapedra.com\/wp-content\/uploads\/2025\/02\/259965.png\"><\/a>\n                        \n                             <a title=\"2 Bathrooms\" class=\"nd_booking_tooltip_jquery nd_booking_float_left\"><img loading=\"lazy\" decoding=\"async\" alt=\"2 Bathrooms\" class=\"nd_booking_margin_right_15 nd_booking_float_left\" width=\"23\" height=\"23\" src=\"https:\/\/www.villapedra.com\/wp-content\/uploads\/2025\/02\/images-1.png\"><\/a>\n                        \n                             <a title=\"TV \/ WIFI\" class=\"nd_booking_tooltip_jquery nd_booking_float_left\"><img loading=\"lazy\" decoding=\"async\" alt=\"TV \/ WIFI\" class=\"nd_booking_margin_right_15 nd_booking_float_left\" width=\"23\" height=\"23\" src=\"https:\/\/www.villapedra.com\/wp-content\/uploads\/2017\/07\/icon-12-1.png\"><\/a>\n                        \n                             <a title=\"Non &#8211; Smokers\" class=\"nd_booking_tooltip_jquery nd_booking_float_left\"><img loading=\"lazy\" decoding=\"async\" alt=\"Non &#8211; Smokers\" class=\"nd_booking_margin_right_15 nd_booking_float_left\" width=\"23\" height=\"23\" src=\"https:\/\/www.villapedra.com\/wp-content\/uploads\/2017\/07\/icon-14.png\"><\/a>\n                        \n                             <a title=\"Extra Bed\" class=\"nd_booking_tooltip_jquery nd_booking_float_left\"><img loading=\"lazy\" decoding=\"async\" alt=\"Extra Bed\" class=\"nd_booking_margin_right_15 nd_booking_float_left\" width=\"23\" height=\"23\" src=\"https:\/\/www.villapedra.com\/wp-content\/uploads\/2020\/11\/cama-extra.png\"><\/a>\n                        \n                             <a title=\"2 Bedrooms\" class=\"nd_booking_tooltip_jquery nd_booking_float_left\"><img loading=\"lazy\" decoding=\"async\" alt=\"2 Bedrooms\" class=\"nd_booking_margin_right_15 nd_booking_float_left\" width=\"23\" height=\"23\" src=\"https:\/\/www.villapedra.com\/wp-content\/uploads\/2025\/02\/6192020.png\"><\/a>\n                        \n                             <a title=\"NO AC\" class=\"nd_booking_tooltip_jquery nd_booking_float_left\"><img loading=\"lazy\" decoding=\"async\" alt=\"NO AC\" class=\"nd_booking_margin_right_15 nd_booking_float_left\" width=\"23\" height=\"23\" src=\"https:\/\/www.villapedra.com\/wp-content\/uploads\/2025\/08\/93566064-forbidden-sign-with-air-conditioner-linear-icon-thin-line-illustration-no-cooling-stop-contour.jpg\"><\/a>\n                        \n                    <a href=\"https:\/\/www.villapedra.com\/en\/villas\/laurel-villa\/\" class=\"nd_booking_margin_top_7 nd_booking_float_right nd_booking_display_inline_block nd_booking_text_align_center nd_booking_box_sizing_border_box nd_booking_font_size_12\">\n                        <span class=\"nd_booking_float_left nd_booking_font_size_11 nd_booking_letter_spacing_2\">FULL INFO<\/span>\n                        <img decoding=\"async\" alt=\"\" class=\"nd_booking_margin_left_5 nd_booking_float_left\" width=\"10\" src=\"https:\/\/www.villapedra.com\/wp-content\/plugins\/nd-booking\/addons\/visual\/rooms\/layout\/icon-right-arrow-grey.svg\">\n                    <\/a>\n            <\/div>\n        <\/div>\n\n    <\/div>\n\n<\/div><\/div><div style=\"background-color:;height: 20px\" class=\"nicdark_section  \"><\/div>[\/vc_column_inner][\/vc_row_inner][vc_row_inner][vc_column_inner width=&#8221;1\/2&#8243;][vc_single_image image=&#8221;2171&#8243; img_size=&#8221;large&#8221; alignment=&#8221;center&#8221; onclick=&#8221;custom_link&#8221; link=&#8221;\/en\/villas\/girls-school\/&#8221; el_class=&#8221;villas_imagens&#8221;]\n\n\t<script type=\"text\/javascript\">\n    \/\/<![CDATA[\n    \n    jQuery(document).ready(function() {\n\n      \/\/START masonry\n      jQuery(function ($) {\n        \n        \/\/Masonry\n    \t\tvar $nd_booking_masonry_content = $(\".nd_booking_masonry_content\").imagesLoaded( function() {\n    \t\t  \/\/ init Masonry after all images have loaded\n    \t\t  $nd_booking_masonry_content.masonry({\n    \t\t    itemSelector: \".nd_booking_masonry_item\"\n    \t\t  });\n    \t\t});\n\n      });\n      \/\/END masonry\n\n    });\n\n    \/\/]]>\n  <\/script>\n\n<div class=\"nd_booking_section nd_booking_masonry_content villas_quadros \">\n\n<div id=\"nd_booking_archive_cpt_1_single_2348\" class=\" nd_booking_rooms_component_l1 nd_booking_masonry_item nd_booking_width_100_percentage nd_booking_width_100_percentage_responsive\">\n\n    <div class=\"nd_booking_section nd_booking_padding_15 nd_booking_box_sizing_border_box\">\n\n        <div class=\"nd_booking_section nd_booking_border_1_solid_grey nd_booking_bg_white\">\n            \n            \n\n        <div class=\"nd_booking_section nd_booking_position_relative\">\n\n            <img decoding=\"async\" alt=\"\" class=\"nd_booking_section\" src=\"https:\/\/www.villapedra.com\/wp-content\/uploads\/2023\/10\/20231017_1450301-1024x768.jpg\">\n\n            <div class=\"nd_booking_bg_greydark_alpha_gradient_3 nd_booking_position_absolute nd_booking_left_0 nd_booking_height_100_percentage nd_booking_width_100_percentage nd_booking_padding_30 nd_booking_box_sizing_border_box\">\n                <div class=\"nd_booking_position_absolute nd_booking_bottom_20\">\n                    <p class=\"nd_options_color_white nd_booking_margin_right_10 nd_booking_float_left nd_booking_font_size_11 nd_booking_letter_spacing_2 nd_booking_text_transform_uppercase\">Villa Pedra En<\/p><img decoding=\"async\" alt=\"\" class=\"nd_booking_margin_right_5 nd_booking_float_left\" width=\"10\" src=\"https:\/\/www.villapedra.com\/wp-content\/plugins\/nd-booking\/addons\/visual\/rooms\/layout\/icon-star-full-white.svg\"><img decoding=\"async\" alt=\"\" class=\"nd_booking_margin_right_5 nd_booking_float_left\" width=\"10\" src=\"https:\/\/www.villapedra.com\/wp-content\/plugins\/nd-booking\/addons\/visual\/rooms\/layout\/icon-star-full-white.svg\"><img decoding=\"async\" alt=\"\" class=\"nd_booking_margin_right_5 nd_booking_float_left\" width=\"10\" src=\"https:\/\/www.villapedra.com\/wp-content\/plugins\/nd-booking\/addons\/visual\/rooms\/layout\/icon-star-full-white.svg\"><img decoding=\"async\" alt=\"\" class=\"nd_booking_margin_right_5 nd_booking_float_left\" width=\"10\" src=\"https:\/\/www.villapedra.com\/wp-content\/plugins\/nd-booking\/addons\/visual\/rooms\/layout\/icon-star-full-white.svg\"><img decoding=\"async\" alt=\"\" class=\"nd_booking_margin_right_5 nd_booking_float_left\" width=\"10\" src=\"https:\/\/www.villapedra.com\/wp-content\/plugins\/nd-booking\/addons\/visual\/rooms\/layout\/icon-star-full-white.svg\">\n                <\/div>\n            <\/div>\n\n        <\/div>\n\n\n    \n\n            <div class=\"nd_booking_section nd_booking_padding_30 nd_booking_box_sizing_border_box\">\n\n                <h1>Girls School<\/h1>\n                <div class=\"nd_booking_section nd_booking_height_10\"><\/div>\n\n                <div class=\"nd_booking_section\">\n                    <div class=\"nd_booking_display_table nd_booking_float_left\">\n                        <img decoding=\"async\" alt=\"\" class=\"nd_booking_margin_right_10 nd_booking_display_table_cell nd_booking_vertical_align_middle\" width=\"23\" src=\"https:\/\/www.villapedra.com\/wp-content\/plugins\/nd-booking\/addons\/visual\/rooms\/layout\/icon-user-grey.svg\">\n                        <p class=\"  nd_booking_display_table_cell nd_booking_vertical_align_middle nd_booking_font_size_12 nd_booking_line_height_26\">2 GUESTS<\/p>\n                        <img decoding=\"async\" alt=\"\" class=\"nd_booking_margin_right_10 nd_booking_margin_left_20 nd_booking_display_table_cell nd_booking_vertical_align_middle\" width=\"20\" src=\"https:\/\/www.villapedra.com\/wp-content\/plugins\/nd-booking\/addons\/visual\/rooms\/layout\/icon-plan-grey.svg\">\n                        <p class=\"  nd_booking_display_table_cell nd_booking_vertical_align_middle nd_booking_font_size_12 nd_booking_line_height_26\">60 m\u00b2<\/p>\n                    <\/div>\n                <\/div> \n        \n                <div class=\"nd_booking_section nd_booking_height_20\"><\/div> \n                <p><\/p>\n                <div class=\"nd_booking_section nd_booking_height_20\"><\/div>\n                <a style=\"border:2px solid #78635a; color:#78635a;\" href=\"https:\/\/www.villapedra.com\/en\/villas\/girls-school\/\" class=\"nd_booking_padding_15_30_important nd_options_second_font_important nd_booking_border_radius_0_important nd_booking_background_color_transparent_important nd_booking_cursor_pointer nd_booking_display_inline_block nd_booking_font_size_11 nd_booking_font_weight_bold nd_booking_letter_spacing_2\">BOOK NOW FROM 135 \u20ac<\/a>\n                \n                    <div class=\"nd_booking_section nd_booking_height_20\"><\/div> \n                    <div class=\"nd_booking_section nd_booking_height_1 nd_booking_border_bottom_1_solid_grey\"><\/div> \n                    <div class=\"nd_booking_section nd_booking_height_20\"><\/div>\n                             <a title=\"Living Room\" class=\"nd_booking_tooltip_jquery nd_booking_float_left\"><img loading=\"lazy\" decoding=\"async\" alt=\"Living Room\" class=\"nd_booking_margin_right_15 nd_booking_float_left\" width=\"23\" height=\"23\" src=\"https:\/\/www.villapedra.com\/wp-content\/uploads\/2017\/07\/salaestar.png\"><\/a>\n                        \n                             <a title=\"Equipped kitchen\" class=\"nd_booking_tooltip_jquery nd_booking_float_left\"><img loading=\"lazy\" decoding=\"async\" alt=\"Equipped kitchen\" class=\"nd_booking_margin_right_15 nd_booking_float_left\" width=\"23\" height=\"23\" src=\"https:\/\/www.villapedra.com\/wp-content\/uploads\/2017\/07\/icon-17.png\"><\/a>\n                        \n                             <a title=\"Private Terrace \/ Gardens\" class=\"nd_booking_tooltip_jquery nd_booking_float_left\"><img loading=\"lazy\" decoding=\"async\" alt=\"Private Terrace \/ Gardens\" class=\"nd_booking_margin_right_15 nd_booking_float_left\" width=\"23\" height=\"23\" src=\"https:\/\/www.villapedra.com\/wp-content\/uploads\/2017\/07\/terracosejardins.png\"><\/a>\n                        \n                             <a title=\"Air conditioner\" class=\"nd_booking_tooltip_jquery nd_booking_float_left\"><img loading=\"lazy\" decoding=\"async\" alt=\"Air conditioner\" class=\"nd_booking_margin_right_15 nd_booking_float_left\" width=\"23\" height=\"23\" src=\"https:\/\/www.villapedra.com\/wp-content\/uploads\/2020\/11\/ar-conditionado.png\"><\/a>\n                        \n                             <a title=\"Double Bed\" class=\"nd_booking_tooltip_jquery nd_booking_float_left\"><img loading=\"lazy\" decoding=\"async\" alt=\"Double Bed\" class=\"nd_booking_margin_right_15 nd_booking_float_left\" width=\"23\" height=\"23\" src=\"https:\/\/www.villapedra.com\/wp-content\/uploads\/2017\/07\/camacasal.png\"><\/a>\n                        \n                             <a title=\"TV \/ WIFI\" class=\"nd_booking_tooltip_jquery nd_booking_float_left\"><img loading=\"lazy\" decoding=\"async\" alt=\"TV \/ WIFI\" class=\"nd_booking_margin_right_15 nd_booking_float_left\" width=\"23\" height=\"23\" src=\"https:\/\/www.villapedra.com\/wp-content\/uploads\/2017\/07\/icon-12-1.png\"><\/a>\n                        \n                             <a title=\"Non &#8211; Smokers\" class=\"nd_booking_tooltip_jquery nd_booking_float_left\"><img loading=\"lazy\" decoding=\"async\" alt=\"Non &#8211; Smokers\" class=\"nd_booking_margin_right_15 nd_booking_float_left\" width=\"23\" height=\"23\" src=\"https:\/\/www.villapedra.com\/wp-content\/uploads\/2017\/07\/icon-14.png\"><\/a>\n                        \n                             <a title=\"1 Bedroom\" class=\"nd_booking_tooltip_jquery nd_booking_float_left\"><img loading=\"lazy\" decoding=\"async\" alt=\"1 Bedroom\" class=\"nd_booking_margin_right_15 nd_booking_float_left\" width=\"23\" height=\"23\" src=\"https:\/\/www.villapedra.com\/wp-content\/uploads\/2025\/02\/6192020.png\"><\/a>\n                        \n                             <a title=\"1 Casa de Banho\" class=\"nd_booking_tooltip_jquery nd_booking_float_left\"><img loading=\"lazy\" decoding=\"async\" alt=\"1 Casa de Banho\" class=\"nd_booking_margin_right_15 nd_booking_float_left\" width=\"23\" height=\"23\" src=\"https:\/\/www.villapedra.com\/wp-content\/uploads\/2025\/02\/images-1.png\"><\/a>\n                        \n                    <a href=\"https:\/\/www.villapedra.com\/en\/villas\/girls-school\/\" class=\"nd_booking_margin_top_7 nd_booking_float_right nd_booking_display_inline_block nd_booking_text_align_center nd_booking_box_sizing_border_box nd_booking_font_size_12\">\n                        <span class=\"nd_booking_float_left nd_booking_font_size_11 nd_booking_letter_spacing_2\">FULL INFO<\/span>\n                        <img decoding=\"async\" alt=\"\" class=\"nd_booking_margin_left_5 nd_booking_float_left\" width=\"10\" src=\"https:\/\/www.villapedra.com\/wp-content\/plugins\/nd-booking\/addons\/visual\/rooms\/layout\/icon-right-arrow-grey.svg\">\n                    <\/a>\n            <\/div>\n        <\/div>\n\n    <\/div>\n\n<\/div><\/div><div style=\"background-color:;height: 20px\" class=\"nicdark_section  \"><\/div>[\/vc_column_inner][vc_column_inner width=&#8221;1\/2&#8243;][vc_single_image image=&#8221;2170&#8243; img_size=&#8221;large&#8221; alignment=&#8221;center&#8221; onclick=&#8221;custom_link&#8221; link=&#8221;\/en\/villas\/boys-school\/&#8221; el_class=&#8221;villas_imagens&#8221;]\n\n\t<script type=\"text\/javascript\">\n    \/\/<![CDATA[\n    \n    jQuery(document).ready(function() {\n\n      \/\/START masonry\n      jQuery(function ($) {\n        \n        \/\/Masonry\n    \t\tvar $nd_booking_masonry_content = $(\".nd_booking_masonry_content\").imagesLoaded( function() {\n    \t\t  \/\/ init Masonry after all images have loaded\n    \t\t  $nd_booking_masonry_content.masonry({\n    \t\t    itemSelector: \".nd_booking_masonry_item\"\n    \t\t  });\n    \t\t});\n\n      });\n      \/\/END masonry\n\n    });\n\n    \/\/]]>\n  <\/script>\n\n<div class=\"nd_booking_section nd_booking_masonry_content villas_quadros \">\n\n<div id=\"nd_booking_archive_cpt_1_single_2346\" class=\" nd_booking_rooms_component_l1 nd_booking_masonry_item nd_booking_width_100_percentage nd_booking_width_100_percentage_responsive\">\n\n    <div class=\"nd_booking_section nd_booking_padding_15 nd_booking_box_sizing_border_box\">\n\n        <div class=\"nd_booking_section nd_booking_border_1_solid_grey nd_booking_bg_white\">\n            \n            \n\n        <div class=\"nd_booking_section nd_booking_position_relative\">\n\n            <img decoding=\"async\" alt=\"\" class=\"nd_booking_section\" src=\"https:\/\/www.villapedra.com\/wp-content\/uploads\/2020\/11\/WhatsApp-Image-2024-01-28-at-10.04.30-1024x768.jpeg\">\n\n            <div class=\"nd_booking_bg_greydark_alpha_gradient_3 nd_booking_position_absolute nd_booking_left_0 nd_booking_height_100_percentage nd_booking_width_100_percentage nd_booking_padding_30 nd_booking_box_sizing_border_box\">\n                <div class=\"nd_booking_position_absolute nd_booking_bottom_20\">\n                    <p class=\"nd_options_color_white nd_booking_margin_right_10 nd_booking_float_left nd_booking_font_size_11 nd_booking_letter_spacing_2 nd_booking_text_transform_uppercase\">Villa Pedra En<\/p><img decoding=\"async\" alt=\"\" class=\"nd_booking_margin_right_5 nd_booking_float_left\" width=\"10\" src=\"https:\/\/www.villapedra.com\/wp-content\/plugins\/nd-booking\/addons\/visual\/rooms\/layout\/icon-star-full-white.svg\"><img decoding=\"async\" alt=\"\" class=\"nd_booking_margin_right_5 nd_booking_float_left\" width=\"10\" src=\"https:\/\/www.villapedra.com\/wp-content\/plugins\/nd-booking\/addons\/visual\/rooms\/layout\/icon-star-full-white.svg\"><img decoding=\"async\" alt=\"\" class=\"nd_booking_margin_right_5 nd_booking_float_left\" width=\"10\" src=\"https:\/\/www.villapedra.com\/wp-content\/plugins\/nd-booking\/addons\/visual\/rooms\/layout\/icon-star-full-white.svg\"><img decoding=\"async\" alt=\"\" class=\"nd_booking_margin_right_5 nd_booking_float_left\" width=\"10\" src=\"https:\/\/www.villapedra.com\/wp-content\/plugins\/nd-booking\/addons\/visual\/rooms\/layout\/icon-star-full-white.svg\"><img decoding=\"async\" alt=\"\" class=\"nd_booking_margin_right_5 nd_booking_float_left\" width=\"10\" src=\"https:\/\/www.villapedra.com\/wp-content\/plugins\/nd-booking\/addons\/visual\/rooms\/layout\/icon-star-full-white.svg\">\n                <\/div>\n            <\/div>\n\n        <\/div>\n\n\n    \n\n            <div class=\"nd_booking_section nd_booking_padding_30 nd_booking_box_sizing_border_box\">\n\n                <h1>Boys School<\/h1>\n                <div class=\"nd_booking_section nd_booking_height_10\"><\/div>\n\n                <div class=\"nd_booking_section\">\n                    <div class=\"nd_booking_display_table nd_booking_float_left\">\n                        <img decoding=\"async\" alt=\"\" class=\"nd_booking_margin_right_10 nd_booking_display_table_cell nd_booking_vertical_align_middle\" width=\"23\" src=\"https:\/\/www.villapedra.com\/wp-content\/plugins\/nd-booking\/addons\/visual\/rooms\/layout\/icon-user-grey.svg\">\n                        <p class=\"  nd_booking_display_table_cell nd_booking_vertical_align_middle nd_booking_font_size_12 nd_booking_line_height_26\">2 GUESTS<\/p>\n                        <img decoding=\"async\" alt=\"\" class=\"nd_booking_margin_right_10 nd_booking_margin_left_20 nd_booking_display_table_cell nd_booking_vertical_align_middle\" width=\"20\" src=\"https:\/\/www.villapedra.com\/wp-content\/plugins\/nd-booking\/addons\/visual\/rooms\/layout\/icon-plan-grey.svg\">\n                        <p class=\"  nd_booking_display_table_cell nd_booking_vertical_align_middle nd_booking_font_size_12 nd_booking_line_height_26\">60 m\u00b2<\/p>\n                    <\/div>\n                <\/div> \n        \n                <div class=\"nd_booking_section nd_booking_height_20\"><\/div> \n                <p><\/p>\n                <div class=\"nd_booking_section nd_booking_height_20\"><\/div>\n                <a style=\"border:2px solid #78635a; color:#78635a;\" href=\"https:\/\/www.villapedra.com\/en\/villas\/boys-school\/\" class=\"nd_booking_padding_15_30_important nd_options_second_font_important nd_booking_border_radius_0_important nd_booking_background_color_transparent_important nd_booking_cursor_pointer nd_booking_display_inline_block nd_booking_font_size_11 nd_booking_font_weight_bold nd_booking_letter_spacing_2\">BOOK NOW FROM 135 \u20ac<\/a>\n                \n                    <div class=\"nd_booking_section nd_booking_height_20\"><\/div> \n                    <div class=\"nd_booking_section nd_booking_height_1 nd_booking_border_bottom_1_solid_grey\"><\/div> \n                    <div class=\"nd_booking_section nd_booking_height_20\"><\/div>\n                             <a title=\"Living Room\" class=\"nd_booking_tooltip_jquery nd_booking_float_left\"><img loading=\"lazy\" decoding=\"async\" alt=\"Living Room\" class=\"nd_booking_margin_right_15 nd_booking_float_left\" width=\"23\" height=\"23\" src=\"https:\/\/www.villapedra.com\/wp-content\/uploads\/2017\/07\/salaestar.png\"><\/a>\n                        \n                             <a title=\"Equipped kitchen\" class=\"nd_booking_tooltip_jquery nd_booking_float_left\"><img loading=\"lazy\" decoding=\"async\" alt=\"Equipped kitchen\" class=\"nd_booking_margin_right_15 nd_booking_float_left\" width=\"23\" height=\"23\" src=\"https:\/\/www.villapedra.com\/wp-content\/uploads\/2017\/07\/icon-17.png\"><\/a>\n                        \n                             <a title=\"Private Terrace \/ Gardens\" class=\"nd_booking_tooltip_jquery nd_booking_float_left\"><img loading=\"lazy\" decoding=\"async\" alt=\"Private Terrace \/ Gardens\" class=\"nd_booking_margin_right_15 nd_booking_float_left\" width=\"23\" height=\"23\" src=\"https:\/\/www.villapedra.com\/wp-content\/uploads\/2017\/07\/terracosejardins.png\"><\/a>\n                        \n                             <a title=\"Air conditioner\" class=\"nd_booking_tooltip_jquery nd_booking_float_left\"><img loading=\"lazy\" decoding=\"async\" alt=\"Air conditioner\" class=\"nd_booking_margin_right_15 nd_booking_float_left\" width=\"23\" height=\"23\" src=\"https:\/\/www.villapedra.com\/wp-content\/uploads\/2020\/11\/ar-conditionado.png\"><\/a>\n                        \n                             <a title=\"Twin beds\" class=\"nd_booking_tooltip_jquery nd_booking_float_left\"><img loading=\"lazy\" decoding=\"async\" alt=\"Twin beds\" class=\"nd_booking_margin_right_15 nd_booking_float_left\" width=\"23\" height=\"23\" src=\"https:\/\/www.villapedra.com\/wp-content\/uploads\/2025\/02\/259965.png\"><\/a>\n                        \n                             <a title=\"TV \/ WIFI\" class=\"nd_booking_tooltip_jquery nd_booking_float_left\"><img loading=\"lazy\" decoding=\"async\" alt=\"TV \/ WIFI\" class=\"nd_booking_margin_right_15 nd_booking_float_left\" width=\"23\" height=\"23\" src=\"https:\/\/www.villapedra.com\/wp-content\/uploads\/2017\/07\/icon-12-1.png\"><\/a>\n                        \n                             <a title=\"Non &#8211; Smokers\" class=\"nd_booking_tooltip_jquery nd_booking_float_left\"><img loading=\"lazy\" decoding=\"async\" alt=\"Non &#8211; Smokers\" class=\"nd_booking_margin_right_15 nd_booking_float_left\" width=\"23\" height=\"23\" src=\"https:\/\/www.villapedra.com\/wp-content\/uploads\/2017\/07\/icon-14.png\"><\/a>\n                        \n                             <a title=\"1 Bathroom\" class=\"nd_booking_tooltip_jquery nd_booking_float_left\"><img loading=\"lazy\" decoding=\"async\" alt=\"1 Bathroom\" class=\"nd_booking_margin_right_15 nd_booking_float_left\" width=\"23\" height=\"23\" src=\"https:\/\/www.villapedra.com\/wp-content\/uploads\/2025\/02\/images-1.png\"><\/a>\n                        \n                             <a title=\"1 Bedroom\" class=\"nd_booking_tooltip_jquery nd_booking_float_left\"><img loading=\"lazy\" decoding=\"async\" alt=\"1 Bedroom\" class=\"nd_booking_margin_right_15 nd_booking_float_left\" width=\"23\" height=\"23\" src=\"https:\/\/www.villapedra.com\/wp-content\/uploads\/2025\/02\/6192020.png\"><\/a>\n                        \n                    <a href=\"https:\/\/www.villapedra.com\/en\/villas\/boys-school\/\" class=\"nd_booking_margin_top_7 nd_booking_float_right nd_booking_display_inline_block nd_booking_text_align_center nd_booking_box_sizing_border_box nd_booking_font_size_12\">\n                        <span class=\"nd_booking_float_left nd_booking_font_size_11 nd_booking_letter_spacing_2\">FULL INFO<\/span>\n                        <img decoding=\"async\" alt=\"\" class=\"nd_booking_margin_left_5 nd_booking_float_left\" width=\"10\" src=\"https:\/\/www.villapedra.com\/wp-content\/plugins\/nd-booking\/addons\/visual\/rooms\/layout\/icon-right-arrow-grey.svg\">\n                    <\/a>\n            <\/div>\n        <\/div>\n\n    <\/div>\n\n<\/div><\/div><div style=\"background-color:;height: 20px\" class=\"nicdark_section  \"><\/div>[\/vc_column_inner][\/vc_row_inner][vc_row_inner][vc_column_inner width=&#8221;1\/2&#8243;][vc_single_image image=&#8221;7062&#8243; img_size=&#8221;large&#8221; alignment=&#8221;center&#8221; onclick=&#8221;custom_link&#8221; link=&#8221;\/en\/villas\/roses-villa\/&#8221; el_class=&#8221;villas_imagens&#8221;]\n\n\t<script type=\"text\/javascript\">\n    \/\/<![CDATA[\n    \n    jQuery(document).ready(function() {\n\n      \/\/START masonry\n      jQuery(function ($) {\n        \n        \/\/Masonry\n    \t\tvar $nd_booking_masonry_content = $(\".nd_booking_masonry_content\").imagesLoaded( function() {\n    \t\t  \/\/ init Masonry after all images have loaded\n    \t\t  $nd_booking_masonry_content.masonry({\n    \t\t    itemSelector: \".nd_booking_masonry_item\"\n    \t\t  });\n    \t\t});\n\n      });\n      \/\/END masonry\n\n    });\n\n    \/\/]]>\n  <\/script>\n\n<div class=\"nd_booking_section nd_booking_masonry_content villas_quadros \">\n\n<div id=\"nd_booking_archive_cpt_1_single_7085\" class=\" nd_booking_rooms_component_l1 nd_booking_masonry_item nd_booking_width_100_percentage nd_booking_width_100_percentage_responsive\">\n\n    <div class=\"nd_booking_section nd_booking_padding_15 nd_booking_box_sizing_border_box\">\n\n        <div class=\"nd_booking_section nd_booking_border_1_solid_grey nd_booking_bg_white\">\n            \n            \n\n        <div class=\"nd_booking_section nd_booking_position_relative\">\n\n            <img decoding=\"async\" alt=\"\" class=\"nd_booking_section\" src=\"https:\/\/www.villapedra.com\/wp-content\/uploads\/2021\/08\/WhatsApp-Image-2025-04-17-at-11.35.32-1024x683.jpg\">\n\n            <div class=\"nd_booking_bg_greydark_alpha_gradient_3 nd_booking_position_absolute nd_booking_left_0 nd_booking_height_100_percentage nd_booking_width_100_percentage nd_booking_padding_30 nd_booking_box_sizing_border_box\">\n                <div class=\"nd_booking_position_absolute nd_booking_bottom_20\">\n                    <p class=\"nd_options_color_white nd_booking_margin_right_10 nd_booking_float_left nd_booking_font_size_11 nd_booking_letter_spacing_2 nd_booking_text_transform_uppercase\">Villa Pedra En<\/p><img decoding=\"async\" alt=\"\" class=\"nd_booking_margin_right_5 nd_booking_float_left\" width=\"10\" src=\"https:\/\/www.villapedra.com\/wp-content\/plugins\/nd-booking\/addons\/visual\/rooms\/layout\/icon-star-full-white.svg\"><img decoding=\"async\" alt=\"\" class=\"nd_booking_margin_right_5 nd_booking_float_left\" width=\"10\" src=\"https:\/\/www.villapedra.com\/wp-content\/plugins\/nd-booking\/addons\/visual\/rooms\/layout\/icon-star-full-white.svg\"><img decoding=\"async\" alt=\"\" class=\"nd_booking_margin_right_5 nd_booking_float_left\" width=\"10\" src=\"https:\/\/www.villapedra.com\/wp-content\/plugins\/nd-booking\/addons\/visual\/rooms\/layout\/icon-star-full-white.svg\"><img decoding=\"async\" alt=\"\" class=\"nd_booking_margin_right_5 nd_booking_float_left\" width=\"10\" src=\"https:\/\/www.villapedra.com\/wp-content\/plugins\/nd-booking\/addons\/visual\/rooms\/layout\/icon-star-full-white.svg\"><img decoding=\"async\" alt=\"\" class=\"nd_booking_margin_right_5 nd_booking_float_left\" width=\"10\" src=\"https:\/\/www.villapedra.com\/wp-content\/plugins\/nd-booking\/addons\/visual\/rooms\/layout\/icon-star-full-white.svg\">\n                <\/div>\n            <\/div>\n\n        <\/div>\n\n\n    \n\n            <div class=\"nd_booking_section nd_booking_padding_30 nd_booking_box_sizing_border_box\">\n\n                <h1>Roses Villa<\/h1>\n                <div class=\"nd_booking_section nd_booking_height_10\"><\/div>\n\n                <div class=\"nd_booking_section\">\n                    <div class=\"nd_booking_display_table nd_booking_float_left\">\n                        <img decoding=\"async\" alt=\"\" class=\"nd_booking_margin_right_10 nd_booking_display_table_cell nd_booking_vertical_align_middle\" width=\"23\" src=\"https:\/\/www.villapedra.com\/wp-content\/plugins\/nd-booking\/addons\/visual\/rooms\/layout\/icon-user-grey.svg\">\n                        <p class=\"  nd_booking_display_table_cell nd_booking_vertical_align_middle nd_booking_font_size_12 nd_booking_line_height_26\">6 GUESTS<\/p>\n                        <img decoding=\"async\" alt=\"\" class=\"nd_booking_margin_right_10 nd_booking_margin_left_20 nd_booking_display_table_cell nd_booking_vertical_align_middle\" width=\"20\" src=\"https:\/\/www.villapedra.com\/wp-content\/plugins\/nd-booking\/addons\/visual\/rooms\/layout\/icon-plan-grey.svg\">\n                        <p class=\"  nd_booking_display_table_cell nd_booking_vertical_align_middle nd_booking_font_size_12 nd_booking_line_height_26\">270 m\u00b2<\/p>\n                    <\/div>\n                <\/div> \n        \n                <div class=\"nd_booking_section nd_booking_height_20\"><\/div> \n                <p><\/p>\n                <div class=\"nd_booking_section nd_booking_height_20\"><\/div>\n                <a style=\"border:2px solid #78635a; color:#78635a;\" href=\"https:\/\/www.villapedra.com\/en\/villas\/roses-villa\/\" class=\"nd_booking_padding_15_30_important nd_options_second_font_important nd_booking_border_radius_0_important nd_booking_background_color_transparent_important nd_booking_cursor_pointer nd_booking_display_inline_block nd_booking_font_size_11 nd_booking_font_weight_bold nd_booking_letter_spacing_2\">BOOK NOW FROM 450 \u20ac<\/a>\n                \n                    <div class=\"nd_booking_section nd_booking_height_20\"><\/div> \n                    <div class=\"nd_booking_section nd_booking_height_1 nd_booking_border_bottom_1_solid_grey\"><\/div> \n                    <div class=\"nd_booking_section nd_booking_height_20\"><\/div>\n                             <a title=\"Double Bed\" class=\"nd_booking_tooltip_jquery nd_booking_float_left\"><img loading=\"lazy\" decoding=\"async\" alt=\"Double Bed\" class=\"nd_booking_margin_right_15 nd_booking_float_left\" width=\"23\" height=\"23\" src=\"https:\/\/www.villapedra.com\/wp-content\/uploads\/2017\/07\/camacasal.png\"><\/a>\n                        \n                             <a title=\"Twin beds\" class=\"nd_booking_tooltip_jquery nd_booking_float_left\"><img loading=\"lazy\" decoding=\"async\" alt=\"Twin beds\" class=\"nd_booking_margin_right_15 nd_booking_float_left\" width=\"23\" height=\"23\" src=\"https:\/\/www.villapedra.com\/wp-content\/uploads\/2025\/02\/259965.png\"><\/a>\n                        \n                             <a title=\"Living Room\" class=\"nd_booking_tooltip_jquery nd_booking_float_left\"><img loading=\"lazy\" decoding=\"async\" alt=\"Living Room\" class=\"nd_booking_margin_right_15 nd_booking_float_left\" width=\"23\" height=\"23\" src=\"https:\/\/www.villapedra.com\/wp-content\/uploads\/2017\/07\/salaestar.png\"><\/a>\n                        \n                             <a title=\"Equipped kitchen\" class=\"nd_booking_tooltip_jquery nd_booking_float_left\"><img loading=\"lazy\" decoding=\"async\" alt=\"Equipped kitchen\" class=\"nd_booking_margin_right_15 nd_booking_float_left\" width=\"23\" height=\"23\" src=\"https:\/\/www.villapedra.com\/wp-content\/uploads\/2017\/07\/icon-17.png\"><\/a>\n                        \n                             <a title=\"Private Terrace \/ Gardens\" class=\"nd_booking_tooltip_jquery nd_booking_float_left\"><img loading=\"lazy\" decoding=\"async\" alt=\"Private Terrace \/ Gardens\" class=\"nd_booking_margin_right_15 nd_booking_float_left\" width=\"23\" height=\"23\" src=\"https:\/\/www.villapedra.com\/wp-content\/uploads\/2017\/07\/terracosejardins.png\"><\/a>\n                        \n                             <a title=\"Dining table \/ Barbecue\" class=\"nd_booking_tooltip_jquery nd_booking_float_left\"><img loading=\"lazy\" decoding=\"async\" alt=\"Dining table \/ Barbecue\" class=\"nd_booking_margin_right_15 nd_booking_float_left\" width=\"23\" height=\"23\" src=\"https:\/\/www.villapedra.com\/wp-content\/uploads\/2017\/07\/barbecue.png\"><\/a>\n                        \n                             <a title=\"Central heating\" class=\"nd_booking_tooltip_jquery nd_booking_float_left\"><img loading=\"lazy\" decoding=\"async\" alt=\"Central heating\" class=\"nd_booking_margin_right_15 nd_booking_float_left\" width=\"23\" height=\"23\" src=\"https:\/\/www.villapedra.com\/wp-content\/uploads\/2017\/07\/calor-central.png\"><\/a>\n                        \n                             <a title=\"Fireplace\" class=\"nd_booking_tooltip_jquery nd_booking_float_left\"><img loading=\"lazy\" decoding=\"async\" alt=\"Fireplace\" class=\"nd_booking_margin_right_15 nd_booking_float_left\" width=\"23\" height=\"23\" src=\"https:\/\/www.villapedra.com\/wp-content\/uploads\/2020\/11\/lareira.png\"><\/a>\n                        \n                             <a title=\"2 Bathrooms\" class=\"nd_booking_tooltip_jquery nd_booking_float_left\"><img loading=\"lazy\" decoding=\"async\" alt=\"2 Bathrooms\" class=\"nd_booking_margin_right_15 nd_booking_float_left\" width=\"23\" height=\"23\" src=\"https:\/\/www.villapedra.com\/wp-content\/uploads\/2025\/02\/images-1.png\"><\/a>\n                        \n                             <a title=\"Kitchenette\" class=\"nd_booking_tooltip_jquery nd_booking_float_left\"><img loading=\"lazy\" decoding=\"async\" alt=\"Kitchenette\" class=\"nd_booking_margin_right_15 nd_booking_float_left\" width=\"23\" height=\"23\" src=\"https:\/\/www.villapedra.com\/wp-content\/uploads\/2017\/07\/icon-17.png\"><\/a>\n                        \n                             <a title=\"TV \/ WIFI\" class=\"nd_booking_tooltip_jquery nd_booking_float_left\"><img loading=\"lazy\" decoding=\"async\" alt=\"TV \/ WIFI\" class=\"nd_booking_margin_right_15 nd_booking_float_left\" width=\"23\" height=\"23\" src=\"https:\/\/www.villapedra.com\/wp-content\/uploads\/2017\/07\/icon-12-1.png\"><\/a>\n                        \n                             <a title=\"Main Building\" class=\"nd_booking_tooltip_jquery nd_booking_float_left\"><img loading=\"lazy\" decoding=\"async\" alt=\"Main Building\" class=\"nd_booking_margin_right_15 nd_booking_float_left\" width=\"23\" height=\"23\" src=\"https:\/\/www.villapedra.com\/wp-content\/uploads\/2017\/07\/edificioprincipal.png\"><\/a>\n                        \n                             <a title=\"Annex\" class=\"nd_booking_tooltip_jquery nd_booking_float_left\"><img loading=\"lazy\" decoding=\"async\" alt=\"Annex\" class=\"nd_booking_margin_right_15 nd_booking_float_left\" width=\"23\" height=\"23\" src=\"https:\/\/www.villapedra.com\/wp-content\/uploads\/2017\/07\/edificioprincipal.png\"><\/a>\n                        \n                             <a title=\"Air conditioner\" class=\"nd_booking_tooltip_jquery nd_booking_float_left\"><img loading=\"lazy\" decoding=\"async\" alt=\"Air conditioner\" class=\"nd_booking_margin_right_15 nd_booking_float_left\" width=\"23\" height=\"23\" src=\"https:\/\/www.villapedra.com\/wp-content\/uploads\/2020\/11\/ar-conditionado.png\"><\/a>\n                        \n                             <a title=\"Non &#8211; Smokers\" class=\"nd_booking_tooltip_jquery nd_booking_float_left\"><img loading=\"lazy\" decoding=\"async\" alt=\"Non &#8211; Smokers\" class=\"nd_booking_margin_right_15 nd_booking_float_left\" width=\"23\" height=\"23\" src=\"https:\/\/www.villapedra.com\/wp-content\/uploads\/2017\/07\/icon-14.png\"><\/a>\n                        \n                             <a title=\"2 Bedrooms\" class=\"nd_booking_tooltip_jquery nd_booking_float_left\"><img loading=\"lazy\" decoding=\"async\" alt=\"2 Bedrooms\" class=\"nd_booking_margin_right_15 nd_booking_float_left\" width=\"23\" height=\"23\" src=\"https:\/\/www.villapedra.com\/wp-content\/uploads\/2025\/02\/6192020.png\"><\/a>\n                        \n                             <a title=\"1 Bedroom\" class=\"nd_booking_tooltip_jquery nd_booking_float_left\"><img loading=\"lazy\" decoding=\"async\" alt=\"1 Bedroom\" class=\"nd_booking_margin_right_15 nd_booking_float_left\" width=\"23\" height=\"23\" src=\"https:\/\/www.villapedra.com\/wp-content\/uploads\/2025\/02\/6192020.png\"><\/a>\n                        \n                    <a href=\"https:\/\/www.villapedra.com\/en\/villas\/roses-villa\/\" class=\"nd_booking_margin_top_7 nd_booking_float_right nd_booking_display_inline_block nd_booking_text_align_center nd_booking_box_sizing_border_box nd_booking_font_size_12\">\n                        <span class=\"nd_booking_float_left nd_booking_font_size_11 nd_booking_letter_spacing_2\">FULL INFO<\/span>\n                        <img decoding=\"async\" alt=\"\" class=\"nd_booking_margin_left_5 nd_booking_float_left\" width=\"10\" src=\"https:\/\/www.villapedra.com\/wp-content\/plugins\/nd-booking\/addons\/visual\/rooms\/layout\/icon-right-arrow-grey.svg\">\n                    <\/a>\n            <\/div>\n        <\/div>\n\n    <\/div>\n\n<\/div><\/div><div style=\"background-color:;height: 20px\" class=\"nicdark_section  \"><\/div>[\/vc_column_inner][vc_column_inner width=&#8221;1\/2&#8243;]<div style=\"background-color:;height: 20px\" class=\"nicdark_section  \"><\/div>[\/vc_column_inner][\/vc_row_inner][\/vc_column][\/vc_row][vc_row equal_height=&#8221;yes&#8221; content_placement=&#8221;middle&#8221; css=&#8221;.vc_custom_1518620083177{margin-top: 40px !important;background-color: #f9f9f9 !important;}&#8221;][vc_column width=&#8221;7\/12&#8243; css=&#8221;.vc_custom_1518618534801{padding-right: 0px !important;padding-left: 0px !important;}&#8221;]\n\t\t\t<!-- START Home 7 Gallery REVOLUTION SLIDER 6.7.40 --><p class=\"rs-p-wp-fix\"><\/p>\n\t\t\t<rs-module-wrap id=\"rev_slider_5_2_wrapper\" data-source=\"gallery\" style=\"visibility:hidden;background:#000000;padding:0;margin:0px auto;margin-top:0;margin-bottom:0;\">\n\t\t\t\t<rs-module id=\"rev_slider_5_2\" style=\"\" data-version=\"6.7.40\">\n\t\t\t\t\t<rs-slides style=\"overflow: hidden; position: absolute;\">\n\t\t\t\t\t\t<rs-slide style=\"position: absolute;\" data-key=\"rs-11\" data-title=\"Test\" data-thumb=\"\/\/www.villapedra.com\/wp-content\/uploads\/2026\/01\/20260119_102416-1-scaled-120x120.jpg\" data-anim=\"adpr:false;ms:600;\" data-in=\"o:0;\" data-out=\"a:false;\" data-p1=\"King Size\">\n\t\t\t\t\t\t\t<img decoding=\"async\" src=\"\/\/www.villapedra.com\/wp-content\/plugins\/revslider\/sr6\/assets\/assets\/dummy.png\" alt=\"\" title=\"20260119_102416\" width=\"2560\" height=\"1441\" class=\"rev-slidebg tp-rs-img rs-lazyload\" data-lazyload=\"\/\/www.villapedra.com\/wp-content\/uploads\/2026\/01\/20260119_102416-1-scaled.jpg\" data-panzoom=\"d:30000;ss:100;se:120;\" data-no-retina>\n<!--\n\t\t\t\t\t\t\t--><rs-layer\n\t\t\t\t\t\t\t\tid=\"slider-5-slide-11-layer-2\" \n\t\t\t\t\t\t\t\tclass=\"tp-gradientstyle tp-shape tp-shapewrapper\"\n\t\t\t\t\t\t\t\tdata-type=\"shape\"\n\t\t\t\t\t\t\t\tdata-rsp_ch=\"on\"\n\t\t\t\t\t\t\t\tdata-xy=\"x:c;xo:-41px,-41px,-41px,0;y:b;yo:8px,8px,8px,-5px;\"\n\t\t\t\t\t\t\t\tdata-text=\"fw:500;\"\n\t\t\t\t\t\t\t\tdata-dim=\"w:783px,783px,783px,295px;h:452px,607px,607px,409px;\"\n\t\t\t\t\t\t\t\tdata-frame_0=\"y:50px;\"\n\t\t\t\t\t\t\t\tdata-frame_1=\"e:power4.out;sp:2000;\"\n\t\t\t\t\t\t\t\tdata-frame_999=\"o:0;e:nothing;st:w;sR:7000;\"\n\t\t\t\t\t\t\t\tstyle=\"z-index:3;\"\n\t\t\t\t\t\t\t> \n\t\t\t\t\t\t\t<\/rs-layer><!--\n-->\t\t\t\t\t<\/rs-slide>\n\t\t\t\t\t\t<rs-slide style=\"position: absolute;\" data-key=\"rs-12\" data-title=\"Bedroom\" data-thumb=\"\/\/www.villapedra.com\/wp-content\/uploads\/2026\/01\/20260119_103239-1-scaled-120x120.jpg\" data-anim=\"adpr:false;ms:600;\" data-in=\"o:0;\" data-out=\"a:false;\" data-p1=\"King Size\">\n\t\t\t\t\t\t\t<img decoding=\"async\" src=\"\/\/www.villapedra.com\/wp-content\/plugins\/revslider\/sr6\/assets\/assets\/dummy.png\" alt=\"\" title=\"20260119_103239\" width=\"2560\" height=\"1707\" class=\"rev-slidebg tp-rs-img rs-lazyload\" data-lazyload=\"\/\/www.villapedra.com\/wp-content\/uploads\/2026\/01\/20260119_103239-1-scaled.jpg\" data-panzoom=\"d:30000;ss:100;se:120;\" data-no-retina>\n<!--\n\t\t\t\t\t\t\t--><rs-layer\n\t\t\t\t\t\t\t\tid=\"slider-5-slide-12-layer-2\" \n\t\t\t\t\t\t\t\tclass=\"tp-gradientstyle tp-shape tp-shapewrapper\"\n\t\t\t\t\t\t\t\tdata-type=\"shape\"\n\t\t\t\t\t\t\t\tdata-rsp_ch=\"on\"\n\t\t\t\t\t\t\t\tdata-xy=\"x:c;y:b;\"\n\t\t\t\t\t\t\t\tdata-text=\"fw:500;\"\n\t\t\t\t\t\t\t\tdata-dim=\"w:100%;h:466px,607px,607px,404px;\"\n\t\t\t\t\t\t\t\tdata-basealign=\"slide\"\n\t\t\t\t\t\t\t\tdata-frame_0=\"y:50px;\"\n\t\t\t\t\t\t\t\tdata-frame_1=\"e:power4.out;sp:2000;\"\n\t\t\t\t\t\t\t\tdata-frame_999=\"o:0;e:nothing;st:w;sR:7000;\"\n\t\t\t\t\t\t\t\tstyle=\"z-index:5;\"\n\t\t\t\t\t\t\t> \n\t\t\t\t\t\t\t<\/rs-layer><!--\n-->\t\t\t\t\t<\/rs-slide>\n\t\t\t\t\t\t<rs-slide style=\"position: absolute;\" data-key=\"rs-13\" data-title=\"Bedroom\" data-thumb=\"\/\/www.villapedra.com\/wp-content\/uploads\/2026\/01\/20260119_104436-scaled-120x120.jpg\" data-anim=\"adpr:false;ms:600;\" data-in=\"o:0;\" data-out=\"a:false;\" data-p1=\"King Size\">\n\t\t\t\t\t\t\t<img decoding=\"async\" src=\"\/\/www.villapedra.com\/wp-content\/plugins\/revslider\/sr6\/assets\/assets\/dummy.png\" alt=\"\" title=\"20260119_104436\" width=\"2560\" height=\"1707\" class=\"rev-slidebg tp-rs-img rs-lazyload\" data-lazyload=\"\/\/www.villapedra.com\/wp-content\/uploads\/2026\/01\/20260119_104436-scaled.jpg\" data-panzoom=\"d:30000;ss:100;se:120;\" data-no-retina>\n<!--\n\t\t\t\t\t\t\t--><rs-layer\n\t\t\t\t\t\t\t\tid=\"slider-5-slide-13-layer-2\" \n\t\t\t\t\t\t\t\tclass=\"tp-gradientstyle tp-shape tp-shapewrapper\"\n\t\t\t\t\t\t\t\tdata-type=\"shape\"\n\t\t\t\t\t\t\t\tdata-rsp_ch=\"on\"\n\t\t\t\t\t\t\t\tdata-xy=\"x:c;y:b;\"\n\t\t\t\t\t\t\t\tdata-text=\"fw:500;\"\n\t\t\t\t\t\t\t\tdata-dim=\"w:100%;h:447px,607px,607px,403px;\"\n\t\t\t\t\t\t\t\tdata-basealign=\"slide\"\n\t\t\t\t\t\t\t\tdata-frame_0=\"y:50px;\"\n\t\t\t\t\t\t\t\tdata-frame_1=\"e:power4.out;sp:2000;\"\n\t\t\t\t\t\t\t\tdata-frame_999=\"o:0;e:nothing;st:w;sR:7000;\"\n\t\t\t\t\t\t\t\tstyle=\"z-index:5;\"\n\t\t\t\t\t\t\t> \n\t\t\t\t\t\t\t<\/rs-layer><!--\n-->\t\t\t\t\t<\/rs-slide>\n\t\t\t\t\t\t<rs-slide style=\"position: absolute;\" data-key=\"rs-224\" data-title=\"Bedroom\" data-thumb=\"\/\/www.villapedra.com\/wp-content\/uploads\/2026\/01\/462186607_940880414735971_2183455605991375398_n-120x120.jpg\" data-anim=\"adpr:false;ms:600;\" data-in=\"o:0;\" data-out=\"a:false;\" data-p1=\"King Size\">\n\t\t\t\t\t\t\t<img decoding=\"async\" src=\"\/\/www.villapedra.com\/wp-content\/plugins\/revslider\/sr6\/assets\/assets\/dummy.png\" alt=\"\" title=\"462186607_940880414735971_2183455605991375398_n\" width=\"1440\" height=\"960\" class=\"rev-slidebg tp-rs-img rs-lazyload\" data-lazyload=\"\/\/www.villapedra.com\/wp-content\/uploads\/2026\/01\/462186607_940880414735971_2183455605991375398_n.jpg\" data-panzoom=\"d:30000;ss:100;se:120;\" data-no-retina>\n<!--\n\t\t\t\t\t\t\t--><rs-layer\n\t\t\t\t\t\t\t\tid=\"slider-5-slide-224-layer-2\" \n\t\t\t\t\t\t\t\tclass=\"tp-gradientstyle tp-shape tp-shapewrapper\"\n\t\t\t\t\t\t\t\tdata-type=\"shape\"\n\t\t\t\t\t\t\t\tdata-rsp_ch=\"on\"\n\t\t\t\t\t\t\t\tdata-xy=\"x:c;y:b;\"\n\t\t\t\t\t\t\t\tdata-text=\"fw:500;\"\n\t\t\t\t\t\t\t\tdata-dim=\"w:100%;h:447px,607px,607px,403px;\"\n\t\t\t\t\t\t\t\tdata-basealign=\"slide\"\n\t\t\t\t\t\t\t\tdata-frame_0=\"y:50px;\"\n\t\t\t\t\t\t\t\tdata-frame_1=\"e:power4.out;sp:2000;\"\n\t\t\t\t\t\t\t\tdata-frame_999=\"o:0;e:nothing;st:w;sR:7000;\"\n\t\t\t\t\t\t\t\tstyle=\"z-index:5;\"\n\t\t\t\t\t\t\t> \n\t\t\t\t\t\t\t<\/rs-layer><!--\n-->\t\t\t\t\t<\/rs-slide>\n\t\t\t\t\t<\/rs-slides>\n\t\t\t\t<\/rs-module>\n\t\t\t\t<script>\n\t\t\t\t\tsetREVStartSize({c: 'rev_slider_5_2',rl:[1240,1024,778,480],el:[450,600,500,400],gw:[700,700,400,300],gh:[450,600,500,400],type:'carousel',justify:'',layout:'fullwidth',mh:\"0\"});if (window.RS_MODULES!==undefined && window.RS_MODULES.modules!==undefined && window.RS_MODULES.modules[\"revslider52\"]!==undefined) {window.RS_MODULES.modules[\"revslider52\"].once = false;window.revapi5 = undefined;if (window.RS_MODULES.checkMinimal!==undefined) window.RS_MODULES.checkMinimal()}\n\t\t\t\t<\/script>\n\t\t\t<\/rs-module-wrap>\n\t\t\t<!-- END REVOLUTION SLIDER -->\n[\/vc_column][vc_column width=&#8221;5\/12&#8243; css=&#8221;.vc_custom_1518618554624{padding: 50px !important;}&#8221;] <h2 style=\"color:;padding:px;text-align:center;font-size:px;line-height:px;letter-spacing: px;font-weight:normal\" class=\"   nd_options_first_font \">A moment for you.<\/h2> <div style=\"background-color:;height: 20px\" class=\"nicdark_section  \"><\/div>\n    <div style=\"text-align:center\" class=\"nd_options_section\">\n      <img decoding=\"async\" alt=\"\" style=\"width:10px\" class=\" nd_options_margin_0 nd_options_padding_0 \" src=\"https:\/\/www.villapedra.com\/wp-content\/uploads\/2018\/02\/remove-brown.png\">\n    <\/div>\n   <div style=\"background-color:;height: 20px\" class=\"nicdark_section  \"><\/div>[vc_column_text]The basic concept of VILLA PEDRA is based on tranquility and well-being. Whether in the serenity of the salt pool or in the corners of private gardens, here you will find peace and time for reflection.[\/vc_column_text][vc_column_text]From VILLA PEDRA you will be able to discover a fantastic region, from Coimbra, a Unesco heritage city with its University and Joanina Library, and 20 km away, to the coast with the fabulous beaches of Figueira da Foz, where you can taste the fish and seafood maximum freshness.[\/vc_column_text][vc_column_text]The freshness, the green of the Serra de Sic\u00f3, the calm and the peace make the &#8216;Fragas de S\u00e3o Sim\u00e3o&#8217;, one of the most pleasant natural places in the region.[\/vc_column_text]<div style=\"background-color:;height: 30px\" class=\"nicdark_section  \"><\/div>\n\t<div class=\"nd_options_section nd_options_text_align_center\">\n\t<a style=\"border: 2px solid #727475;border-radius:px;letter-spacing:2px;line-height:11px;font-size:11px;background-color:;padding:15px 35px;margin:;color:#727475\" rel=\"\" href=\"https:\/\/www.villapedra.com\/en\/experiences\/\" class=\"nicdark_display_inline_block  nd_options_font_weight_bold nd_options_second_font  \">EXPERIENCES<\/a>\n\t<\/div>\n[\/vc_column][\/vc_row][vc_row css=&#8221;.vc_custom_1518713741208{margin-top: 70px !important;}&#8221;][vc_column] <h6 style=\"color:#878787;padding:px;text-align:center;font-size:12px;line-height:12px;letter-spacing: 2px;font-weight:lighter\" class=\"   nd_options_second_font \">Villa Pedra<\/h6> <div style=\"background-color:;height: 10px\" class=\"nicdark_section  \"><\/div>\n    <div class=\"nd_options_section nd_options_line_height_0  nd_options_text_align_center \">\n        <span style=\"height:1px;width:30px;background-color:#878787\" class=\"nd_options_display_inline_block\"><\/span>\n    <\/div>\n   <div style=\"background-color:;height: 30px\" class=\"nicdark_section  \"><\/div> <h2 style=\"color:#727475;padding:px;text-align:center;font-size:55px;line-height:px;letter-spacing: px;font-weight:normal\" class=\"  nd_options_font_size_40_important_all_iphone nd_options_line_height_40_important_all_iphone nd_options_first_font \">Our Services<\/h2> [\/vc_column][\/vc_row][vc_row css=&#8221;.vc_custom_1518794269642{margin-top: 30px !important;}&#8221;][vc_column width=&#8221;1\/12&#8243;][\/vc_column][vc_column width=&#8221;5\/12&#8243;]<div style=\"background-color:;height: 10px\" class=\"nicdark_section  \"><\/div>[vc_custom_heading text=&#8221;Breakfast&#8221; css=&#8221;&#8221;]<div style=\"background-color:;height: 10px\" class=\"nicdark_section  \"><\/div> <p style=\"color:#333333;padding:px;text-align:;font-size:px;line-height:px;letter-spacing: px;font-weight:lighter\" class=\"   nd_options_second_font \">At Villa Pedra, you can enjoy breakfast in the privacy and comfort of your own Villa. Every morning from 8:30 am, freshly baked wood-fired bread and cake is delivered to your doorstep. In the villa\u2019s fridge, you will find all the ingredients needed to prepare breakfast at your own pace: milk, cold cuts, yoghurts, butter, eggs, homemade jams, Raba\u00e7al cheese, a variety of fresh fruit, coffee, tea, and more. This service is part of the daily housekeeping. Our team will return each day to replenish the breakfast items and clean your Villa, ensuring a consistently pleasant and relaxing stay.<\/p> <div style=\"background-color:;height: 10px\" class=\"nicdark_section  \"><\/div>[\/vc_column][vc_column width=&#8221;5\/12&#8243;]<div style=\"background-color:;height: 10px\" class=\"nicdark_section  \"><\/div>[vc_custom_heading text=&#8221;Restaurants&#8221; css=&#8221;&#8221;]<div style=\"background-color:;height: 10px\" class=\"nicdark_section  \"><\/div> <p style=\"color:#333333;padding:px;text-align:;font-size:px;line-height:px;letter-spacing: px;font-weight:lighter\" class=\"   nd_options_second_font \">Although our restaurant is currently closed, we invite you to explore our curated local dining recommendations available in your Villa. guests will find a QR Code in their Villa that links to our digital guest directory. There, you\u2019ll discover recommendations for nearby restaurants, mini-markets and supermarkets, local attractions to visit, and much more. For any further assistance or personalized suggestions, our reception team will be happy to help at any time.<\/p> <div style=\"background-color:;height: 10px\" class=\"nicdark_section  \"><\/div>[vc_btn title=&#8221;Guest Directory&#8221; align=&#8221;center&#8221; css=&#8221;&#8221; link=&#8221;url:https%3A%2F%2Fstay.guestjoy.com%2Fh%2F8NFHV2BcFRcjB0WLX%2Fdirectory%3Fsource%3Dapp|target:_blank&#8221;]<div style=\"background-color:;height: 10px\" class=\"nicdark_section  \"><\/div>[\/vc_column][vc_column width=&#8221;1\/12&#8243;][\/vc_column][\/vc_row][vc_row][vc_column width=&#8221;1\/2&#8243;][\/vc_column][vc_column width=&#8221;1\/2&#8243;][vc_column_text][\/vc_column_text][\/vc_column][\/vc_row][vc_row css=&#8221;.vc_custom_1518794269642{margin-top: 30px !important;}&#8221;][vc_column width=&#8221;1\/4&#8243;][\/vc_column][vc_column width=&#8221;1\/2&#8243;][\/vc_column][vc_column width=&#8221;1\/4&#8243;][\/vc_column][\/vc_row][vc_row full_width=&#8221;stretch_row&#8221; css=&#8221;.vc_custom_1518794393756{margin-top: 60px !important;border-right-width: 60px !important;border-left-width: 60px !important;background-color: #f9f9f9 !important;border-left-color: #ffffff !important;border-left-style: solid !important;border-right-color: #ffffff !important;border-right-style: solid !important;}&#8221; el_id=&#8221;nd_options_home_7_tab_section&#8221;][vc_column css=&#8221;.vc_custom_1518713947748{padding-top: 115px !important;padding-bottom: 85px !important;}&#8221;][vc_tta_tabs style=&#8221;outline&#8221; shape=&#8221;square&#8221; color=&#8221;black&#8221; spacing=&#8221;&#8221; alignment=&#8221;center&#8221; active_section=&#8221;1&#8243; no_fill_content_area=&#8221;true&#8221; el_id=&#8221;nd_options_home_7_custom_tab&#8221;][vc_tta_section title=&#8221;Villas&#8221; tab_id=&#8221;1518621114670-0c337218-c49a&#8221;][vc_row_inner css=&#8221;.vc_custom_1743689019806{margin-top: 15px !important;background-image: url(https:\/\/www.villapedra.com\/wp-content\/uploads\/2025\/04\/462186607_940880414735971_2183455605991375398_n.jpg?id=8807) !important;background-position: center !important;background-repeat: no-repeat !important;background-size: cover !important;}&#8221;][vc_column_inner el_class=&#8221;nd_options_tab_left_column&#8221; width=&#8221;1\/3&#8243; css=&#8221;.vc_custom_1682006460579{margin-top: 30px !important;margin-bottom: 30px !important;margin-left: 30px !important;border-right-width: 15px !important;padding-top: 30px !important;padding-right: 30px !important;padding-bottom: 15px !important;padding-left: 30px !important;background-color: #998e8e !important;}&#8221;] <h5 style=\"color:#ffffff;padding:px;text-align:center;font-size:12px;line-height:12px;letter-spacing: 2px;font-weight:lighter\" class=\"   nd_options_second_font \">CONTACT<\/h5> <div style=\"background-color:;height: 10px\" class=\"nicdark_section  \"><\/div> <h2 style=\"color:#ffffff;padding:px;text-align:center;font-size:25px;line-height:25px;letter-spacing: px;font-weight:normal\" class=\"   nd_options_first_font \">Get In Touch<\/h2> [vc_column_text css=&#8221;.vc_custom_1743687099117{margin-top: 15px !important;margin-right: 15px !important;margin-bottom: 15px !important;margin-left: 15px !important;}&#8221;]<div class=\"frm_forms \" id=\"frm_form_2_container\" >\n<form enctype=\"multipart\/form-data\" method=\"post\" class=\"frm-show-form \" id=\"form_contact-form7caa64c657\" >\n<div class=\"frm_form_fields \">\n<fieldset>\n<legend class=\"frm_screen_reader\">Contactos-en<\/legend>\r\n\r\n<div class=\"frm_fields_container\">\n<input type=\"hidden\" name=\"frm_action\" value=\"create\" \/>\n<input type=\"hidden\" name=\"form_id\" value=\"2\" \/>\n<input type=\"hidden\" name=\"frm_hide_fields_2\" id=\"frm_hide_fields_2\" value=\"\" \/>\n<input type=\"hidden\" name=\"form_key\" value=\"contact-form7caa64c657\" \/>\n<input type=\"hidden\" name=\"item_meta[0]\" value=\"\" \/>\n<input type=\"hidden\" id=\"frm_submit_entry_2\" name=\"frm_submit_entry_2\" value=\"59074a8879\" \/><input type=\"hidden\" name=\"_wp_http_referer\" value=\"\/en\/wp-json\/wp\/v2\/pages\/2465\" \/><div id=\"frm_field_8_container\" class=\"frm_form_field form-field  frm_required_field frm_top_container frm12\">\r\n    <label for=\"field_qh4icyac9816eab6\" id=\"field_qh4icyac9816eab6_label\" class=\"frm_primary_label\">Name\r\n        <span class=\"frm_required\">*<\/span>\r\n    <\/label>\r\n    <input type=\"text\" id=\"field_qh4icyac9816eab6\" name=\"item_meta[8]\" value=\"\"  data-reqmsg=\"Name cannot be blank.\" aria-required=\"true\" data-invmsg=\"Name is invalid\" aria-invalid=\"false\"  \/>\r\n    \r\n    \r\n<\/div>\n<div id=\"frm_field_9_container\" class=\"frm_form_field form-field  frm_required_field frm_top_container frm_half\">\r\n    <label for=\"field_29yf4df17e491fdf\" id=\"field_29yf4df17e491fdf_label\" class=\"frm_primary_label\">Email\r\n        <span class=\"frm_required\">*<\/span>\r\n    <\/label>\r\n    <input type=\"email\" id=\"field_29yf4df17e491fdf\" name=\"item_meta[9]\" value=\"\"  data-reqmsg=\"Email cannot be blank.\" aria-required=\"true\" data-invmsg=\"Please enter a valid email address\" aria-invalid=\"false\"  \/>\r\n    \r\n    \r\n<\/div>\n<div id=\"frm_field_14_container\" class=\"frm_form_field form-field  frm_required_field frm_top_container frm_half\">\r\n    <label for=\"field_pt2mj\" id=\"field_pt2mj_label\" class=\"frm_primary_label\">Phone\r\n        <span class=\"frm_required\">*<\/span>\r\n    <\/label>\r\n    <input type=\"tel\" id=\"field_pt2mj\" name=\"item_meta[14]\" value=\"\"  data-reqmsg=\"Phone cannot be blank.\" aria-required=\"true\" data-invmsg=\"Phone is invalid\" aria-invalid=\"false\" pattern=\"((\\+\\d{1,3}(-|.| )?\\(?\\d\\)?(-| |.)?\\d{1,5})|(\\(?\\d{2,6}\\)?))(-|.| )?(\\d{3,4})(-|.| )?(\\d{4})(( x| ext)\\d{1,5}){0,1}$\"  \/>\r\n    \r\n    \r\n<\/div>\n<div id=\"frm_field_10_container\" class=\"frm_form_field form-field  frm_required_field frm_top_container frm_full\">\r\n    <label for=\"field_9jv0r1be713770c4\" id=\"field_9jv0r1be713770c4_label\" class=\"frm_primary_label\">Message\r\n        <span class=\"frm_required\">*<\/span>\r\n    <\/label>\r\n    <textarea name=\"item_meta[10]\" id=\"field_9jv0r1be713770c4\" rows=\"5\"  data-reqmsg=\"Message cannot be blank.\" aria-required=\"true\" data-invmsg=\"Message is invalid\" aria-invalid=\"false\"  ><\/textarea>\r\n    \r\n    \r\n<\/div>\n<div id=\"frm_field_12_container\" class=\"frm_form_field form-field  frm_required_field frm_top_container vertical_radio\">\r\n    <div  id=\"field_g7n4r_label\" class=\"frm_primary_label\">\r\n        <span class=\"frm_required\">*<\/span>\r\n    <\/div>\r\n    <div class=\"frm_opt_container\" aria-labelledby=\"field_g7n4r_label\" role=\"group\">\t\t<div class=\"frm_checkbox\" id=\"frm_checkbox_12-0\">\t\t\t<label  for=\"field_g7n4r-0\">\n\t\t\t<input type=\"checkbox\" name=\"item_meta[12][]\" id=\"field_g7n4r-0\" value=\"I agree with the Privacy Policy\"  data-reqmsg=\"This field cannot be blank.\" data-invmsg=\"This field is invalid\"   aria-required=\"true\"  \/> I agree with the Privacy Policy<\/label><\/div>\n<\/div>\r\n    \r\n    \r\n<\/div>\n<div id=\"frm_field_25_container\" class=\"frm_form_field form-field \">\n\t<div class=\"frm_submit\">\r\n\r\n<button class=\"frm_button_submit\" type=\"submit\"  >Submit<\/button>\r\n\r\n<\/div>\n<\/div>\n\t<input type=\"hidden\" name=\"item_key\" value=\"\" \/>\n\t\t\t<div id=\"frm_field_26_container\">\n\t\t\t<label for=\"field_akg4j\" >\n\t\t\t\tIf you are human, leave this field blank.\t\t\t<\/label>\n\t\t\t<input  id=\"field_akg4j\" type=\"text\" class=\"frm_form_field form-field frm_verify\" name=\"item_meta[26]\" value=\"\"  \/>\n\t\t<\/div>\n\t\t<input name=\"frm_state\" type=\"hidden\" value=\"NPH0onfvepxxCSAL5RX\/feBn4g7vGCd8JAldt8J0h\/8=\" \/><\/div>\n<\/fieldset>\n<\/div>\n\n<\/form>\n<\/div>\n[\/vc_column_text]<div style=\"background-color:;height: 20px\" class=\"nicdark_section  \"><\/div>[\/vc_column_inner][\/vc_row_inner][\/vc_tta_section][\/vc_tta_tabs][\/vc_column][\/vc_row][vc_row][vc_column width=&#8221;1\/3&#8243;][vc_column_text][\/vc_column_text][\/vc_column][vc_column width=&#8221;1\/3&#8243;]<div style=\"background-color:;height: 15px\" class=\"nicdark_section  \"><\/div><div style=\"background-color:;height: 15px\" class=\"nicdark_section  \"><\/div>[\/vc_column][vc_column width=&#8221;1\/3&#8243;][\/vc_column][\/vc_row][vc_row disable_element=&#8221;yes&#8221; css=&#8221;.vc_custom_1603803259824{margin-top: 70px !important;}&#8221;][vc_column] <h6 style=\"color:#878787;padding:px;text-align:center;font-size:12px;line-height:12px;letter-spacing: 2px;font-weight:lighter\" class=\"   nd_options_second_font \">BLOG<\/h6> <div style=\"background-color:;height: 10px\" class=\"nicdark_section  \"><\/div>\n    <div class=\"nd_options_section nd_options_line_height_0  nd_options_text_align_center \">\n        <span style=\"height:1px;width:30px;background-color:#878787\" class=\"nd_options_display_inline_block\"><\/span>\n    <\/div>\n   <div style=\"background-color:;height: 30px\" class=\"nicdark_section  \"><\/div> <h1 style=\"color:#727475;padding:px;text-align:center;font-size:55px;line-height:px;letter-spacing: px;font-weight:normal\" class=\"  nd_options_font_size_40_important_all_iphone nd_options_line_height_40_important_all_iphone nd_options_first_font \">Our News<\/h1> [\/vc_column][\/vc_row][vc_row disable_element=&#8221;yes&#8221; css=&#8221;.vc_custom_1603803292527{margin-top: 45px !important;margin-bottom: 45px !important;}&#8221;][vc_column css=&#8221;.vc_custom_1485339930345{padding: 0px !important;}&#8221;]<!--START MASONRY--><div class=\"nd_options_section nd_options_masonry_content nd_options_home_7_pg \"><\/div><!--CLOSE MASONRY-->[\/vc_column][\/vc_row][vc_row][vc_column][vc_column_text][\/vc_column_text][\/vc_column][\/vc_row]<\/p>\n<\/div>","protected":false},"excerpt":{"rendered":"<p>[vc_row full_width=&#8221;stretch_row&#8221; css=&#8221;.vc_custom_1769170627560{padding-top: 200px !important;padding-bottom: 200px !important;background-image: url(https:\/\/www.villapedra.com\/wp-content\/uploads\/2026\/01\/20260119_102416-1-scaled.jpg?id=9163) !important;background-position: center !important;background-repeat: no-repeat !important;background-size: cover !important;}&#8221;][vc_column offset=&#8221;vc_col-md-12 vc_col-xs-12&#8243;][vc_empty_space height=&#8221;70px&#8221;][vc_separator color=&#8221;white&#8221; el_width=&#8221;10&#8243; css=&#8221;.vc_custom_1743686067464{margin-bottom: 20px !important;}&#8221;][vc_empty_space height=&#8221;100px&#8221;][vc_row_inner][vc_column_inner width=&#8221;1\/4&#8243;][\/vc_column_inner][vc_column_inner width=&#8221;1\/4&#8243;][\/vc_column_inner][vc_column_inner width=&#8221;1\/4&#8243;][\/vc_column_inner][vc_column_inner width=&#8221;1\/4&#8243;][\/vc_column_inner][\/vc_row_inner][\/vc_column][\/vc_row][vc_row full_width=&#8221;stretch_row_content_no_spaces&#8221; disable_element=&#8221;yes&#8221;][vc_column][vc_row_inner el_id=&#8221;nd_shortcode_slider_text_home_7&#8243; css=&#8221;.vc_custom_1519034697403{padding-top: 20px !important;padding-right: 60px !important;padding-bottom: 20px !important;padding-left: 60px !important;}&#8221;][vc_column_inner width=&#8221;1\/2&#8243;][\/vc_column_inner][vc_column_inner width=&#8221;1\/2&#8243;][\/vc_column_inner][\/vc_row_inner][\/vc_column][\/vc_row][vc_row][vc_column][vc_empty_space][\/vc_column][\/vc_row][vc_row][vc_column][vc_video link=&#8221;https:\/\/www.youtube.com\/watch?v=3ZwraWJv0rg&#8221; css=&#8221;&#8221;][vc_empty_space][\/vc_column][\/vc_row][vc_row][vc_column][\/vc_column][\/vc_row][vc_row][vc_column][\/vc_column][\/vc_row][vc_row][vc_column offset=&#8221;vc_hidden-sm&#8221;][vc_row_inner][vc_column_inner width=&#8221;1\/3&#8243;][vc_single_image image=&#8221;9094&#8243; img_size=&#8221;large&#8221; alignment=&#8221;center&#8221; onclick=&#8221;custom_link&#8221; css=&#8221;&#8221; link=&#8221;\/en\/villas\/cherry-tree-villa\/&#8221; el_class=&#8221;villas_imagens&#8221;][\/vc_column_inner][vc_column_inner width=&#8221;1\/3&#8243;][vc_single_image image=&#8221;9159&#8243; [&hellip;]<\/p>\n","protected":false},"author":1,"featured_media":0,"parent":0,"menu_order":0,"comment_status":"closed","ping_status":"closed","template":"","meta":{"footnotes":""},"class_list":["post-2465","page","type-page","status-publish","hentry"],"yoast_head":"<!-- This site is optimized with the Yoast SEO plugin v27.4 - https:\/\/yoast.com\/product\/yoast-seo-wordpress\/ -->\n<title>- Villa Pedra<\/title>\n<meta name=\"robots\" content=\"index, follow, max-snippet:-1, max-image-preview:large, max-video-preview:-1\" \/>\n<link rel=\"canonical\" href=\"https:\/\/www.villapedra.com\/en\/\" \/>\n<meta property=\"og:locale\" content=\"en_US\" \/>\n<meta property=\"og:type\" content=\"article\" \/>\n<meta property=\"og:title\" content=\"- Villa Pedra\" \/>\n<meta property=\"og:description\" content=\"[vc_row full_width=&#8221;stretch_row&#8221; css=&#8221;.vc_custom_1769170627560{padding-top: 200px !important;padding-bottom: 200px !important;background-image: url(https:\/\/www.villapedra.com\/wp-content\/uploads\/2026\/01\/20260119_102416-1-scaled.jpg?id=9163) !important;background-position: center !important;background-repeat: no-repeat !important;background-size: cover !important;}&#8221;][vc_column offset=&#8221;vc_col-md-12 vc_col-xs-12&#8243;][vc_empty_space height=&#8221;70px&#8221;][vc_separator color=&#8221;white&#8221; el_width=&#8221;10&#8243; css=&#8221;.vc_custom_1743686067464{margin-bottom: 20px !important;}&#8221;][vc_empty_space height=&#8221;100px&#8221;][vc_row_inner][vc_column_inner width=&#8221;1\/4&#8243;][\/vc_column_inner][vc_column_inner width=&#8221;1\/4&#8243;][\/vc_column_inner][vc_column_inner width=&#8221;1\/4&#8243;][\/vc_column_inner][vc_column_inner width=&#8221;1\/4&#8243;][\/vc_column_inner][\/vc_row_inner][\/vc_column][\/vc_row][vc_row full_width=&#8221;stretch_row_content_no_spaces&#8221; disable_element=&#8221;yes&#8221;][vc_column][vc_row_inner el_id=&#8221;nd_shortcode_slider_text_home_7&#8243; css=&#8221;.vc_custom_1519034697403{padding-top: 20px !important;padding-right: 60px !important;padding-bottom: 20px !important;padding-left: 60px !important;}&#8221;][vc_column_inner width=&#8221;1\/2&#8243;][\/vc_column_inner][vc_column_inner width=&#8221;1\/2&#8243;][\/vc_column_inner][\/vc_row_inner][\/vc_column][\/vc_row][vc_row][vc_column][vc_empty_space][\/vc_column][\/vc_row][vc_row][vc_column][vc_video link=&#8221;https:\/\/www.youtube.com\/watch?v=3ZwraWJv0rg&#8221; css=&#8221;&#8221;][vc_empty_space][\/vc_column][\/vc_row][vc_row][vc_column][\/vc_column][\/vc_row][vc_row][vc_column][\/vc_column][\/vc_row][vc_row][vc_column offset=&#8221;vc_hidden-sm&#8221;][vc_row_inner][vc_column_inner width=&#8221;1\/3&#8243;][vc_single_image image=&#8221;9094&#8243; img_size=&#8221;large&#8221; alignment=&#8221;center&#8221; onclick=&#8221;custom_link&#8221; css=&#8221;&#8221; link=&#8221;\/en\/villas\/cherry-tree-villa\/&#8221; el_class=&#8221;villas_imagens&#8221;][\/vc_column_inner][vc_column_inner width=&#8221;1\/3&#8243;][vc_single_image image=&#8221;9159&#8243; [&hellip;]\" \/>\n<meta property=\"og:url\" content=\"https:\/\/www.villapedra.com\/en\/\" \/>\n<meta property=\"og:site_name\" content=\"Villa Pedra\" \/>\n<meta property=\"article:modified_time\" content=\"2026-01-26T12:37:58+00:00\" \/>\n<meta property=\"og:image\" content=\"https:\/\/www.villapedra.com\/wp-content\/uploads\/2020\/10\/logotype.png\" \/>\n\t<meta property=\"og:image:width\" content=\"222\" \/>\n\t<meta property=\"og:image:height\" content=\"38\" \/>\n\t<meta property=\"og:image:type\" content=\"image\/png\" \/>\n<meta name=\"twitter:card\" content=\"summary_large_image\" \/>\n<meta name=\"twitter:label1\" content=\"Est. reading time\" \/>\n\t<meta name=\"twitter:data1\" content=\"6 minutes\" \/>\n<script type=\"application\/ld+json\" class=\"yoast-schema-graph\">{\"@context\":\"https:\\\/\\\/schema.org\",\"@graph\":[{\"@type\":\"WebPage\",\"@id\":\"https:\\\/\\\/www.villapedra.com\\\/en\\\/\",\"url\":\"https:\\\/\\\/www.villapedra.com\\\/en\\\/\",\"name\":\"- Villa Pedra\",\"isPartOf\":{\"@id\":\"http:\\\/\\\/www.villapedra.com\\\/#website\"},\"datePublished\":\"2018-02-19T09:54:56+00:00\",\"dateModified\":\"2026-01-26T12:37:58+00:00\",\"inLanguage\":\"en-US\",\"potentialAction\":[{\"@type\":\"ReadAction\",\"target\":[\"https:\\\/\\\/www.villapedra.com\\\/en\\\/\"]}]},{\"@type\":\"WebSite\",\"@id\":\"http:\\\/\\\/www.villapedra.com\\\/#website\",\"url\":\"http:\\\/\\\/www.villapedra.com\\\/\",\"name\":\"Villa Pedra\",\"description\":\"Natural Houses\",\"publisher\":{\"@id\":\"http:\\\/\\\/www.villapedra.com\\\/#organization\"},\"potentialAction\":[{\"@type\":\"SearchAction\",\"target\":{\"@type\":\"EntryPoint\",\"urlTemplate\":\"http:\\\/\\\/www.villapedra.com\\\/?s={search_term_string}\"},\"query-input\":{\"@type\":\"PropertyValueSpecification\",\"valueRequired\":true,\"valueName\":\"search_term_string\"}}],\"inLanguage\":\"en-US\"},{\"@type\":\"Organization\",\"@id\":\"http:\\\/\\\/www.villapedra.com\\\/#organization\",\"name\":\"Villa Pedra\",\"url\":\"http:\\\/\\\/www.villapedra.com\\\/\",\"logo\":{\"@type\":\"ImageObject\",\"inLanguage\":\"en-US\",\"@id\":\"http:\\\/\\\/www.villapedra.com\\\/#\\\/schema\\\/logo\\\/image\\\/\",\"url\":\"https:\\\/\\\/www.villapedra.com\\\/wp-content\\\/uploads\\\/2020\\\/10\\\/logotype.png\",\"contentUrl\":\"https:\\\/\\\/www.villapedra.com\\\/wp-content\\\/uploads\\\/2020\\\/10\\\/logotype.png\",\"width\":222,\"height\":38,\"caption\":\"Villa Pedra\"},\"image\":{\"@id\":\"http:\\\/\\\/www.villapedra.com\\\/#\\\/schema\\\/logo\\\/image\\\/\"}}]}<\/script>\n<!-- \/ Yoast SEO plugin. -->","yoast_head_json":{"title":"- Villa Pedra","robots":{"index":"index","follow":"follow","max-snippet":"max-snippet:-1","max-image-preview":"max-image-preview:large","max-video-preview":"max-video-preview:-1"},"canonical":"https:\/\/www.villapedra.com\/en\/","og_locale":"en_US","og_type":"article","og_title":"- Villa Pedra","og_description":"[vc_row full_width=&#8221;stretch_row&#8221; css=&#8221;.vc_custom_1769170627560{padding-top: 200px !important;padding-bottom: 200px !important;background-image: url(https:\/\/www.villapedra.com\/wp-content\/uploads\/2026\/01\/20260119_102416-1-scaled.jpg?id=9163) !important;background-position: center !important;background-repeat: no-repeat !important;background-size: cover !important;}&#8221;][vc_column offset=&#8221;vc_col-md-12 vc_col-xs-12&#8243;][vc_empty_space height=&#8221;70px&#8221;][vc_separator color=&#8221;white&#8221; el_width=&#8221;10&#8243; css=&#8221;.vc_custom_1743686067464{margin-bottom: 20px !important;}&#8221;][vc_empty_space height=&#8221;100px&#8221;][vc_row_inner][vc_column_inner width=&#8221;1\/4&#8243;][\/vc_column_inner][vc_column_inner width=&#8221;1\/4&#8243;][\/vc_column_inner][vc_column_inner width=&#8221;1\/4&#8243;][\/vc_column_inner][vc_column_inner width=&#8221;1\/4&#8243;][\/vc_column_inner][\/vc_row_inner][\/vc_column][\/vc_row][vc_row full_width=&#8221;stretch_row_content_no_spaces&#8221; disable_element=&#8221;yes&#8221;][vc_column][vc_row_inner el_id=&#8221;nd_shortcode_slider_text_home_7&#8243; css=&#8221;.vc_custom_1519034697403{padding-top: 20px !important;padding-right: 60px !important;padding-bottom: 20px !important;padding-left: 60px !important;}&#8221;][vc_column_inner width=&#8221;1\/2&#8243;][\/vc_column_inner][vc_column_inner width=&#8221;1\/2&#8243;][\/vc_column_inner][\/vc_row_inner][\/vc_column][\/vc_row][vc_row][vc_column][vc_empty_space][\/vc_column][\/vc_row][vc_row][vc_column][vc_video link=&#8221;https:\/\/www.youtube.com\/watch?v=3ZwraWJv0rg&#8221; css=&#8221;&#8221;][vc_empty_space][\/vc_column][\/vc_row][vc_row][vc_column][\/vc_column][\/vc_row][vc_row][vc_column][\/vc_column][\/vc_row][vc_row][vc_column offset=&#8221;vc_hidden-sm&#8221;][vc_row_inner][vc_column_inner width=&#8221;1\/3&#8243;][vc_single_image image=&#8221;9094&#8243; img_size=&#8221;large&#8221; alignment=&#8221;center&#8221; onclick=&#8221;custom_link&#8221; css=&#8221;&#8221; link=&#8221;\/en\/villas\/cherry-tree-villa\/&#8221; el_class=&#8221;villas_imagens&#8221;][\/vc_column_inner][vc_column_inner width=&#8221;1\/3&#8243;][vc_single_image image=&#8221;9159&#8243; [&hellip;]","og_url":"https:\/\/www.villapedra.com\/en\/","og_site_name":"Villa Pedra","article_modified_time":"2026-01-26T12:37:58+00:00","og_image":[{"width":222,"height":38,"url":"https:\/\/www.villapedra.com\/wp-content\/uploads\/2020\/10\/logotype.png","type":"image\/png"}],"twitter_card":"summary_large_image","twitter_misc":{"Est. reading time":"6 minutes"},"schema":{"@context":"https:\/\/schema.org","@graph":[{"@type":"WebPage","@id":"https:\/\/www.villapedra.com\/en\/","url":"https:\/\/www.villapedra.com\/en\/","name":"- Villa Pedra","isPartOf":{"@id":"https:\/\/www.villapedra.com\/#website"},"datePublished":"2018-02-19T09:54:56+00:00","dateModified":"2026-01-26T12:37:58+00:00","inLanguage":"en-US","potentialAction":[{"@type":"ReadAction","target":["https:\/\/www.villapedra.com\/en\/"]}]},{"@type":"WebSite","@id":"https:\/\/www.villapedra.com\/#website","url":"https:\/\/www.villapedra.com\/","name":"Villa Pedra","description":"Natural Houses","publisher":{"@id":"https:\/\/www.villapedra.com\/#organization"},"potentialAction":[{"@type":"SearchAction","target":{"@type":"EntryPoint","urlTemplate":"https:\/\/www.villapedra.com\/?s={search_term_string}"},"query-input":{"@type":"PropertyValueSpecification","valueRequired":true,"valueName":"search_term_string"}}],"inLanguage":"en-US"},{"@type":"Organization","@id":"https:\/\/www.villapedra.com\/#organization","name":"Villa Pedra","url":"https:\/\/www.villapedra.com\/","logo":{"@type":"ImageObject","inLanguage":"en-US","@id":"https:\/\/www.villapedra.com\/#\/schema\/logo\/image\/","url":"https:\/\/www.villapedra.com\/wp-content\/uploads\/2020\/10\/logotype.png","contentUrl":"https:\/\/www.villapedra.com\/wp-content\/uploads\/2020\/10\/logotype.png","width":222,"height":38,"caption":"Villa Pedra"},"image":{"@id":"https:\/\/www.villapedra.com\/#\/schema\/logo\/image\/"}}]}},"_links":{"self":[{"href":"https:\/\/www.villapedra.com\/en\/wp-json\/wp\/v2\/pages\/2465","targetHints":{"allow":["GET"]}}],"collection":[{"href":"https:\/\/www.villapedra.com\/en\/wp-json\/wp\/v2\/pages"}],"about":[{"href":"https:\/\/www.villapedra.com\/en\/wp-json\/wp\/v2\/types\/page"}],"author":[{"embeddable":true,"href":"https:\/\/www.villapedra.com\/en\/wp-json\/wp\/v2\/users\/1"}],"replies":[{"embeddable":true,"href":"https:\/\/www.villapedra.com\/en\/wp-json\/wp\/v2\/comments?post=2465"}],"version-history":[{"count":5,"href":"https:\/\/www.villapedra.com\/en\/wp-json\/wp\/v2\/pages\/2465\/revisions"}],"predecessor-version":[{"id":9554,"href":"https:\/\/www.villapedra.com\/en\/wp-json\/wp\/v2\/pages\/2465\/revisions\/9554"}],"wp:attachment":[{"href":"https:\/\/www.villapedra.com\/en\/wp-json\/wp\/v2\/media?parent=2465"}],"curies":[{"name":"wp","href":"https:\/\/api.w.org\/{rel}","templated":true}]}}